{"id":119,"date":"2023-10-19T10:31:52","date_gmt":"2023-10-19T08:31:52","guid":{"rendered":"https:\/\/lab.germinalbrandonlove.com\/olimpiadas\/?page_id=119"},"modified":"2023-11-28T19:36:54","modified_gmt":"2023-11-28T18:36:54","slug":"conoce-las-olimpiadas","status":"publish","type":"page","link":"https:\/\/olimpiadasrm.fseneca.es\/?page_id=119","title":{"rendered":"Conoce las Olimpiadas"},"content":{"rendered":"\t\t<div data-elementor-type=\"wp-page\" data-elementor-id=\"119\" class=\"elementor elementor-119\" data-elementor-post-type=\"page\">\n\t\t\t\t\t\t<section class=\"elementor-section elementor-top-section elementor-element elementor-element-e7e612c elementor-section-boxed elementor-section-height-default elementor-section-height-default\" data-id=\"e7e612c\" data-element_type=\"section\" data-settings=\"{&quot;background_background&quot;:&quot;classic&quot;}\">\n\t\t\t\t\t\t<div class=\"elementor-container elementor-column-gap-no\">\n\t\t\t\t\t<div class=\"elementor-column elementor-col-100 elementor-top-column elementor-element elementor-element-ee46464\" data-id=\"ee46464\" data-element_type=\"column\">\n\t\t\t<div class=\"elementor-widget-wrap elementor-element-populated\">\n\t\t\t\t\t\t<section class=\"elementor-section elementor-inner-section elementor-element elementor-element-276a8d8 elementor-section-boxed elementor-section-height-default elementor-section-height-default\" data-id=\"276a8d8\" data-element_type=\"section\">\n\t\t\t\t\t\t<div class=\"elementor-container elementor-column-gap-default\">\n\t\t\t\t\t<div class=\"elementor-column elementor-col-50 elementor-inner-column elementor-element elementor-element-c81c65e\" data-id=\"c81c65e\" data-element_type=\"column\">\n\t\t\t<div class=\"elementor-widget-wrap elementor-element-populated\">\n\t\t\t\t\t\t<div class=\"elementor-element elementor-element-562beb0 elementor-widget elementor-widget-image\" data-id=\"562beb0\" data-element_type=\"widget\" data-widget_type=\"image.default\">\n\t\t\t\t<div class=\"elementor-widget-container\">\n\t\t\t\t\t\t\t\t\t\t\t\t\t<img fetchpriority=\"high\" decoding=\"async\" width=\"683\" height=\"318\" src=\"https:\/\/olimpiadasrm.fseneca.es\/wp-content\/uploads\/verde-ico-about.png\" class=\"attachment-large size-large wp-image-130\" alt=\"\" srcset=\"https:\/\/olimpiadasrm.fseneca.es\/wp-content\/uploads\/verde-ico-about.png 683w, https:\/\/olimpiadasrm.fseneca.es\/wp-content\/uploads\/verde-ico-about-600x279.png 600w\" sizes=\"(max-width: 683px) 100vw, 683px\" \/>\t\t\t\t\t\t\t\t\t\t\t\t\t<\/div>\n\t\t\t\t<\/div>\n\t\t\t\t\t<\/div>\n\t\t<\/div>\n\t\t\t\t<div class=\"elementor-column elementor-col-50 elementor-inner-column elementor-element elementor-element-059f75d\" data-id=\"059f75d\" data-element_type=\"column\">\n\t\t\t<div class=\"elementor-widget-wrap elementor-element-populated\">\n\t\t\t\t\t\t<div class=\"elementor-element elementor-element-675bb85 elementor-widget elementor-widget-heading\" data-id=\"675bb85\" data-element_type=\"widget\" data-widget_type=\"heading.default\">\n\t\t\t\t<div class=\"elementor-widget-container\">\n\t\t\t<h2 class=\"elementor-heading-title elementor-size-default\">OLIMPIADAS CIENT\u00cdFICAS DE LA REGI\u00d3N DE MURCIA,<\/h2>\t\t<\/div>\n\t\t\t\t<\/div>\n\t\t\t\t<div class=\"elementor-element elementor-element-8de0d0d elementor-widget elementor-widget-heading\" data-id=\"8de0d0d\" data-element_type=\"widget\" data-widget_type=\"heading.default\">\n\t\t\t\t<div class=\"elementor-widget-container\">\n\t\t\t<h2 class=\"elementor-heading-title elementor-size-default\">Bienvenidos <br>\nal futuro<\/h2>\t\t<\/div>\n\t\t\t\t<\/div>\n\t\t\t\t\t<\/div>\n\t\t<\/div>\n\t\t\t\t\t<\/div>\n\t\t<\/section>\n\t\t\t\t<section class=\"elementor-section elementor-inner-section elementor-element elementor-element-b15cf84 elementor-section-boxed elementor-section-height-default elementor-section-height-default\" data-id=\"b15cf84\" data-element_type=\"section\">\n\t\t\t\t\t\t<div class=\"elementor-container elementor-column-gap-default\">\n\t\t\t\t\t<div class=\"elementor-column elementor-col-100 elementor-inner-column elementor-element elementor-element-68100f7\" data-id=\"68100f7\" data-element_type=\"column\">\n\t\t\t<div class=\"elementor-widget-wrap elementor-element-populated\">\n\t\t\t\t\t\t<div class=\"elementor-element elementor-element-de17e4d elementor-widget elementor-widget-image\" data-id=\"de17e4d\" data-element_type=\"widget\" data-widget_type=\"image.default\">\n\t\t\t\t<div class=\"elementor-widget-container\">\n\t\t\t\t\t\t\t\t\t\t\t\t\t<img decoding=\"async\" width=\"1567\" height=\"1338\" src=\"https:\/\/olimpiadasrm.fseneca.es\/wp-content\/uploads\/about-top.png\" class=\"attachment-large size-large wp-image-131\" alt=\"\" srcset=\"https:\/\/olimpiadasrm.fseneca.es\/wp-content\/uploads\/about-top.png 1567w, https:\/\/olimpiadasrm.fseneca.es\/wp-content\/uploads\/about-top-600x512.png 600w, https:\/\/olimpiadasrm.fseneca.es\/wp-content\/uploads\/about-top-768x656.png 768w, https:\/\/olimpiadasrm.fseneca.es\/wp-content\/uploads\/about-top-1536x1312.png 1536w\" sizes=\"(max-width: 1567px) 100vw, 1567px\" \/>\t\t\t\t\t\t\t\t\t\t\t\t\t<\/div>\n\t\t\t\t<\/div>\n\t\t\t\t\t<\/div>\n\t\t<\/div>\n\t\t\t\t\t<\/div>\n\t\t<\/section>\n\t\t\t\t\t<\/div>\n\t\t<\/div>\n\t\t\t\t\t<\/div>\n\t\t<\/section>\n\t\t\t\t<section class=\"elementor-section elementor-top-section elementor-element elementor-element-c45ba09 elementor-section-boxed elementor-section-height-default elementor-section-height-default\" data-id=\"c45ba09\" data-element_type=\"section\" data-settings=\"{&quot;background_background&quot;:&quot;classic&quot;}\">\n\t\t\t\t\t\t<div class=\"elementor-container elementor-column-gap-default\">\n\t\t\t\t\t<div class=\"elementor-column elementor-col-100 elementor-top-column elementor-element elementor-element-d6ec264 frame-gray\" data-id=\"d6ec264\" data-element_type=\"column\" data-settings=\"{&quot;background_background&quot;:&quot;classic&quot;}\">\n\t\t\t<div class=\"elementor-widget-wrap elementor-element-populated\">\n\t\t\t\t\t\t<div class=\"elementor-element elementor-element-413d9de elementor-widget elementor-widget-heading\" data-id=\"413d9de\" data-element_type=\"widget\" data-widget_type=\"heading.default\">\n\t\t\t\t<div class=\"elementor-widget-container\">\n\t\t\t<h2 class=\"elementor-heading-title elementor-size-default\">Objetivos de las Olimpiadas<\/h2>\t\t<\/div>\n\t\t\t\t<\/div>\n\t\t\t\t\t<\/div>\n\t\t<\/div>\n\t\t\t\t\t<\/div>\n\t\t<\/section>\n\t\t\t\t<section class=\"elementor-section elementor-top-section elementor-element elementor-element-d2d64d2 elementor-section-boxed elementor-section-height-default elementor-section-height-default\" data-id=\"d2d64d2\" data-element_type=\"section\">\n\t\t\t\t\t\t<div class=\"elementor-container elementor-column-gap-default\">\n\t\t\t\t\t<div class=\"elementor-column elementor-col-33 elementor-top-column elementor-element elementor-element-fe3abf6\" data-id=\"fe3abf6\" data-element_type=\"column\">\n\t\t\t<div class=\"elementor-widget-wrap elementor-element-populated\">\n\t\t\t\t\t\t<div class=\"elementor-element elementor-element-d0cd25f elementor-widget elementor-widget-image\" data-id=\"d0cd25f\" data-element_type=\"widget\" data-widget_type=\"image.default\">\n\t\t\t\t<div class=\"elementor-widget-container\">\n\t\t\t\t\t\t\t\t\t\t\t\t\t<img decoding=\"async\" width=\"551\" height=\"586\" src=\"https:\/\/olimpiadasrm.fseneca.es\/wp-content\/uploads\/promocionar-icono.png\" class=\"attachment-large size-large wp-image-129\" alt=\"\" \/>\t\t\t\t\t\t\t\t\t\t\t\t\t<\/div>\n\t\t\t\t<\/div>\n\t\t\t\t<div class=\"elementor-element elementor-element-6a8e2a8 elementor-widget elementor-widget-heading\" data-id=\"6a8e2a8\" data-element_type=\"widget\" data-widget_type=\"heading.default\">\n\t\t\t\t<div class=\"elementor-widget-container\">\n\t\t\t<h2 class=\"elementor-heading-title elementor-size-default\">Promocionar<\/h2>\t\t<\/div>\n\t\t\t\t<\/div>\n\t\t\t\t<div class=\"elementor-element elementor-element-11cd235 elementor-widget elementor-widget-text-editor\" data-id=\"11cd235\" data-element_type=\"widget\" data-widget_type=\"text-editor.default\">\n\t\t\t\t<div class=\"elementor-widget-container\">\n\t\t\t\t\t\t\t<p>El inter\u00e9s por el conocimiento cient\u00edfico con competiciones regionales y nacionales.<\/p>\t\t\t\t\t\t<\/div>\n\t\t\t\t<\/div>\n\t\t\t\t\t<\/div>\n\t\t<\/div>\n\t\t\t\t<div class=\"elementor-column elementor-col-33 elementor-top-column elementor-element elementor-element-11b818d\" data-id=\"11b818d\" data-element_type=\"column\">\n\t\t\t<div class=\"elementor-widget-wrap elementor-element-populated\">\n\t\t\t\t\t\t<div class=\"elementor-element elementor-element-09a18a1 elementor-widget elementor-widget-image\" data-id=\"09a18a1\" data-element_type=\"widget\" data-widget_type=\"image.default\">\n\t\t\t\t<div class=\"elementor-widget-container\">\n\t\t\t\t\t\t\t\t\t\t\t\t\t<img loading=\"lazy\" decoding=\"async\" width=\"595\" height=\"561\" src=\"https:\/\/olimpiadasrm.fseneca.es\/wp-content\/uploads\/destacar-ico.png\" class=\"attachment-large size-large wp-image-128\" alt=\"\" \/>\t\t\t\t\t\t\t\t\t\t\t\t\t<\/div>\n\t\t\t\t<\/div>\n\t\t\t\t<div class=\"elementor-element elementor-element-4278c0b elementor-widget elementor-widget-heading\" data-id=\"4278c0b\" data-element_type=\"widget\" data-widget_type=\"heading.default\">\n\t\t\t\t<div class=\"elementor-widget-container\">\n\t\t\t<h2 class=\"elementor-heading-title elementor-size-default\">DESTACAR<\/h2>\t\t<\/div>\n\t\t\t\t<\/div>\n\t\t\t\t<div class=\"elementor-element elementor-element-6cb94e4 elementor-widget elementor-widget-text-editor\" data-id=\"6cb94e4\" data-element_type=\"widget\" data-widget_type=\"text-editor.default\">\n\t\t\t\t<div class=\"elementor-widget-container\">\n\t\t\t\t\t\t\t<p>La importancia de las diversas ciencias y su contribuci\u00f3n al progreso y la divulgaci\u00f3n.<\/p>\t\t\t\t\t\t<\/div>\n\t\t\t\t<\/div>\n\t\t\t\t\t<\/div>\n\t\t<\/div>\n\t\t\t\t<div class=\"elementor-column elementor-col-33 elementor-top-column elementor-element elementor-element-820c6f5\" data-id=\"820c6f5\" data-element_type=\"column\">\n\t\t\t<div class=\"elementor-widget-wrap elementor-element-populated\">\n\t\t\t\t\t\t<div class=\"elementor-element elementor-element-6519971 elementor-widget elementor-widget-image\" data-id=\"6519971\" data-element_type=\"widget\" data-widget_type=\"image.default\">\n\t\t\t\t<div class=\"elementor-widget-container\">\n\t\t\t\t\t\t\t\t\t\t\t\t\t<img loading=\"lazy\" decoding=\"async\" width=\"581\" height=\"713\" src=\"https:\/\/olimpiadasrm.fseneca.es\/wp-content\/uploads\/detectar-icono.png\" class=\"attachment-large size-large wp-image-127\" alt=\"\" srcset=\"https:\/\/olimpiadasrm.fseneca.es\/wp-content\/uploads\/detectar-icono.png 581w, https:\/\/olimpiadasrm.fseneca.es\/wp-content\/uploads\/detectar-icono-489x600.png 489w\" sizes=\"(max-width: 581px) 100vw, 581px\" \/>\t\t\t\t\t\t\t\t\t\t\t\t\t<\/div>\n\t\t\t\t<\/div>\n\t\t\t\t<div class=\"elementor-element elementor-element-01d4b9c elementor-widget elementor-widget-heading\" data-id=\"01d4b9c\" data-element_type=\"widget\" data-widget_type=\"heading.default\">\n\t\t\t\t<div class=\"elementor-widget-container\">\n\t\t\t<h2 class=\"elementor-heading-title elementor-size-default\">DETECTAR<\/h2>\t\t<\/div>\n\t\t\t\t<\/div>\n\t\t\t\t<div class=\"elementor-element elementor-element-976357e elementor-widget elementor-widget-text-editor\" data-id=\"976357e\" data-element_type=\"widget\" data-widget_type=\"text-editor.default\">\n\t\t\t\t<div class=\"elementor-widget-container\">\n\t\t\t\t\t\t\t<p>Talentos precoces poniendo en juego sus habilidades, destrezas y aptitudes.<\/p>\t\t\t\t\t\t<\/div>\n\t\t\t\t<\/div>\n\t\t\t\t\t<\/div>\n\t\t<\/div>\n\t\t\t\t\t<\/div>\n\t\t<\/section>\n\t\t\t\t<section class=\"elementor-section elementor-top-section elementor-element elementor-element-09bf5bc elementor-section-boxed elementor-section-height-default elementor-section-height-default\" data-id=\"09bf5bc\" data-element_type=\"section\">\n\t\t\t\t\t\t<div class=\"elementor-container elementor-column-gap-default\">\n\t\t\t\t\t<div class=\"elementor-column elementor-col-33 elementor-top-column elementor-element elementor-element-041e7ae\" data-id=\"041e7ae\" data-element_type=\"column\">\n\t\t\t<div class=\"elementor-widget-wrap elementor-element-populated\">\n\t\t\t\t\t\t<div class=\"elementor-element elementor-element-8fb8770 elementor-widget elementor-widget-image\" data-id=\"8fb8770\" data-element_type=\"widget\" data-widget_type=\"image.default\">\n\t\t\t\t<div class=\"elementor-widget-container\">\n\t\t\t\t\t\t\t\t\t\t\t\t\t<img loading=\"lazy\" decoding=\"async\" width=\"511\" height=\"666\" src=\"https:\/\/olimpiadasrm.fseneca.es\/wp-content\/uploads\/animar-icono.png\" class=\"attachment-large size-large wp-image-126\" alt=\"\" srcset=\"https:\/\/olimpiadasrm.fseneca.es\/wp-content\/uploads\/animar-icono.png 511w, https:\/\/olimpiadasrm.fseneca.es\/wp-content\/uploads\/animar-icono-460x600.png 460w\" sizes=\"(max-width: 511px) 100vw, 511px\" \/>\t\t\t\t\t\t\t\t\t\t\t\t\t<\/div>\n\t\t\t\t<\/div>\n\t\t\t\t<div class=\"elementor-element elementor-element-69e36bc elementor-widget elementor-widget-heading\" data-id=\"69e36bc\" data-element_type=\"widget\" data-widget_type=\"heading.default\">\n\t\t\t\t<div class=\"elementor-widget-container\">\n\t\t\t<h2 class=\"elementor-heading-title elementor-size-default\">ANIMAR<\/h2>\t\t<\/div>\n\t\t\t\t<\/div>\n\t\t\t\t<div class=\"elementor-element elementor-element-de80cc7 elementor-widget elementor-widget-text-editor\" data-id=\"de80cc7\" data-element_type=\"widget\" data-widget_type=\"text-editor.default\">\n\t\t\t\t<div class=\"elementor-widget-container\">\n\t\t\t\t\t\t\t<p>Las vocaciones cient\u00edficas entre los alumnos y el estudio de carreras de este tipo.<\/p>\t\t\t\t\t\t<\/div>\n\t\t\t\t<\/div>\n\t\t\t\t\t<\/div>\n\t\t<\/div>\n\t\t\t\t<div class=\"elementor-column elementor-col-33 elementor-top-column elementor-element elementor-element-2eb2293\" data-id=\"2eb2293\" data-element_type=\"column\">\n\t\t\t<div class=\"elementor-widget-wrap elementor-element-populated\">\n\t\t\t\t\t\t<div class=\"elementor-element elementor-element-96aa3ac elementor-widget elementor-widget-image\" data-id=\"96aa3ac\" data-element_type=\"widget\" data-widget_type=\"image.default\">\n\t\t\t\t<div class=\"elementor-widget-container\">\n\t\t\t\t\t\t\t\t\t\t\t\t\t<img loading=\"lazy\" decoding=\"async\" width=\"624\" height=\"706\" src=\"https:\/\/olimpiadasrm.fseneca.es\/wp-content\/uploads\/premiar-icono.png\" class=\"attachment-large size-large wp-image-125\" alt=\"\" srcset=\"https:\/\/olimpiadasrm.fseneca.es\/wp-content\/uploads\/premiar-icono.png 624w, https:\/\/olimpiadasrm.fseneca.es\/wp-content\/uploads\/premiar-icono-530x600.png 530w\" sizes=\"(max-width: 624px) 100vw, 624px\" \/>\t\t\t\t\t\t\t\t\t\t\t\t\t<\/div>\n\t\t\t\t<\/div>\n\t\t\t\t<div class=\"elementor-element elementor-element-52370fd elementor-widget elementor-widget-heading\" data-id=\"52370fd\" data-element_type=\"widget\" data-widget_type=\"heading.default\">\n\t\t\t\t<div class=\"elementor-widget-container\">\n\t\t\t<h2 class=\"elementor-heading-title elementor-size-default\">PREMIAR<\/h2>\t\t<\/div>\n\t\t\t\t<\/div>\n\t\t\t\t<div class=\"elementor-element elementor-element-3e0a81f elementor-widget elementor-widget-text-editor\" data-id=\"3e0a81f\" data-element_type=\"widget\" data-widget_type=\"text-editor.default\">\n\t\t\t\t<div class=\"elementor-widget-container\">\n\t\t\t\t\t\t\t<p>La excelencia acad\u00e9mica y su esfuerzo, as\u00ed como el de profesores y centros educativos.<\/p>\t\t\t\t\t\t<\/div>\n\t\t\t\t<\/div>\n\t\t\t\t\t<\/div>\n\t\t<\/div>\n\t\t\t\t<div class=\"elementor-column elementor-col-33 elementor-top-column elementor-element elementor-element-3419b2b\" data-id=\"3419b2b\" data-element_type=\"column\">\n\t\t\t<div class=\"elementor-widget-wrap elementor-element-populated\">\n\t\t\t\t\t\t<div class=\"elementor-element elementor-element-25b48c5 elementor-widget elementor-widget-image\" data-id=\"25b48c5\" data-element_type=\"widget\" data-widget_type=\"image.default\">\n\t\t\t\t<div class=\"elementor-widget-container\">\n\t\t\t\t\t\t\t\t\t\t\t\t\t<img loading=\"lazy\" decoding=\"async\" width=\"638\" height=\"588\" src=\"https:\/\/olimpiadasrm.fseneca.es\/wp-content\/uploads\/propiciar-icono.png\" class=\"attachment-large size-large wp-image-124\" alt=\"\" srcset=\"https:\/\/olimpiadasrm.fseneca.es\/wp-content\/uploads\/propiciar-icono.png 638w, https:\/\/olimpiadasrm.fseneca.es\/wp-content\/uploads\/propiciar-icono-600x553.png 600w\" sizes=\"(max-width: 638px) 100vw, 638px\" \/>\t\t\t\t\t\t\t\t\t\t\t\t\t<\/div>\n\t\t\t\t<\/div>\n\t\t\t\t<div class=\"elementor-element elementor-element-9d631b1 elementor-widget elementor-widget-heading\" data-id=\"9d631b1\" data-element_type=\"widget\" data-widget_type=\"heading.default\">\n\t\t\t\t<div class=\"elementor-widget-container\">\n\t\t\t<h2 class=\"elementor-heading-title elementor-size-default\">PROPICIAR<\/h2>\t\t<\/div>\n\t\t\t\t<\/div>\n\t\t\t\t<div class=\"elementor-element elementor-element-5a58fdc elementor-widget elementor-widget-text-editor\" data-id=\"5a58fdc\" data-element_type=\"widget\" data-widget_type=\"text-editor.default\">\n\t\t\t\t<div class=\"elementor-widget-container\">\n\t\t\t\t\t\t\t<p>Mejora de la ense\u00f1anza de la ciencia en secundaria y contacto docente-investigador.<\/p>\t\t\t\t\t\t<\/div>\n\t\t\t\t<\/div>\n\t\t\t\t\t<\/div>\n\t\t<\/div>\n\t\t\t\t\t<\/div>\n\t\t<\/section>\n\t\t\t\t<section class=\"elementor-section elementor-top-section elementor-element elementor-element-67d89ac elementor-section-boxed elementor-section-height-default elementor-section-height-default\" data-id=\"67d89ac\" data-element_type=\"section\" data-settings=\"{&quot;background_background&quot;:&quot;classic&quot;}\">\n\t\t\t\t\t\t<div class=\"elementor-container elementor-column-gap-default\">\n\t\t\t\t\t<div class=\"elementor-column elementor-col-100 elementor-top-column elementor-element elementor-element-eb924f1 frame-gray\" data-id=\"eb924f1\" data-element_type=\"column\" data-settings=\"{&quot;background_background&quot;:&quot;classic&quot;}\">\n\t\t\t<div class=\"elementor-widget-wrap elementor-element-populated\">\n\t\t\t\t\t\t<div class=\"elementor-element elementor-element-e7b9f53 elementor-widget elementor-widget-heading\" data-id=\"e7b9f53\" data-element_type=\"widget\" data-widget_type=\"heading.default\">\n\t\t\t\t<div class=\"elementor-widget-container\">\n\t\t\t<h2 class=\"elementor-heading-title elementor-size-default\">\u00daltimas noticias<\/h2>\t\t<\/div>\n\t\t\t\t<\/div>\n\t\t\t\t\t<\/div>\n\t\t<\/div>\n\t\t\t\t\t<\/div>\n\t\t<\/section>\n\t\t\t\t<section class=\"elementor-section elementor-top-section elementor-element elementor-element-8b9f89b elementor-section-boxed elementor-section-height-default elementor-section-height-default\" data-id=\"8b9f89b\" data-element_type=\"section\">\n\t\t\t\t\t\t<div class=\"elementor-container elementor-column-gap-default\">\n\t\t\t\t\t<div class=\"elementor-column elementor-col-100 elementor-top-column elementor-element elementor-element-1573890\" data-id=\"1573890\" data-element_type=\"column\">\n\t\t\t<div class=\"elementor-widget-wrap elementor-element-populated\">\n\t\t\t\t\t\t<div class=\"elementor-element elementor-element-a7165fc elementor-widget elementor-widget-shortcode\" data-id=\"a7165fc\" data-element_type=\"widget\" data-widget_type=\"shortcode.default\">\n\t\t\t\t<div class=\"elementor-widget-container\">\n\t\t\t\t\t<div class=\"elementor-shortcode\"><div class=\"wrapper-loop-container\"><div class=\"wrapper-loop\"><div class=\"item-custom-loop\"><div class=\"thumb-item-custom-loop\" style=\"background-image: url();\"><div class=\"category-post\">General<\/div><div style=\"background:#d6d6d6;\" class=\"cover-post\"><\/div><\/div><div class=\"content-item-custom-loop\" style=\"background:#d6d6d6;\"><a href=\"https:\/\/olimpiadasrm.fseneca.es\/?p=6009\" title=\"Abierta la inscripci\u00f3n para las Olimpiadas Cient\u00edficas\"><h3 class=\"title-item-custom-loop\">Abierta la inscripci\u00f3n para las Olimpiadas Cient\u00edficas<\/h3><p class=\"excerpt-item-custom-loop\">En la convocatoria de la Cat\u00f3lica, con importantes premios, podr\u00e1n participar estudiantes de 1\u00ba y 2\u00ba de Bachillerato y FP Superior<\/p><button style=\"border-color:#d6d6d6; background:#d6d6d6;\">M\u00e1s<\/button><\/a><\/div><\/div><div class=\"item-custom-loop\"><div class=\"thumb-item-custom-loop\" style=\"background-image: url(https:\/\/olimpiadasrm.fseneca.es\/wp-content\/uploads\/23012023911031-1.jpg);\"><div class=\"category-post\">Ingenier\u00edas y Arquitectura<\/div><div style=\"background:#d84459;\" class=\"cover-post\"><\/div><\/div><div class=\"content-item-custom-loop\" style=\"background:#d84459;\"><a href=\"https:\/\/olimpiadasrm.fseneca.es\/?p=6004\" title=\"Inscripciones hasta el 2 de febrero para las olimpiadas regionales de Arquitectura y Agr\u00f3nomos\"><h3 class=\"title-item-custom-loop\">Inscripciones hasta el 2 de febrero para las olimpiadas regionales de Arquitectura y Agr\u00f3nomos<\/h3><p class=\"excerpt-item-custom-loop\">La Escuela de Arquitectura y Edificaci\u00f3n y la Escuela de Agr\u00f3nomos de la Universidad Polit\u00e9cnica de Cartagena han abierto inscripciones p<\/p><button style=\"border-color:#d84459; background:#d84459;\">M\u00e1s<\/button><\/a><\/div><\/div><div class=\"item-custom-loop\"><div class=\"thumb-item-custom-loop\" style=\"background-image: url(https:\/\/olimpiadasrm.fseneca.es\/wp-content\/uploads\/img_15014img_14936img_8773Olimpiadas_ETSIA_UPCT_2017.jpg);\"><div class=\"category-post\">Ingenier\u00edas y Arquitectura<\/div><div style=\"background:#d84459;\" class=\"cover-post\"><\/div><\/div><div class=\"content-item-custom-loop\" style=\"background:#d84459;\"><a href=\"https:\/\/olimpiadasrm.fseneca.es\/?p=6002\" title=\"150 estudiantes compiten este viernes en la XI Olimpiada Agroalimentaria\"><h3 class=\"title-item-custom-loop\">150 estudiantes compiten este viernes en la XI Olimpiada Agroalimentaria<\/h3><p class=\"excerpt-item-custom-loop\"><\/p><button style=\"border-color:#d84459; background:#d84459;\">M\u00e1s<\/button><\/a><\/div><\/div><div class=\"item-custom-loop\"><div class=\"thumb-item-custom-loop\" style=\"background-image: url(https:\/\/olimpiadasrm.fseneca.es\/wp-content\/uploads\/202322414428_Participantes20XIV20Olimpiada20Geologia.jpg);\"><div class=\"category-post\">Ciencias experimentales<\/div><div style=\"background:#00b55f;\" class=\"cover-post\"><\/div><\/div><div class=\"content-item-custom-loop\" style=\"background:#00b55f;\"><a href=\"https:\/\/olimpiadasrm.fseneca.es\/?p=6000\" title=\"XVI Olimpiada de Geolog\u00eda de la Regi\u00f3n de Murcia\"><h3 class=\"title-item-custom-loop\">XVI Olimpiada de Geolog\u00eda de la Regi\u00f3n de Murcia<\/h3><p class=\"excerpt-item-custom-loop\">Estudiantes de ESO y Bachillerato participan el viernes en Olimpiada de Geolog\u00eda de la Regi\u00f3n de Murcia<\/p><button style=\"border-color:#00b55f; background:#00b55f;\">M\u00e1s<\/button><\/a><\/div><\/div><div class=\"item-custom-loop\"><div class=\"thumb-item-custom-loop\" style=\"background-image: url();\"><div class=\"category-post\">Ciencias experimentales<\/div><div style=\"background:#00b55f;\" class=\"cover-post\"><\/div><\/div><div class=\"content-item-custom-loop\" style=\"background:#00b55f;\"><a href=\"https:\/\/olimpiadasrm.fseneca.es\/?p=5999\" title=\"La Universidad de Murcia entrega los premios a la Olimpiada de Geolog\u00eda de la Regi\u00f3n\"><h3 class=\"title-item-custom-loop\">La Universidad de Murcia entrega los premios a la Olimpiada de Geolog\u00eda de la Regi\u00f3n<\/h3><p class=\"excerpt-item-custom-loop\">La jornada incluy\u00f3 una charla sobre la sierra de Quibas hace un mill\u00f3n de a\u00f1os, una sesi\u00f3n de pr\u00e1cticas y una visita al Museo de Suelos<\/p><button style=\"border-color:#00b55f; background:#00b55f;\">M\u00e1s<\/button><\/a><\/div><\/div><div class=\"item-custom-loop\"><div class=\"thumb-item-custom-loop\" style=\"background-image: url(https:\/\/olimpiadasrm.fseneca.es\/wp-content\/uploads\/img_15169DSC_0023-28.jpg);\"><div class=\"category-post\">Ciencias sociales, jur\u00eddicas y humanidades<\/div><div style=\"background:#ffd02c;\" class=\"cover-post\"><\/div><\/div><div class=\"content-item-custom-loop\" style=\"background:#ffd02c;\"><a href=\"https:\/\/olimpiadasrm.fseneca.es\/?p=5997\" title=\"Casi 80 preuniversitarios de la Regi\u00f3n miden sus conocimientos en la Olimpiada de Ciencias de la Empresa\"><h3 class=\"title-item-custom-loop\">Casi 80 preuniversitarios de la Regi\u00f3n miden sus conocimientos en la Olimpiada de Ciencias de la Empresa<\/h3><p class=\"excerpt-item-custom-loop\">La edici\u00f3n n\u00famero 19 de la Olimpiada de Ciencias de la Empresa ha congregado este viernes en la Universidad Polit\u00e9cnica de Cartagena (UPC<\/p><button style=\"border-color:#ffd02c; background:#ffd02c;\">M\u00e1s<\/button><\/a><\/div><\/div><div class=\"item-custom-loop\"><div class=\"thumb-item-custom-loop\" style=\"background-image: url(https:\/\/olimpiadasrm.fseneca.es\/wp-content\/uploads\/040520231230461-1.jpg);\"><div class=\"category-post\">Ciencias experimentales<\/div><div style=\"background:#00b55f;\" class=\"cover-post\"><\/div><\/div><div class=\"content-item-custom-loop\" style=\"background:#00b55f;\"><a href=\"https:\/\/olimpiadasrm.fseneca.es\/?p=5995\" title=\"El Campus Universitario de Lorca acoger\u00e1 el pr\u00f3ximo s\u00e1bado la final de la XXXIII Olimpiada Matem\u00e1tica de la Regi\u00f3n de Murcia\"><h3 class=\"title-item-custom-loop\">El Campus Universitario de Lorca acoger\u00e1 el pr\u00f3ximo s\u00e1bado la final de la XXXIII Olimpiada Matem\u00e1tica de la Regi\u00f3n de Murcia<\/h3><p class=\"excerpt-item-custom-loop\">El pr\u00f3ximo s\u00e1bado, 6 de mayo, tendr\u00e1 lugar la fase Regional de la XXXIII Olimpiada matem\u00e1tica de la Regi\u00f3n de Murcia, en la que partici<\/p><button style=\"border-color:#00b55f; background:#00b55f;\">M\u00e1s<\/button><\/a><\/div><\/div><div class=\"item-custom-loop\"><div class=\"thumb-item-custom-loop\" style=\"background-image: url(https:\/\/olimpiadasrm.fseneca.es\/wp-content\/uploads\/img_15224DSC05919-1.jpg);\"><div class=\"category-post\">Ingenier\u00edas y Arquitectura<\/div><div style=\"background:#d84459;\" class=\"cover-post\"><\/div><\/div><div class=\"content-item-custom-loop\" style=\"background:#d84459;\"><a href=\"https:\/\/olimpiadasrm.fseneca.es\/?p=5993\" title=\"Final de la VI Olimpiada de Arquitectura \u2018Make Cool Your School!\"><h3 class=\"title-item-custom-loop\">Final de la VI Olimpiada de Arquitectura \u2018Make Cool Your School!<\/h3><p class=\"excerpt-item-custom-loop\">Los ocho equipos finalistas participantes en la VI Olimpiada de Arquitectura de la Regi\u00f3n de Murcia , \u2018Make Cool Your School!\u2019, expondr<\/p><button style=\"border-color:#d84459; background:#d84459;\">M\u00e1s<\/button><\/a><\/div><\/div><div class=\"item-custom-loop\"><div class=\"thumb-item-custom-loop\" style=\"background-image: url();\"><div class=\"category-post\">Ingenier\u00edas y Arquitectura<\/div><div style=\"background:#d84459;\" class=\"cover-post\"><\/div><\/div><div class=\"content-item-custom-loop\" style=\"background:#d84459;\"><a href=\"https:\/\/olimpiadasrm.fseneca.es\/?p=5992\" title=\"La Cat\u00f3lica premia a los ganadores de sus Olimpiadas Cient\u00edficas\"><h3 class=\"title-item-custom-loop\">La Cat\u00f3lica premia a los ganadores de sus Olimpiadas Cient\u00edficas<\/h3><p class=\"excerpt-item-custom-loop\"><\/p><button style=\"border-color:#d84459; background:#d84459;\">M\u00e1s<\/button><\/a><\/div><\/div><div class=\"item-custom-loop\"><div class=\"thumb-item-custom-loop\" style=\"background-image: url();\"><div class=\"category-post\">Ingenier\u00edas y Arquitectura<\/div><div style=\"background:#d84459;\" class=\"cover-post\"><\/div><\/div><div class=\"content-item-custom-loop\" style=\"background:#d84459;\"><a href=\"https:\/\/olimpiadasrm.fseneca.es\/?p=5991\" title=\"Premian a los mejores de las Olimpiadas Cient\u00edficas de la UCAM en Cartagena\"><h3 class=\"title-item-custom-loop\">Premian a los mejores de las Olimpiadas Cient\u00edficas de la UCAM en Cartagena<\/h3><p class=\"excerpt-item-custom-loop\"><\/p><button style=\"border-color:#d84459; background:#d84459;\">M\u00e1s<\/button><\/a><\/div><\/div><div class=\"item-custom-loop\"><div class=\"thumb-item-custom-loop\" style=\"background-image: url(https:\/\/olimpiadasrm.fseneca.es\/wp-content\/uploads\/img_15354WhatsApp20Image202023-06-1920at2018.35.44.jpeg);\"><div class=\"category-post\">Ingenier\u00edas y Arquitectura<\/div><div style=\"background:#d84459;\" class=\"cover-post\"><\/div><\/div><div class=\"content-item-custom-loop\" style=\"background:#d84459;\"><a href=\"https:\/\/olimpiadasrm.fseneca.es\/?p=5989\" title=\"Los estudiantes de Bachillerato del IES Miguel de Cervantes, Maristas y Monteagudo, ganadores de la I Olimpiada de Teleco\"><h3 class=\"title-item-custom-loop\">Los estudiantes de Bachillerato del IES Miguel de Cervantes, Maristas y Monteagudo, ganadores de la I Olimpiada de Teleco<\/h3><p class=\"excerpt-item-custom-loop\"><\/p><button style=\"border-color:#d84459; background:#d84459;\">M\u00e1s<\/button><\/a><\/div><\/div><div class=\"item-custom-loop\"><div class=\"thumb-item-custom-loop\" style=\"background-image: url();\"><div class=\"category-post\">Ciencias experimentales<\/div><div style=\"background:#00b55f;\" class=\"cover-post\"><\/div><\/div><div class=\"content-item-custom-loop\" style=\"background:#00b55f;\"><a href=\"https:\/\/olimpiadasrm.fseneca.es\/?p=5988\" title=\"Las Olimpiadas Cient\u00edficas congregar\u00e1n a m\u00e1s de 4.000 alumnos\"><h3 class=\"title-item-custom-loop\">Las Olimpiadas Cient\u00edficas congregar\u00e1n a m\u00e1s de 4.000 alumnos<\/h3><p class=\"excerpt-item-custom-loop\">Los estudiantes participantes competir\u00e1n en m\u00e1s de una veintena de disciplinas diferentes y representar\u00e1n a trescientos institutos murcia<\/p><button style=\"border-color:#00b55f; background:#00b55f;\">M\u00e1s<\/button><\/a><\/div><\/div><div class=\"item-custom-loop\"><div class=\"thumb-item-custom-loop\" style=\"background-image: url();\"><div class=\"category-post\">General<\/div><div style=\"background:#d6d6d6;\" class=\"cover-post\"><\/div><\/div><div class=\"content-item-custom-loop\" style=\"background:#d6d6d6;\"><a href=\"https:\/\/olimpiadasrm.fseneca.es\/?p=5987\" title=\"El Gobierno regional aumenta a 23 el n\u00famero de Olimpiadas Cient\u00edficas en su 25 aniversario\"><h3 class=\"title-item-custom-loop\">El Gobierno regional aumenta a 23 el n\u00famero de Olimpiadas Cient\u00edficas en su 25 aniversario<\/h3><p class=\"excerpt-item-custom-loop\">A partir de este a\u00f1o, la Fundaci\u00f3n S\u00e9neca, pone una web a disposici\u00f3n de los interesados en concurrir con toda la informaci\u00f3n<\/p><button style=\"border-color:#d6d6d6; background:#d6d6d6;\">M\u00e1s<\/button><\/a><\/div><\/div><div class=\"item-custom-loop\"><div class=\"thumb-item-custom-loop\" style=\"background-image: url(https:\/\/olimpiadasrm.fseneca.es\/wp-content\/uploads\/el-gobierno-regional-aumenta-a-23-el-numero-de-olimpiadas-cientificas-en-su-25-aniversario-1.webp);\"><div class=\"category-post\">General<\/div><div style=\"background:#d6d6d6;\" class=\"cover-post\"><\/div><\/div><div class=\"content-item-custom-loop\" style=\"background:#d6d6d6;\"><a href=\"https:\/\/olimpiadasrm.fseneca.es\/?p=5985\" title=\"El Gobierno regional aumenta a 23 el n\u00famero de Olimpiadas Cient\u00edficas en su 25 aniversario\"><h3 class=\"title-item-custom-loop\">El Gobierno regional aumenta a 23 el n\u00famero de Olimpiadas Cient\u00edficas en su 25 aniversario<\/h3><p class=\"excerpt-item-custom-loop\">A partir de este a\u00f1o, la Fundaci\u00f3n S\u00e9neca, pone una web a disposici\u00f3n de los interesados en concurrir con toda la informaci\u00f3n<\/p><button style=\"border-color:#d6d6d6; background:#d6d6d6;\">M\u00e1s<\/button><\/a><\/div><\/div><div class=\"item-custom-loop\"><div class=\"thumb-item-custom-loop\" style=\"background-image: url(https:\/\/olimpiadasrm.fseneca.es\/wp-content\/uploads\/el-gobierno-regional-aumenta-a-23-el-numero-de-olimpiadas-cientificas-en-su-25-aniversario.webp);\"><div class=\"category-post\">General<\/div><div style=\"background:#d6d6d6;\" class=\"cover-post\"><\/div><\/div><div class=\"content-item-custom-loop\" style=\"background:#d6d6d6;\"><a href=\"https:\/\/olimpiadasrm.fseneca.es\/?p=5983\" title=\"El Gobierno regional aumenta a 23 el n\u00famero de Olimpiadas Cient\u00edficas en su 25 aniversario\"><h3 class=\"title-item-custom-loop\">El Gobierno regional aumenta a 23 el n\u00famero de Olimpiadas Cient\u00edficas en su 25 aniversario<\/h3><p class=\"excerpt-item-custom-loop\">A partir de este a\u00f1o, la Fundaci\u00f3n S\u00e9neca, pone una web a disposici\u00f3n de los interesados en concurrir con toda la informaci\u00f3n<\/p><button style=\"border-color:#d6d6d6; background:#d6d6d6;\">M\u00e1s<\/button><\/a><\/div><\/div><div class=\"item-custom-loop\"><div class=\"thumb-item-custom-loop\" style=\"background-image: url(https:\/\/olimpiadasrm.fseneca.es\/wp-content\/uploads\/DSC_715428129-scaled.jpg);\"><div class=\"category-post\">Ciencias experimentales<\/div><div style=\"background:#00b55f;\" class=\"cover-post\"><\/div><\/div><div class=\"content-item-custom-loop\" style=\"background:#00b55f;\"><a href=\"https:\/\/olimpiadasrm.fseneca.es\/?p=5981\" title=\"La Facultad de Biolog\u00eda celebra la Olimpiada Regional de Biolog\u00eda\"><h3 class=\"title-item-custom-loop\">La Facultad de Biolog\u00eda celebra la Olimpiada Regional de Biolog\u00eda<\/h3><p class=\"excerpt-item-custom-loop\"><\/p><button style=\"border-color:#00b55f; background:#00b55f;\">M\u00e1s<\/button><\/a><\/div><\/div><div class=\"item-custom-loop\"><div class=\"thumb-item-custom-loop\" style=\"background-image: url(https:\/\/olimpiadasrm.fseneca.es\/wp-content\/uploads\/olimpiadas-cientificas-rcp.jpg);\"><div class=\"category-post\">General<\/div><div style=\"background:#d6d6d6;\" class=\"cover-post\"><\/div><\/div><div class=\"content-item-custom-loop\" style=\"background:#d6d6d6;\"><a href=\"https:\/\/olimpiadasrm.fseneca.es\/?p=5979\" title=\"La UCAM abre la inscripci\u00f3n de sus Olimpiadas Cient\u00edficas para alumnos de FP Superior y Bachillerato\"><h3 class=\"title-item-custom-loop\">La UCAM abre la inscripci\u00f3n de sus Olimpiadas Cient\u00edficas para alumnos de FP Superior y Bachillerato<\/h3><p class=\"excerpt-item-custom-loop\">Quienes se clasifiquen en primer lugar conseguir\u00e1n una beca del 100% de la matr\u00edcula del primer curso acad\u00e9mico m\u00e1s una tablet<\/p><button style=\"border-color:#d6d6d6; background:#d6d6d6;\">M\u00e1s<\/button><\/a><\/div><\/div><div class=\"item-custom-loop\"><div class=\"thumb-item-custom-loop\" style=\"background-image: url();\"><div class=\"category-post\">Ingenier\u00edas y Arquitectura<\/div><div style=\"background:#d84459;\" class=\"cover-post\"><\/div><\/div><div class=\"content-item-custom-loop\" style=\"background:#d84459;\"><a href=\"https:\/\/olimpiadasrm.fseneca.es\/?p=5978\" title=\"Estudiantes de FP Superior y Bachillerato ya pueden inscribirse en las Olimpiadas Cient\u00edficas\"><h3 class=\"title-item-custom-loop\">Estudiantes de FP Superior y Bachillerato ya pueden inscribirse en las Olimpiadas Cient\u00edficas<\/h3><p class=\"excerpt-item-custom-loop\"><\/p><button style=\"border-color:#d84459; background:#d84459;\">M\u00e1s<\/button><\/a><\/div><\/div><div class=\"item-custom-loop\"><div class=\"thumb-item-custom-loop\" style=\"background-image: url();\"><div class=\"category-post\">Ingenier\u00edas y Arquitectura<\/div><div style=\"background:#d84459;\" class=\"cover-post\"><\/div><\/div><div class=\"content-item-custom-loop\" style=\"background:#d84459;\"><a href=\"https:\/\/olimpiadasrm.fseneca.es\/?p=5977\" title=\"Estudiantes de FP Superior y Bachillerato ya pueden inscribirse en las Olimpiadas Cient\u00edficas\"><h3 class=\"title-item-custom-loop\">Estudiantes de FP Superior y Bachillerato ya pueden inscribirse en las Olimpiadas Cient\u00edficas<\/h3><p class=\"excerpt-item-custom-loop\"><\/p><button style=\"border-color:#d84459; background:#d84459;\">M\u00e1s<\/button><\/a><\/div><\/div><div class=\"item-custom-loop\"><div class=\"thumb-item-custom-loop\" style=\"background-image: url();\"><div class=\"category-post\">Ingenier\u00edas y Arquitectura<\/div><div style=\"background:#d84459;\" class=\"cover-post\"><\/div><\/div><div class=\"content-item-custom-loop\" style=\"background:#d84459;\"><a href=\"https:\/\/olimpiadasrm.fseneca.es\/?p=5976\" title=\"Las II Olimpiadas Teleco arrancan en la ETSIT con un reto del ODS: Salud y Bienestar\"><h3 class=\"title-item-custom-loop\">Las II Olimpiadas Teleco arrancan en la ETSIT con un reto del ODS: Salud y Bienestar<\/h3><p class=\"excerpt-item-custom-loop\"><\/p><button style=\"border-color:#d84459; background:#d84459;\">M\u00e1s<\/button><\/a><\/div><\/div><div class=\"item-custom-loop\"><div class=\"thumb-item-custom-loop\" style=\"background-image: url(https:\/\/olimpiadasrm.fseneca.es\/wp-content\/uploads\/img_15894DSC_0646-1.jpg);\"><div class=\"category-post\">Ingenier\u00edas y Arquitectura<\/div><div style=\"background:#d84459;\" class=\"cover-post\"><\/div><\/div><div class=\"content-item-custom-loop\" style=\"background:#d84459;\"><a href=\"https:\/\/olimpiadasrm.fseneca.es\/?p=5974\" title=\"Abejas con microchip\"><h3 class=\"title-item-custom-loop\">Abejas con microchip<\/h3><p class=\"excerpt-item-custom-loop\"><\/p><button style=\"border-color:#d84459; background:#d84459;\">M\u00e1s<\/button><\/a><\/div><\/div><div class=\"item-custom-loop\"><div class=\"thumb-item-custom-loop\" style=\"background-image: url(https:\/\/olimpiadasrm.fseneca.es\/wp-content\/uploads\/img_15898DSC03532-1.jpg);\"><div class=\"category-post\">Ingenier\u00edas y Arquitectura<\/div><div style=\"background:#d84459;\" class=\"cover-post\"><\/div><\/div><div class=\"content-item-custom-loop\" style=\"background:#d84459;\"><a href=\"https:\/\/olimpiadasrm.fseneca.es\/?p=5972\" title=\"La ETSIA organiza las XII Olimpiadas Agroalimentaria y Agroambiental para estudiantes de ESO y Bachillerato\"><h3 class=\"title-item-custom-loop\">La ETSIA organiza las XII Olimpiadas Agroalimentaria y Agroambiental para estudiantes de ESO y Bachillerato<\/h3><p class=\"excerpt-item-custom-loop\">Los alumnos pueden optar por competir en las asignaturas de Biolog\u00eda, Tecnolog\u00eda e ingenier\u00eda y Geolog\u00eda y Ciencias Ambientales<\/p><button style=\"border-color:#d84459; background:#d84459;\">M\u00e1s<\/button><\/a><\/div><\/div><div class=\"item-custom-loop\"><div class=\"thumb-item-custom-loop\" style=\"background-image: url(https:\/\/olimpiadasrm.fseneca.es\/wp-content\/uploads\/img_15921DSC03533.jpg);\"><div class=\"category-post\">Ingenier\u00edas y Arquitectura<\/div><div style=\"background:#d84459;\" class=\"cover-post\"><\/div><\/div><div class=\"content-item-custom-loop\" style=\"background:#d84459;\"><a href=\"https:\/\/olimpiadasrm.fseneca.es\/?p=5970\" title=\"\u00daltimos d\u00edas para la inscripci\u00f3n en las XII Olimpiada Agroalimentaria y Agroambiental para estudiantes de ESO y Bachillerato\"><h3 class=\"title-item-custom-loop\">\u00daltimos d\u00edas para la inscripci\u00f3n en las XII Olimpiada Agroalimentaria y Agroambiental para estudiantes de ESO y Bachillerato<\/h3><p class=\"excerpt-item-custom-loop\"><\/p><button style=\"border-color:#d84459; background:#d84459;\">M\u00e1s<\/button><\/a><\/div><\/div><div class=\"item-custom-loop\"><div class=\"thumb-item-custom-loop\" style=\"background-image: url(https:\/\/olimpiadasrm.fseneca.es\/wp-content\/uploads\/img_15931Olimpiada20Arquiectura_UPCT_2023.jpg);\"><div class=\"category-post\">Ingenier\u00edas y Arquitectura<\/div><div style=\"background:#d84459;\" class=\"cover-post\"><\/div><\/div><div class=\"content-item-custom-loop\" style=\"background:#d84459;\"><a href=\"https:\/\/olimpiadasrm.fseneca.es\/?p=5968\" title=\"M\u00e1s de 200 estudiantes compiten en \u2018Make Cool Your School!\u2019, la Olimpiada de Arquitectura de la Regi\u00f3n de Murcia\"><h3 class=\"title-item-custom-loop\">M\u00e1s de 200 estudiantes compiten en \u2018Make Cool Your School!\u2019, la Olimpiada de Arquitectura de la Regi\u00f3n de Murcia<\/h3><p class=\"excerpt-item-custom-loop\">Pertenecen a 22 centros educativos de 12 municipios, nueve de los cu\u00e1les participan por primera vez en esta iniciativa<\/p><button style=\"border-color:#d84459; background:#d84459;\">M\u00e1s<\/button><\/a><\/div><\/div><div class=\"item-custom-loop\"><div class=\"thumb-item-custom-loop\" style=\"background-image: url(https:\/\/olimpiadasrm.fseneca.es\/wp-content\/uploads\/img_15960DSC03531.jpg);\"><div class=\"category-post\">Ingenier\u00edas y Arquitectura<\/div><div style=\"background:#d84459;\" class=\"cover-post\"><\/div><\/div><div class=\"content-item-custom-loop\" style=\"background:#d84459;\"><a href=\"https:\/\/olimpiadasrm.fseneca.es\/?p=5966\" title=\"Talleres de Agricultura Inteligente para los estudiantes que participan en la XII Olimpiadas Agroalimentaria y Agroambiental\"><h3 class=\"title-item-custom-loop\">Talleres de Agricultura Inteligente para los estudiantes que participan en la XII Olimpiadas Agroalimentaria y Agroambiental<\/h3><p class=\"excerpt-item-custom-loop\">Los m\u00e1s de 100 alumnos que participan esta ma\u00f1ana en la XII Olimpiadas Agroalimentaria y Agroambiental, que organiza la Escuela T\u00e9cnica S<\/p><button style=\"border-color:#d84459; background:#d84459;\">M\u00e1s<\/button><\/a><\/div><\/div><div class=\"item-custom-loop\"><div class=\"thumb-item-custom-loop\" style=\"background-image: url(https:\/\/olimpiadasrm.fseneca.es\/wp-content\/uploads\/olimpiadas-cientificas-ucam-1.jpg);\"><div class=\"category-post\">Ingenier\u00edas y Arquitectura<\/div><div style=\"background:#d84459;\" class=\"cover-post\"><\/div><\/div><div class=\"content-item-custom-loop\" style=\"background:#d84459;\"><a href=\"https:\/\/olimpiadasrm.fseneca.es\/?p=5964\" title=\"R\u00e9cord de participaci\u00f3n en las Olimpiadas Cient\u00edficas UCAM\"><h3 class=\"title-item-custom-loop\">R\u00e9cord de participaci\u00f3n en las Olimpiadas Cient\u00edficas UCAM<\/h3><p class=\"excerpt-item-custom-loop\">Cerca de 400 alumnos de Bachillerato y Formaci\u00f3n Profesional superior de 21 centros educativos de la Regi\u00f3n de Murcia participan entre hoy<\/p><button style=\"border-color:#d84459; background:#d84459;\">M\u00e1s<\/button><\/a><\/div><\/div><div class=\"item-custom-loop\"><div class=\"thumb-item-custom-loop\" style=\"background-image: url(https:\/\/olimpiadasrm.fseneca.es\/wp-content\/uploads\/ac35bf58-1714-4883-b2dc-c9afa8cb8be6_16-9-aspect-ratio_default_0-1.webp);\"><div class=\"category-post\">Ingenier\u00edas y Arquitectura<\/div><div style=\"background:#d84459;\" class=\"cover-post\"><\/div><\/div><div class=\"content-item-custom-loop\" style=\"background:#d84459;\"><a href=\"https:\/\/olimpiadasrm.fseneca.es\/?p=5962\" title=\"R\u00e9cord de participaci\u00f3n en las Olimpiadas Cient\u00edficas de la UCAM\"><h3 class=\"title-item-custom-loop\">R\u00e9cord de participaci\u00f3n en las Olimpiadas Cient\u00edficas de la UCAM<\/h3><p class=\"excerpt-item-custom-loop\">Las pruebas se celebraron en los campus de Murcia y de Cartagena<\/p><button style=\"border-color:#d84459; background:#d84459;\">M\u00e1s<\/button><\/a><\/div><\/div><div class=\"item-custom-loop\"><div class=\"thumb-item-custom-loop\" style=\"background-image: url();\"><div class=\"category-post\">Ingenier\u00edas y Arquitectura<\/div><div style=\"background:#d84459;\" class=\"cover-post\"><\/div><\/div><div class=\"content-item-custom-loop\" style=\"background:#d84459;\"><a href=\"https:\/\/olimpiadasrm.fseneca.es\/?p=5961\" title=\"R\u00e9cord de participaci\u00f3n en las Olimpiadas Cient\u00edficas de la Cat\u00f3lica\"><h3 class=\"title-item-custom-loop\">R\u00e9cord de participaci\u00f3n en las Olimpiadas Cient\u00edficas de la Cat\u00f3lica<\/h3><p class=\"excerpt-item-custom-loop\"><\/p><button style=\"border-color:#d84459; background:#d84459;\">M\u00e1s<\/button><\/a><\/div><\/div><div class=\"item-custom-loop\"><div class=\"thumb-item-custom-loop\" style=\"background-image: url(https:\/\/olimpiadasrm.fseneca.es\/wp-content\/uploads\/FABIO-3.jpg);\"><div class=\"category-post\">Ciencias sociales, jur\u00eddicas y humanidades<\/div><div style=\"background:#ffd02c;\" class=\"cover-post\"><\/div><\/div><div class=\"content-item-custom-loop\" style=\"background:#ffd02c;\"><a href=\"https:\/\/olimpiadasrm.fseneca.es\/?p=5959\" title=\"Un alumno del Colegio Monteagudo-Nelva representar\u00e1 a la Regi\u00f3n de Murcia en la Olimpiada espa\u00f1ola de Econom\u00eda 2024\"><h3 class=\"title-item-custom-loop\">Un alumno del Colegio Monteagudo-Nelva representar\u00e1 a la Regi\u00f3n de Murcia en la Olimpiada espa\u00f1ola de Econom\u00eda 2024<\/h3><p class=\"excerpt-item-custom-loop\">Fabio Garc\u00eda Pomares, alumno de Bachillerato del colegio Monteagudo-Nelva, ha quedado en segunda posici\u00f3n en la Olimpiada de Econom\u00eda de <\/p><button style=\"border-color:#ffd02c; background:#ffd02c;\">M\u00e1s<\/button><\/a><\/div><\/div><div class=\"item-custom-loop\"><div class=\"thumb-item-custom-loop\" style=\"background-image: url(https:\/\/olimpiadasrm.fseneca.es\/wp-content\/uploads\/FABIO-2.jpg);\"><div class=\"category-post\">Ciencias sociales, jur\u00eddicas y humanidades<\/div><div style=\"background:#ffd02c;\" class=\"cover-post\"><\/div><\/div><div class=\"content-item-custom-loop\" style=\"background:#ffd02c;\"><a href=\"https:\/\/olimpiadasrm.fseneca.es\/?p=5957\" title=\"Un alumno del Colegio Monteagudo-Nelva representar\u00e1 a la Regi\u00f3n de Murcia en la Olimpiada espa\u00f1ola de Econom\u00eda 2024\"><h3 class=\"title-item-custom-loop\">Un alumno del Colegio Monteagudo-Nelva representar\u00e1 a la Regi\u00f3n de Murcia en la Olimpiada espa\u00f1ola de Econom\u00eda 2024<\/h3><p class=\"excerpt-item-custom-loop\">Fabio Garc\u00eda Pomares, alumno de Bachillerato del colegio Monteagudo-Nelva, ha quedado en segunda posici\u00f3n en la Olimpiada de Econom\u00eda de <\/p><button style=\"border-color:#ffd02c; background:#ffd02c;\">M\u00e1s<\/button><\/a><\/div><\/div><div class=\"item-custom-loop\"><div class=\"thumb-item-custom-loop\" style=\"background-image: url(https:\/\/olimpiadasrm.fseneca.es\/wp-content\/uploads\/img_16132DSC_0248-1.jpg);\"><div class=\"category-post\">Ingenier\u00edas y Arquitectura<\/div><div style=\"background:#d84459;\" class=\"cover-post\"><\/div><\/div><div class=\"content-item-custom-loop\" style=\"background:#d84459;\"><a href=\"https:\/\/olimpiadasrm.fseneca.es\/?p=5955\" title=\"Alumnos de Franciscanos ganan las Olimpiadas de Ingenier\u00eda de Caminos en la UPCT y representar\u00e1n a la Regi\u00f3n en Burgos\"><h3 class=\"title-item-custom-loop\">Alumnos de Franciscanos ganan las Olimpiadas de Ingenier\u00eda de Caminos en la UPCT y representar\u00e1n a la Regi\u00f3n en Burgos<\/h3><p class=\"excerpt-item-custom-loop\">El equipo &#8216;Los Tauol\u00edmpicos&#8217; del Colegio Franciscanos de Cartagena ha ganado la fase regional de las Olimpiadas de Ingenier\u00eda <\/p><button style=\"border-color:#d84459; background:#d84459;\">M\u00e1s<\/button><\/a><\/div><\/div><div class=\"item-custom-loop\"><div class=\"thumb-item-custom-loop\" style=\"background-image: url(https:\/\/olimpiadasrm.fseneca.es\/wp-content\/uploads\/img_16190GANADORES-1.jpg);\"><div class=\"category-post\">Ingenier\u00edas y Arquitectura<\/div><div style=\"background:#d84459;\" class=\"cover-post\"><\/div><\/div><div class=\"content-item-custom-loop\" style=\"background:#d84459;\"><a href=\"https:\/\/olimpiadasrm.fseneca.es\/?p=5953\" title=\"Un pastillero autom\u00e1tico de los estudiantes de Maristas La Merced y un sensor de temperatura y pH de bajo coste ganan las Olimpiadas de Teleco\"><h3 class=\"title-item-custom-loop\">Un pastillero autom\u00e1tico de los estudiantes de Maristas La Merced y un sensor de temperatura y pH de bajo coste ganan las Olimpiadas de Teleco<\/h3><p class=\"excerpt-item-custom-loop\">Un total de 42 alumnos han resultado finalistas en esta iniciativa para poner en valor la ayuda de la tecnolog\u00eda al servicio del cumplimien<\/p><button style=\"border-color:#d84459; background:#d84459;\">M\u00e1s<\/button><\/a><\/div><\/div><div class=\"item-custom-loop\"><div class=\"thumb-item-custom-loop\" style=\"background-image: url();\"><div class=\"category-post\">Ciencias experimentales<\/div><div style=\"background:#00b55f;\" class=\"cover-post\"><\/div><\/div><div class=\"content-item-custom-loop\" style=\"background:#00b55f;\"><a href=\"https:\/\/olimpiadasrm.fseneca.es\/?p=5952\" title=\"120 alumnos de 2\u00ba de Bachiller compiten en la Olimpiada Nacional de Qu\u00edmica\"><h3 class=\"title-item-custom-loop\">120 alumnos de 2\u00ba de Bachiller compiten en la Olimpiada Nacional de Qu\u00edmica<\/h3><p class=\"excerpt-item-custom-loop\">Proceden de 30 centros de ense\u00f1anza y los ganadores representar\u00e1n a Espa\u00f1a en la Olimpiada Internacional que se celebrar\u00e1 en Riad (Arabi<\/p><button style=\"border-color:#00b55f; background:#00b55f;\">M\u00e1s<\/button><\/a><\/div><\/div><div class=\"item-custom-loop\"><div class=\"thumb-item-custom-loop\" style=\"background-image: url();\"><div class=\"category-post\">Ciencias experimentales<\/div><div style=\"background:#00b55f;\" class=\"cover-post\"><\/div><\/div><div class=\"content-item-custom-loop\" style=\"background:#00b55f;\"><a href=\"https:\/\/olimpiadasrm.fseneca.es\/?p=5951\" title=\"Unos 120 alumnos de 2\u00ba de Bachiller compiten en la Olimpiada Nacional de Qu\u00edmica que acoge la Regi\u00f3n\"><h3 class=\"title-item-custom-loop\">Unos 120 alumnos de 2\u00ba de Bachiller compiten en la Olimpiada Nacional de Qu\u00edmica que acoge la Regi\u00f3n<\/h3><p class=\"excerpt-item-custom-loop\">PROCEDEN DE 30 CENTROS DE ENSE\u00d1ANZA Y LOS GANADORES REPRESENTAR\u00c1N A ESPA\u00d1A EN LA OLIMPIADA INTERNACIONAL DE QU\u00cdMICA QUE SE CELEBRAR\u00c1 EN<\/p><button style=\"border-color:#00b55f; background:#00b55f;\">M\u00e1s<\/button><\/a><\/div><\/div><div class=\"item-custom-loop\"><div class=\"thumb-item-custom-loop\" style=\"background-image: url();\"><div class=\"category-post\">Ciencias experimentales<\/div><div style=\"background:#00b55f;\" class=\"cover-post\"><\/div><\/div><div class=\"content-item-custom-loop\" style=\"background:#00b55f;\"><a href=\"https:\/\/olimpiadasrm.fseneca.es\/?p=5950\" title=\"Unos 120 alumnos de 2\u00ba de Bachiller compiten en la Olimpiada Nacional de Qu\u00edmica que acoge la Regi\u00f3n\"><h3 class=\"title-item-custom-loop\">Unos 120 alumnos de 2\u00ba de Bachiller compiten en la Olimpiada Nacional de Qu\u00edmica que acoge la Regi\u00f3n<\/h3><p class=\"excerpt-item-custom-loop\">La Regi\u00f3n de Murcia acoge desde hoy y hasta el pr\u00f3ximo domingo, 28 de abril, la XXXVII Olimpiada Nacional de Qu\u00edmica, 25 a\u00f1os despu\u00e9s d<\/p><button style=\"border-color:#00b55f; background:#00b55f;\">M\u00e1s<\/button><\/a><\/div><\/div><div class=\"item-custom-loop\"><div class=\"thumb-item-custom-loop\" style=\"background-image: url();\"><div class=\"category-post\">Ciencias experimentales<\/div><div style=\"background:#00b55f;\" class=\"cover-post\"><\/div><\/div><div class=\"content-item-custom-loop\" style=\"background:#00b55f;\"><a href=\"https:\/\/olimpiadasrm.fseneca.es\/?p=5949\" title=\"Un total de 120 estudiantes de segundo de Bachillerato participan en la Olimpiada Nacional de Qu\u00edmica que se celebra en la Regi\u00f3n\"><h3 class=\"title-item-custom-loop\">Un total de 120 estudiantes de segundo de Bachillerato participan en la Olimpiada Nacional de Qu\u00edmica que se celebra en la Regi\u00f3n<\/h3><p class=\"excerpt-item-custom-loop\">La Regi\u00f3n de Murcia acoge desde hoy y hasta el pr\u00f3ximo domingo, 28 de abril, la XXXVII Olimpiada Nacional de Qu\u00edmica, 25 a\u00f1os despu\u00e9s d<\/p><button style=\"border-color:#00b55f; background:#00b55f;\">M\u00e1s<\/button><\/a><\/div><\/div><div class=\"item-custom-loop\"><div class=\"thumb-item-custom-loop\" style=\"background-image: url(https:\/\/olimpiadasrm.fseneca.es\/wp-content\/uploads\/260420241844271-1.jpg);\"><div class=\"category-post\">Ciencias experimentales<\/div><div style=\"background:#00b55f;\" class=\"cover-post\"><\/div><\/div><div class=\"content-item-custom-loop\" style=\"background:#00b55f;\"><a href=\"https:\/\/olimpiadasrm.fseneca.es\/?p=5947\" title=\"120 alumnos de 2\u00b0 de Bachiller compiten en la XXXVII Olimpiada Nacional de Qu\u00edmica\"><h3 class=\"title-item-custom-loop\">120 alumnos de 2\u00b0 de Bachiller compiten en la XXXVII Olimpiada Nacional de Qu\u00edmica<\/h3><p class=\"excerpt-item-custom-loop\">Proceden de 30 centros de ense\u00f1anza y los ganadores representar\u00e1n a Espa\u00f1a en la Olimpiada Internacional de Qu\u00edmica que se celebrar\u00e1 en<\/p><button style=\"border-color:#00b55f; background:#00b55f;\">M\u00e1s<\/button><\/a><\/div><\/div><div class=\"item-custom-loop\"><div class=\"thumb-item-custom-loop\" style=\"background-image: url(https:\/\/olimpiadasrm.fseneca.es\/wp-content\/uploads\/img_16225Olimpiadas20Empresa_UPCT_2024-1.jpg);\"><div class=\"category-post\">Ciencias sociales, jur\u00eddicas y humanidades<\/div><div style=\"background:#ffd02c;\" class=\"cover-post\"><\/div><\/div><div class=\"content-item-custom-loop\" style=\"background:#ffd02c;\"><a href=\"https:\/\/olimpiadasrm.fseneca.es\/?p=5945\" title=\"El IES Ben Arab\u00ed gana el premio al mejor centro y uno de sus alumnos vence en la XX Olimpiada de Empresa\"><h3 class=\"title-item-custom-loop\">El IES Ben Arab\u00ed gana el premio al mejor centro y uno de sus alumnos vence en la XX Olimpiada de Empresa<\/h3><p class=\"excerpt-item-custom-loop\"><\/p><button style=\"border-color:#ffd02c; background:#ffd02c;\">M\u00e1s<\/button><\/a><\/div><\/div><div class=\"item-custom-loop\"><div class=\"thumb-item-custom-loop\" style=\"background-image: url(https:\/\/olimpiadasrm.fseneca.es\/wp-content\/uploads\/2024051515172397867.webp);\"><div class=\"category-post\">Ingenier\u00edas y Arquitectura<\/div><div style=\"background:#d84459;\" class=\"cover-post\"><\/div><\/div><div class=\"content-item-custom-loop\" style=\"background:#d84459;\"><a href=\"https:\/\/olimpiadasrm.fseneca.es\/?p=5943\" title=\"El IES Dos Mares gana la VII Olimpiada de Arquitectura con un sistema de vol\u00famenes vers\u00e1tiles\"><h3 class=\"title-item-custom-loop\">El IES Dos Mares gana la VII Olimpiada de Arquitectura con un sistema de vol\u00famenes vers\u00e1tiles<\/h3><p class=\"excerpt-item-custom-loop\">El concurso consist\u00eda en crear espacios que fueran a la vez refugios clim\u00e1ticos y espacios de aprendizaje.<\/p><button style=\"border-color:#d84459; background:#d84459;\">M\u00e1s<\/button><\/a><\/div><\/div><div class=\"item-custom-loop\"><div class=\"thumb-item-custom-loop\" style=\"background-image: url(https:\/\/olimpiadasrm.fseneca.es\/wp-content\/uploads\/150520241449371-1.jpg);\"><div class=\"category-post\">Ingenier\u00edas y Arquitectura<\/div><div style=\"background:#d84459;\" class=\"cover-post\"><\/div><\/div><div class=\"content-item-custom-loop\" style=\"background:#d84459;\"><a href=\"https:\/\/olimpiadasrm.fseneca.es\/?p=5941\" title=\"Los estudiantes ten\u00edan que crear espacios que fueran a la vez refugios clim\u00e1ticos y espacios de aprendizaje\"><h3 class=\"title-item-custom-loop\">Los estudiantes ten\u00edan que crear espacios que fueran a la vez refugios clim\u00e1ticos y espacios de aprendizaje<\/h3><p class=\"excerpt-item-custom-loop\">Un sistema de vol\u00famenes vers\u00e1tiles para el IES Dos Mares gana la VII Olimpiada de Arquitectura<\/p><button style=\"border-color:#d84459; background:#d84459;\">M\u00e1s<\/button><\/a><\/div><\/div><div class=\"item-custom-loop\"><div class=\"thumb-item-custom-loop\" style=\"background-image: url(https:\/\/olimpiadasrm.fseneca.es\/wp-content\/uploads\/be090c6d-81be-4643-be55-e584191f3484_16-9-discover-aspect-ratio_default_0-1.jpg);\"><div class=\"category-post\">Ingenier\u00edas y Arquitectura<\/div><div style=\"background:#d84459;\" class=\"cover-post\"><\/div><\/div><div class=\"content-item-custom-loop\" style=\"background:#d84459;\"><a href=\"https:\/\/olimpiadasrm.fseneca.es\/?p=5939\" title=\"Alumnas del IES Dos Mares logran la victoria en la VII Olimpiada de Arquitectura\"><h3 class=\"title-item-custom-loop\">Alumnas del IES Dos Mares logran la victoria en la VII Olimpiada de Arquitectura<\/h3><p class=\"excerpt-item-custom-loop\">Presentaron un sistema de vol\u00famenes vers\u00e1tiles y multifuncionales para trasladar actividades los meses de calor al aparcamiento sombreado <\/p><button style=\"border-color:#d84459; background:#d84459;\">M\u00e1s<\/button><\/a><\/div><\/div><div class=\"item-custom-loop\"><div class=\"thumb-item-custom-loop\" style=\"background-image: url();\"><div class=\"category-post\">Ingenier\u00edas y Arquitectura<\/div><div style=\"background:#d84459;\" class=\"cover-post\"><\/div><\/div><div class=\"content-item-custom-loop\" style=\"background:#d84459;\"><a href=\"https:\/\/olimpiadasrm.fseneca.es\/?p=5938\" title=\"Alumnas del IES Dos Mares logran la victoria en la VII Olimpiada de Arquitectura\"><h3 class=\"title-item-custom-loop\">Alumnas del IES Dos Mares logran la victoria en la VII Olimpiada de Arquitectura<\/h3><p class=\"excerpt-item-custom-loop\">Presentaron un sistema de vol\u00famenes vers\u00e1tiles y multifuncionales para trasladar actividades los meses de calor al aparcamiento sombreado <\/p><button style=\"border-color:#d84459; background:#d84459;\">M\u00e1s<\/button><\/a><\/div><\/div><div class=\"item-custom-loop\"><div class=\"thumb-item-custom-loop\" style=\"background-image: url(https:\/\/olimpiadasrm.fseneca.es\/wp-content\/uploads\/RS753991__ALF4736-lpr-1.jpg);\"><div class=\"category-post\">Ciencias experimentales<\/div><div style=\"background:#00b55f;\" class=\"cover-post\"><\/div><\/div><div class=\"content-item-custom-loop\" style=\"background:#00b55f;\"><a href=\"https:\/\/olimpiadasrm.fseneca.es\/?p=5936\" title=\"120 alumnos compiten en la Olimpiada Nacional de Qu\u00edmica, celebrada en la UMU\"><h3 class=\"title-item-custom-loop\">120 alumnos compiten en la Olimpiada Nacional de Qu\u00edmica, celebrada en la UMU<\/h3><p class=\"excerpt-item-custom-loop\">Proceden de 30 centros de ense\u00f1anza y los ganadores representar\u00e1n a Espa\u00f1a en la Olimpiada Internacional de Qu\u00edmica que se celebrar\u00e1 en<\/p><button style=\"border-color:#00b55f; background:#00b55f;\">M\u00e1s<\/button><\/a><\/div><\/div><div class=\"item-custom-loop\"><div class=\"thumb-item-custom-loop\" style=\"background-image: url(https:\/\/olimpiadasrm.fseneca.es\/wp-content\/uploads\/img_163501G9A9260-1.jpg);\"><div class=\"category-post\">Ingenier\u00edas y Arquitectura<\/div><div style=\"background:#d84459;\" class=\"cover-post\"><\/div><\/div><div class=\"content-item-custom-loop\" style=\"background:#d84459;\"><a href=\"https:\/\/olimpiadasrm.fseneca.es\/?p=5934\" title=\"Los ganadores regionales de las Olimpiadas de Teleco recogen sus diplomas en la UPCT\"><h3 class=\"title-item-custom-loop\">Los ganadores regionales de las Olimpiadas de Teleco recogen sus diplomas en la UPCT<\/h3><p class=\"excerpt-item-custom-loop\">La entrega de premios de la final regional de las Olimpiadas de Teleco se celebr\u00f3 ayer tarde en la Escuela de Telecomunicaci\u00f3n de la UPCT.<\/p><button style=\"border-color:#d84459; background:#d84459;\">M\u00e1s<\/button><\/a><\/div><\/div><div class=\"item-custom-loop\"><div class=\"thumb-item-custom-loop\" style=\"background-image: url();\"><div class=\"category-post\">Ingenier\u00edas y Arquitectura<\/div><div style=\"background:#d84459;\" class=\"cover-post\"><\/div><\/div><div class=\"content-item-custom-loop\" style=\"background:#d84459;\"><a href=\"https:\/\/olimpiadasrm.fseneca.es\/?p=5933\" title=\"Las Olimpiadas de la ETSAE, \u00fanico proyecto de la Regi\u00f3n finalista en los Premios de Arquitectura\"><h3 class=\"title-item-custom-loop\">Las Olimpiadas de la ETSAE, \u00fanico proyecto de la Regi\u00f3n finalista en los Premios de Arquitectura<\/h3><p class=\"excerpt-item-custom-loop\"><\/p><button style=\"border-color:#d84459; background:#d84459;\">M\u00e1s<\/button><\/a><\/div><\/div><div class=\"item-custom-loop\"><div class=\"thumb-item-custom-loop\" style=\"background-image: url(https:\/\/olimpiadasrm.fseneca.es\/wp-content\/uploads\/030620241146471-1.jpg);\"><div class=\"category-post\">Ingenier\u00edas y Arquitectura<\/div><div style=\"background:#d84459;\" class=\"cover-post\"><\/div><\/div><div class=\"content-item-custom-loop\" style=\"background:#d84459;\"><a href=\"https:\/\/olimpiadasrm.fseneca.es\/?p=5931\" title=\"La UCAM entrega los premios de sus Olimpiadas Cient\u00edficas con r\u00e9cord de participantes\"><h3 class=\"title-item-custom-loop\">La UCAM entrega los premios de sus Olimpiadas Cient\u00edficas con r\u00e9cord de participantes<\/h3><p class=\"excerpt-item-custom-loop\"><\/p><button style=\"border-color:#d84459; background:#d84459;\">M\u00e1s<\/button><\/a><\/div><\/div><div class=\"item-custom-loop\"><div class=\"thumb-item-custom-loop\" style=\"background-image: url();\"><div class=\"category-post\">Ingenier\u00edas y Arquitectura<\/div><div style=\"background:#d84459;\" class=\"cover-post\"><\/div><\/div><div class=\"content-item-custom-loop\" style=\"background:#d84459;\"><a href=\"https:\/\/olimpiadasrm.fseneca.es\/?p=5930\" title=\"Este es el proyecto murciano que est\u00e1 entre los finalista de los Premios de Arquitectura 2024\"><h3 class=\"title-item-custom-loop\">Este es el proyecto murciano que est\u00e1 entre los finalista de los Premios de Arquitectura 2024<\/h3><p class=\"excerpt-item-custom-loop\"><\/p><button style=\"border-color:#d84459; background:#d84459;\">M\u00e1s<\/button><\/a><\/div><\/div><div class=\"item-custom-loop\"><div class=\"thumb-item-custom-loop\" style=\"background-image: url(https:\/\/olimpiadasrm.fseneca.es\/wp-content\/uploads\/IMG_8344-2048x1717-2.png);\"><div class=\"category-post\">Ciencias experimentales<\/div><div style=\"background:#00b55f;\" class=\"cover-post\"><\/div><\/div><div class=\"content-item-custom-loop\" style=\"background:#00b55f;\"><a href=\"https:\/\/olimpiadasrm.fseneca.es\/?p=5928\" title=\"Dos lorquinas representan a Murcia en las finales de las olimpiadas de Matem\u00e1ticas y Econom\u00eda\"><h3 class=\"title-item-custom-loop\">Dos lorquinas representan a Murcia en las finales de las olimpiadas de Matem\u00e1ticas y Econom\u00eda<\/h3><p class=\"excerpt-item-custom-loop\">El futuro est\u00e1 escrito con nombre de mujer y con el brillo blanquiazul de ser de Lorca<\/p><button style=\"border-color:#00b55f; background:#00b55f;\">M\u00e1s<\/button><\/a><\/div><\/div><div class=\"item-custom-loop\"><div class=\"thumb-item-custom-loop\" style=\"background-image: url(https:\/\/olimpiadasrm.fseneca.es\/wp-content\/uploads\/foto_grupo_olimpiadas_NoticiaAmpliada-13.jpg);\"><div class=\"category-post\">General<\/div><div style=\"background:#d6d6d6;\" class=\"cover-post\"><\/div><\/div><div class=\"content-item-custom-loop\" style=\"background:#d6d6d6;\"><a href=\"https:\/\/olimpiadasrm.fseneca.es\/?p=5926\" title=\"El alumno m\u00e1s creativo de la Regi\u00f3n es Fernando Campillo de Mulder, del Colegio San Buenaventura de Murcia\"><h3 class=\"title-item-custom-loop\">El alumno m\u00e1s creativo de la Regi\u00f3n es Fernando Campillo de Mulder, del Colegio San Buenaventura de Murcia<\/h3><p class=\"excerpt-item-custom-loop\">participaci\u00f3n r\u00e9cord en las &#8216;Olimpiadas de la Creatividad 2024&#8217; de CEEIM<\/p><button style=\"border-color:#d6d6d6; background:#d6d6d6;\">M\u00e1s<\/button><\/a><\/div><\/div><div class=\"item-custom-loop\"><div class=\"thumb-item-custom-loop\" style=\"background-image: url();\"><div class=\"category-post\">General<\/div><div style=\"background:#d6d6d6;\" class=\"cover-post\"><\/div><\/div><div class=\"content-item-custom-loop\" style=\"background:#d6d6d6;\"><a href=\"https:\/\/olimpiadasrm.fseneca.es\/?p=5925\" title=\"La Comunidad apoya la organizaci\u00f3n de 22 Olimpiadas Cient\u00edficas para fomentar el inter\u00e9s de los j\u00f3venes en las ciencias y carreras STEM\"><h3 class=\"title-item-custom-loop\">La Comunidad apoya la organizaci\u00f3n de 22 Olimpiadas Cient\u00edficas para fomentar el inter\u00e9s de los j\u00f3venes en las ciencias y carreras STEM<\/h3><p class=\"excerpt-item-custom-loop\">El Gobierno regional, a trav\u00e9s de la Fundaci\u00f3n S\u00e9neca, dependiente de la Consejer\u00eda de Medio Ambiente, Universidades, Investigaci\u00f3n y M<\/p><button style=\"border-color:#d6d6d6; background:#d6d6d6;\">M\u00e1s<\/button><\/a><\/div><\/div><div class=\"item-custom-loop\"><div class=\"thumb-item-custom-loop\" style=\"background-image: url(https:\/\/olimpiadasrm.fseneca.es\/wp-content\/uploads\/olimpiadas-k60B-U2301940298047QH-1200x840@La20Verdad-13.jpg);\"><div class=\"category-post\">General<\/div><div style=\"background:#d6d6d6;\" class=\"cover-post\"><\/div><\/div><div class=\"content-item-custom-loop\" style=\"background:#d6d6d6;\"><a href=\"https:\/\/olimpiadasrm.fseneca.es\/?p=5923\" title=\"Impulsan la organizaci\u00f3n de 22 Olimpiadas Cient\u00edficas en la Regi\u00f3n de Murcia para el pr\u00f3ximo a\u00f1o\"><h3 class=\"title-item-custom-loop\">Impulsan la organizaci\u00f3n de 22 Olimpiadas Cient\u00edficas en la Regi\u00f3n de Murcia para el pr\u00f3ximo a\u00f1o<\/h3><p class=\"excerpt-item-custom-loop\">La finalidad de esta iniciativa es fomentar el inter\u00e9s de los j\u00f3venes por aprender y se espera que en ella participen m\u00e1s de 4.000 alumno<\/p><button style=\"border-color:#d6d6d6; background:#d6d6d6;\">M\u00e1s<\/button><\/a><\/div><\/div><div class=\"item-custom-loop\"><div class=\"thumb-item-custom-loop\" style=\"background-image: url();\"><div class=\"category-post\">General<\/div><div style=\"background:#d6d6d6;\" class=\"cover-post\"><\/div><\/div><div class=\"content-item-custom-loop\" style=\"background:#d6d6d6;\"><a href=\"https:\/\/olimpiadasrm.fseneca.es\/?p=5922\" title=\"La Regi\u00f3n de Murcia albergar\u00e1 hasta 22 olimpiadas cient\u00edficas el pr\u00f3ximo a\u00f1o\"><h3 class=\"title-item-custom-loop\">La Regi\u00f3n de Murcia albergar\u00e1 hasta 22 olimpiadas cient\u00edficas el pr\u00f3ximo a\u00f1o<\/h3><p class=\"excerpt-item-custom-loop\">La Comunidad facilitar\u00e1 la organizaci\u00f3n de hasta 22 olimpiadas cient\u00edficas en 2025, con las ayudad del \u00abPrograma Regional de Cultura Cie<\/p><button style=\"border-color:#d6d6d6; background:#d6d6d6;\">M\u00e1s<\/button><\/a><\/div><\/div><div class=\"item-custom-loop\"><div class=\"thumb-item-custom-loop\" style=\"background-image: url();\"><div class=\"category-post\">General<\/div><div style=\"background:#d6d6d6;\" class=\"cover-post\"><\/div><\/div><div class=\"content-item-custom-loop\" style=\"background:#d6d6d6;\"><a href=\"https:\/\/olimpiadasrm.fseneca.es\/?p=5921\" title=\"La Comunidad apoyar\u00e1 la organizaci\u00f3n de ventid\u00f3s olimpiadas cient\u00edficas dn 2025\"><h3 class=\"title-item-custom-loop\">La Comunidad apoyar\u00e1 la organizaci\u00f3n de ventid\u00f3s olimpiadas cient\u00edficas dn 2025<\/h3><p class=\"excerpt-item-custom-loop\">El Gobierno regional facilitara la organizaci\u00f3n de 22 olimpiadas cient\u00edficas el pr\u00f3ximo a\u00f1o gracias a las ayudas procedentes del \u00abProgr<\/p><button style=\"border-color:#d6d6d6; background:#d6d6d6;\">M\u00e1s<\/button><\/a><\/div><\/div><div class=\"item-custom-loop\"><div class=\"thumb-item-custom-loop\" style=\"background-image: url(https:\/\/olimpiadasrm.fseneca.es\/wp-content\/uploads\/la-comunidad-apoya-la-organizacion-de-22-olimpiadas-cientificas-para-fomentar-el-interes-de-los-jovenes-en-las-ciencias-y-carreras-stem-1.webp);\"><div class=\"category-post\">General<\/div><div style=\"background:#d6d6d6;\" class=\"cover-post\"><\/div><\/div><div class=\"content-item-custom-loop\" style=\"background:#d6d6d6;\"><a href=\"https:\/\/olimpiadasrm.fseneca.es\/?p=5919\" title=\"La Comunidad apoya la organizaci\u00f3n de 22 Olimpiadas Cient\u00edficas para fomentar el inter\u00e9s de los j\u00f3venes en las ciencias y carreras STEM\"><h3 class=\"title-item-custom-loop\">La Comunidad apoya la organizaci\u00f3n de 22 Olimpiadas Cient\u00edficas para fomentar el inter\u00e9s de los j\u00f3venes en las ciencias y carreras STEM<\/h3><p class=\"excerpt-item-custom-loop\"><\/p><button style=\"border-color:#d6d6d6; background:#d6d6d6;\">M\u00e1s<\/button><\/a><\/div><\/div><div class=\"item-custom-loop\"><div class=\"thumb-item-custom-loop\" style=\"background-image: url(https:\/\/olimpiadasrm.fseneca.es\/wp-content\/uploads\/2024120312512914037-13.webp);\"><div class=\"category-post\">General<\/div><div style=\"background:#d6d6d6;\" class=\"cover-post\"><\/div><\/div><div class=\"content-item-custom-loop\" style=\"background:#d6d6d6;\"><a href=\"https:\/\/olimpiadasrm.fseneca.es\/?p=5917\" title=\"La Fundaci\u00f3n S\u00e9neca fomentar\u00e1 las carreras STEM con 22 Olimpiadas Cient\u00edficas en 2025\"><h3 class=\"title-item-custom-loop\">La Fundaci\u00f3n S\u00e9neca fomentar\u00e1 las carreras STEM con 22 Olimpiadas Cient\u00edficas en 2025<\/h3><p class=\"excerpt-item-custom-loop\"><\/p><button style=\"border-color:#d6d6d6; background:#d6d6d6;\">M\u00e1s<\/button><\/a><\/div><\/div><div class=\"item-custom-loop\"><div class=\"thumb-item-custom-loop\" style=\"background-image: url();\"><div class=\"category-post\">Ciencias experimentales<\/div><div style=\"background:#00b55f;\" class=\"cover-post\"><\/div><\/div><div class=\"content-item-custom-loop\" style=\"background:#00b55f;\"><a href=\"https:\/\/olimpiadasrm.fseneca.es\/?p=5914\" title=\"LXI Olimpiada Matem\u00e1tica Espa\u00f1ola 2025\"><h3 class=\"title-item-custom-loop\">LXI Olimpiada Matem\u00e1tica Espa\u00f1ola 2025<\/h3><p class=\"excerpt-item-custom-loop\">El 19 de febrero, se celebr\u00f3 la entrega de premios de la LXI Olimpiada de Matem\u00e1ticas 2025 en el Sal\u00f3n de Actos \u00abIsaac Peral\u00bb de (UPCT)<\/p><button style=\"border-color:#00b55f; background:#00b55f;\">M\u00e1s<\/button><\/a><\/div><\/div><div class=\"item-custom-loop\"><div class=\"thumb-item-custom-loop\" style=\"background-image: url(https:\/\/olimpiadasrm.fseneca.es\/wp-content\/uploads\/articulos-1536563-1.jpg);\"><div class=\"category-post\">Ciencias experimentales<\/div><div style=\"background:#00b55f;\" class=\"cover-post\"><\/div><\/div><div class=\"content-item-custom-loop\" style=\"background:#00b55f;\"><a href=\"https:\/\/olimpiadasrm.fseneca.es\/?p=5912\" title=\"La excelencia en qu\u00edmica, a prueba este viernes en la XXX Olimpiada de la Regi\u00f3n de Murcia\"><h3 class=\"title-item-custom-loop\">La excelencia en qu\u00edmica, a prueba este viernes en la XXX Olimpiada de la Regi\u00f3n de Murcia<\/h3><p class=\"excerpt-item-custom-loop\">La iniciativa busca despertar el inter\u00e9s por la qu\u00edmica y mostrar su relevancia en la sociedad actual, en \u00e1mbitos como la sostenibilidad,<\/p><button style=\"border-color:#00b55f; background:#00b55f;\">M\u00e1s<\/button><\/a><\/div><\/div><div class=\"item-custom-loop\"><div class=\"thumb-item-custom-loop\" style=\"background-image: url(https:\/\/olimpiadasrm.fseneca.es\/wp-content\/uploads\/articulos-1538995-1.jpg);\"><div class=\"category-post\">Ciencias experimentales<\/div><div style=\"background:#00b55f;\" class=\"cover-post\"><\/div><\/div><div class=\"content-item-custom-loop\" style=\"background:#00b55f;\"><a href=\"https:\/\/olimpiadasrm.fseneca.es\/?p=5910\" title=\"Talento joven y r\u00e9cord de participaci\u00f3n en la Olimpiada de Qu\u00edmica de Murcia\"><h3 class=\"title-item-custom-loop\">Talento joven y r\u00e9cord de participaci\u00f3n en la Olimpiada de Qu\u00edmica de Murcia<\/h3><p class=\"excerpt-item-custom-loop\"><\/p><button style=\"border-color:#00b55f; background:#00b55f;\">M\u00e1s<\/button><\/a><\/div><\/div><\/div><\/div><\/div>\n\t\t\t\t<\/div>\n\t\t\t\t<\/div>\n\t\t\t\t\t<\/div>\n\t\t<\/div>\n\t\t\t\t\t<\/div>\n\t\t<\/section>\n\t\t\t\t<\/div>\n\t\t","protected":false},"excerpt":{"rendered":"<p>OLIMPIADAS CIENT\u00cdFICAS DE LA REGI\u00d3N DE MURCIA, Bienvenidos al futuro Objetivos de las Olimpiadas Promocionar El inter\u00e9s por el conocimiento cient\u00edfico con competiciones regionales y nacionales. DESTACAR La importancia de las diversas ciencias y su contribuci\u00f3n al progreso y la divulgaci\u00f3n. DETECTAR Talentos precoces poniendo en juego sus habilidades, destrezas y aptitudes. ANIMAR Las vocaciones [&hellip;]<\/p>\n","protected":false},"author":1,"featured_media":0,"parent":0,"menu_order":0,"comment_status":"closed","ping_status":"closed","template":"","meta":{"_acf_changed":false,"footnotes":""},"acf":[],"aioseo_notices":[],"_links":{"self":[{"href":"https:\/\/olimpiadasrm.fseneca.es\/index.php?rest_route=\/wp\/v2\/pages\/119"}],"collection":[{"href":"https:\/\/olimpiadasrm.fseneca.es\/index.php?rest_route=\/wp\/v2\/pages"}],"about":[{"href":"https:\/\/olimpiadasrm.fseneca.es\/index.php?rest_route=\/wp\/v2\/types\/page"}],"author":[{"embeddable":true,"href":"https:\/\/olimpiadasrm.fseneca.es\/index.php?rest_route=\/wp\/v2\/users\/1"}],"replies":[{"embeddable":true,"href":"https:\/\/olimpiadasrm.fseneca.es\/index.php?rest_route=%2Fwp%2Fv2%2Fcomments&post=119"}],"version-history":[{"count":19,"href":"https:\/\/olimpiadasrm.fseneca.es\/index.php?rest_route=\/wp\/v2\/pages\/119\/revisions"}],"predecessor-version":[{"id":2399,"href":"https:\/\/olimpiadasrm.fseneca.es\/index.php?rest_route=\/wp\/v2\/pages\/119\/revisions\/2399"}],"wp:attachment":[{"href":"https:\/\/olimpiadasrm.fseneca.es\/index.php?rest_route=%2Fwp%2Fv2%2Fmedia&parent=119"}],"curies":[{"name":"wp","href":"https:\/\/api.w.org\/{rel}","templated":true}]}}