{"id":7,"date":"2023-07-13T13:40:08","date_gmt":"2023-07-13T11:40:08","guid":{"rendered":"https:\/\/lab.germinalbrandonlove.com\/olimpiadas\/?page_id=7"},"modified":"2024-09-23T14:18:40","modified_gmt":"2024-09-23T12:18:40","slug":"inicio","status":"publish","type":"page","link":"https:\/\/olimpiadasrm.fseneca.es\/","title":{"rendered":"Inicio"},"content":{"rendered":"\t\t<div data-elementor-type=\"wp-page\" data-elementor-id=\"7\" class=\"elementor elementor-7\" data-elementor-post-type=\"page\">\n\t\t\t\t\t\t<section class=\"elementor-section elementor-top-section elementor-element elementor-element-b6c0cc4 slider-homex elementor-section-boxed elementor-section-height-default elementor-section-height-default\" data-id=\"b6c0cc4\" data-element_type=\"section\" data-settings=\"{&quot;background_background&quot;:&quot;classic&quot;}\">\n\t\t\t\t\t\t<div class=\"elementor-container elementor-column-gap-no\">\n\t\t\t\t\t<div class=\"elementor-column elementor-col-100 elementor-top-column elementor-element elementor-element-3f18945\" data-id=\"3f18945\" data-element_type=\"column\">\n\t\t\t<div class=\"elementor-widget-wrap elementor-element-populated\">\n\t\t\t\t\t\t<section class=\"elementor-section elementor-inner-section elementor-element elementor-element-5693d5b elementor-section-boxed elementor-section-height-default elementor-section-height-default\" data-id=\"5693d5b\" data-element_type=\"section\">\n\t\t\t\t\t\t<div class=\"elementor-container elementor-column-gap-default\">\n\t\t\t\t\t<div class=\"elementor-column elementor-col-100 elementor-inner-column elementor-element elementor-element-0f8fdcc\" data-id=\"0f8fdcc\" data-element_type=\"column\">\n\t\t\t<div class=\"elementor-widget-wrap elementor-element-populated\">\n\t\t\t\t\t\t<div class=\"elementor-element elementor-element-364e45f elementor-widget elementor-widget-shortcode\" data-id=\"364e45f\" data-element_type=\"widget\" data-widget_type=\"shortcode.default\">\n\t\t\t\t<div class=\"elementor-widget-container\">\n\t\t\t\t\t<div class=\"elementor-shortcode\"><div class=\"slider-home\"><div class=\"entrada portada-slider\"><img decoding=\"async\" src=\"https:\/\/olimpiadasrm.fseneca.es\/wp-content\/uploads\/slider-olimpiadas-1536x912.png\" \/><\/div><div class=\"entrada\"><div class=\"datos-entrada\" style=\"background-color:#d6d6d6;\"><h2>Abierta la inscripci\u00f3n para las Olimpiadas Cient\u00edficas<\/h2><p>En la convocatoria de la Cat\u00f3lica, con importantes premios, podr\u00e1n participar estudiantes de 1\u00ba y 2\u00ba de Bachillerato y FP Superior<\/p><a href=\"https:\/\/olimpiadasrm.fseneca.es\/?p=6009\">Leer m\u00e1s<\/a><\/div><div class=\"imagen-entrada\" style=\"background-image: url();\"><\/div><\/div><div class=\"entrada\"><div class=\"datos-entrada\" style=\"background-color:#d84459;\"><h2>Inscripciones hasta el 2 de febrero para las olimpiadas regionales de Arquitectura y Agr\u00f3nomos<\/h2><p>La Escuela de Arquitectura y Edificaci\u00f3n y la Escuela de Agr\u00f3nomos de la Universidad Polit\u00e9cnica de Cartagena han abierto inscripciones para las olimpiadas regionales que organizan.<\/p><a href=\"https:\/\/olimpiadasrm.fseneca.es\/?p=6004\">Leer m\u00e1s<\/a><\/div><div class=\"imagen-entrada\" style=\"background-image: url(https:\/\/olimpiadasrm.fseneca.es\/wp-content\/uploads\/23012023911031-1.jpg);\"><\/div><\/div><div class=\"entrada\"><div class=\"datos-entrada\" style=\"background-color:#d84459;\"><h2>150 estudiantes compiten este viernes en la XI Olimpiada Agroalimentaria<\/h2><p><\/p><a href=\"https:\/\/olimpiadasrm.fseneca.es\/?p=6002\">Leer m\u00e1s<\/a><\/div><div class=\"imagen-entrada\" style=\"background-image: url(https:\/\/olimpiadasrm.fseneca.es\/wp-content\/uploads\/img_15014img_14936img_8773Olimpiadas_ETSIA_UPCT_2017.jpg);\"><\/div><\/div><div class=\"entrada\"><div class=\"datos-entrada\" style=\"background-color:#00b55f;\"><h2>XVI Olimpiada de Geolog\u00eda de la Regi\u00f3n de Murcia<\/h2><p>Estudiantes de ESO y Bachillerato participan el viernes en Olimpiada de Geolog\u00eda de la Regi\u00f3n de Murcia<\/p><a href=\"https:\/\/olimpiadasrm.fseneca.es\/?p=6000\">Leer m\u00e1s<\/a><\/div><div class=\"imagen-entrada\" style=\"background-image: url(https:\/\/olimpiadasrm.fseneca.es\/wp-content\/uploads\/202322414428_Participantes20XIV20Olimpiada20Geologia.jpg);\"><\/div><\/div><div class=\"entrada\"><div class=\"datos-entrada\" style=\"background-color:#00b55f;\"><h2>La Universidad de Murcia entrega los premios a la Olimpiada de Geolog\u00eda de la Regi\u00f3n<\/h2><p>La jornada incluy\u00f3 una charla sobre la sierra de Quibas hace un mill\u00f3n de a\u00f1os, una sesi\u00f3n de pr\u00e1cticas y una visita al Museo de Suelos<\/p><a href=\"https:\/\/olimpiadasrm.fseneca.es\/?p=5999\">Leer m\u00e1s<\/a><\/div><div class=\"imagen-entrada\" style=\"background-image: url();\"><\/div><\/div><div class=\"entrada\"><div class=\"datos-entrada\" style=\"background-color:#ffd02c;\"><h2>Casi 80 preuniversitarios de la Regi\u00f3n miden sus conocimientos en la Olimpiada de Ciencias de la Empresa<\/h2><p>La edici\u00f3n n\u00famero 19 de la Olimpiada de Ciencias de la Empresa ha congregado este viernes en la Universidad Polit\u00e9cnica de Cartagena (UPCT) a 78 estudiantes preuniversitarios de 13 centros educativos de la Regi\u00f3n para fomentar los estudios en Econom\u00eda y Empresa.<\/p><a href=\"https:\/\/olimpiadasrm.fseneca.es\/?p=5997\">Leer m\u00e1s<\/a><\/div><div class=\"imagen-entrada\" style=\"background-image: url(https:\/\/olimpiadasrm.fseneca.es\/wp-content\/uploads\/img_15169DSC_0023-28.jpg);\"><\/div><\/div><div class=\"entrada\"><div class=\"datos-entrada\" style=\"background-color:#00b55f;\"><h2>El Campus Universitario de Lorca acoger\u00e1 el pr\u00f3ximo s\u00e1bado la final de la XXXIII Olimpiada Matem\u00e1tica de la Regi\u00f3n de Murcia<\/h2><p>El pr\u00f3ximo s\u00e1bado, 6 de mayo, tendr\u00e1 lugar la fase Regional de la XXXIII Olimpiada matem\u00e1tica de la Regi\u00f3n de Murcia, en la que participar\u00e1n los 40 alumnos seleccionados en la fase comarcal, 20 de 6.\u00ba de Educaci\u00f3n Primaria y 20 de 2.\u00ba de Educaci\u00f3n Secundaria Obligatoria .<\/p><a href=\"https:\/\/olimpiadasrm.fseneca.es\/?p=5995\">Leer m\u00e1s<\/a><\/div><div class=\"imagen-entrada\" style=\"background-image: url(https:\/\/olimpiadasrm.fseneca.es\/wp-content\/uploads\/040520231230461-1.jpg);\"><\/div><\/div><div class=\"entrada\"><div class=\"datos-entrada\" style=\"background-color:#d84459;\"><h2>Los estudiantes de Bachillerato del IES Miguel de Cervantes, Maristas y Monteagudo, ganadores de la I Olimpiada de Teleco<\/h2><p><\/p><a href=\"https:\/\/olimpiadasrm.fseneca.es\/?p=5989\">Leer m\u00e1s<\/a><\/div><div class=\"imagen-entrada\" style=\"background-image: url(https:\/\/olimpiadasrm.fseneca.es\/wp-content\/uploads\/img_15354WhatsApp20Image202023-06-1920at2018.35.44.jpeg);\"><\/div><\/div><div class=\"entrada\"><div class=\"datos-entrada\" style=\"background-color:#00b55f;\"><h2>Las Olimpiadas Cient\u00edficas congregar\u00e1n a m\u00e1s de 4.000 alumnos<\/h2><p>Los estudiantes participantes competir\u00e1n en m\u00e1s de una veintena de disciplinas diferentes y representar\u00e1n a trescientos institutos murcianos<\/p><a href=\"https:\/\/olimpiadasrm.fseneca.es\/?p=5988\">Leer m\u00e1s<\/a><\/div><div class=\"imagen-entrada\" style=\"background-image: url();\"><\/div><\/div><div class=\"entrada\"><div class=\"datos-entrada\" style=\"background-color:#d84459;\"><h2>La Cat\u00f3lica premia a los ganadores de sus Olimpiadas Cient\u00edficas<\/h2><p><\/p><a href=\"https:\/\/olimpiadasrm.fseneca.es\/?p=5992\">Leer m\u00e1s<\/a><\/div><div class=\"imagen-entrada\" style=\"background-image: url();\"><\/div><\/div><\/div><\/div>\n\t\t\t\t<\/div>\n\t\t\t\t<\/div>\n\t\t\t\t\t<\/div>\n\t\t<\/div>\n\t\t\t\t\t<\/div>\n\t\t<\/section>\n\t\t\t\t\t<\/div>\n\t\t<\/div>\n\t\t\t\t\t<\/div>\n\t\t<\/section>\n\t\t\t\t<section class=\"elementor-section elementor-top-section elementor-element elementor-element-78ec9bf elementor-section-boxed elementor-section-height-default elementor-section-height-default\" data-id=\"78ec9bf\" data-element_type=\"section\" data-settings=\"{&quot;background_background&quot;:&quot;classic&quot;}\">\n\t\t\t\t\t\t<div class=\"elementor-container elementor-column-gap-default\">\n\t\t\t\t\t<div class=\"elementor-column elementor-col-100 elementor-top-column elementor-element elementor-element-11787eb frame-gray\" data-id=\"11787eb\" data-element_type=\"column\" data-settings=\"{&quot;background_background&quot;:&quot;classic&quot;}\">\n\t\t\t<div class=\"elementor-widget-wrap elementor-element-populated\">\n\t\t\t\t\t\t<div class=\"elementor-element elementor-element-89ef27c elementor-widget elementor-widget-heading\" data-id=\"89ef27c\" data-element_type=\"widget\" data-widget_type=\"heading.default\">\n\t\t\t\t<div class=\"elementor-widget-container\">\n\t\t\t<h2 class=\"elementor-heading-title elementor-size-default\">Olimpiadas<\/h2>\t\t<\/div>\n\t\t\t\t<\/div>\n\t\t\t\t\t<\/div>\n\t\t<\/div>\n\t\t\t\t\t<\/div>\n\t\t<\/section>\n\t\t\t\t<section class=\"elementor-section elementor-top-section elementor-element elementor-element-1bd27b5 elementor-section-boxed elementor-section-height-default elementor-section-height-default\" data-id=\"1bd27b5\" data-element_type=\"section\">\n\t\t\t\t\t\t<div class=\"elementor-container elementor-column-gap-default\">\n\t\t\t\t\t<div class=\"elementor-column elementor-col-25 elementor-top-column elementor-element elementor-element-82882e5\" data-id=\"82882e5\" data-element_type=\"column\">\n\t\t\t<div class=\"elementor-widget-wrap elementor-element-populated\">\n\t\t\t\t\t\t<div class=\"elementor-element elementor-element-31f9a66 wrapper-icon-area elementor-widget elementor-widget-image\" data-id=\"31f9a66\" data-element_type=\"widget\" data-widget_type=\"image.default\">\n\t\t\t\t<div class=\"elementor-widget-container\">\n\t\t\t\t\t\t\t\t\t\t\t\t\t<img decoding=\"async\" width=\"197\" height=\"166\" src=\"https:\/\/olimpiadasrm.fseneca.es\/wp-content\/uploads\/ciencias-icon.svg\" class=\"attachment-large size-large wp-image-35\" alt=\"\" \/>\t\t\t\t\t\t\t\t\t\t\t\t\t<\/div>\n\t\t\t\t<\/div>\n\t\t\t\t<div class=\"elementor-element elementor-element-c05e7f6 titulo-area-home elementor-widget elementor-widget-heading\" data-id=\"c05e7f6\" data-element_type=\"widget\" data-widget_type=\"heading.default\">\n\t\t\t\t<div class=\"elementor-widget-container\">\n\t\t\t<h2 class=\"elementor-heading-title elementor-size-default\">Ciencias experimentales<\/h2>\t\t<\/div>\n\t\t\t\t<\/div>\n\t\t\t\t<div class=\"elementor-element elementor-element-54be725 elementor-widget elementor-widget-shortcode\" data-id=\"54be725\" data-element_type=\"widget\" data-widget_type=\"shortcode.default\">\n\t\t\t\t<div class=\"elementor-widget-container\">\n\t\t\t\t\t<div class=\"elementor-shortcode\"><ul><li><a href=\"https:\/\/olimpiadasrm.fseneca.es\/?olimpiadas=lxii-olimpiada-matematica-espanola-bachillerato\">Matem\u00e1tica (Bachillerato)<\/a><\/li><li><a href=\"https:\/\/olimpiadasrm.fseneca.es\/?olimpiadas=xxxvi-olimpiada-matematica-de-la-region-de-murcia-6o-primaria-y-2o-eso\">Matem\u00e1tica (6\u00ba Primaria y 2\u00ba ESO)<\/a><\/li><li><a href=\"https:\/\/olimpiadasrm.fseneca.es\/?olimpiadas=xxxi-olimpiada-de-quimica-de-la-region-de-murcia-2026\">Qu\u00edmica<\/a><\/li><li><a href=\"https:\/\/olimpiadasrm.fseneca.es\/?olimpiadas=olimpiada-de-fisica-de-la-region-de-murcia-2026\">F\u00edsica<\/a><\/li><li><a href=\"https:\/\/olimpiadasrm.fseneca.es\/?olimpiadas=xx-olimpiada-regional-de-biologia\">Biolog\u00eda<\/a><\/li><li><a href=\"https:\/\/olimpiadasrm.fseneca.es\/?olimpiadas=xvii-olimpiada-de-geologia-de-la-region-de-murcia\">Geolog\u00eda<\/a><\/li><li><a href=\"https:\/\/olimpiadasrm.fseneca.es\/?olimpiadas=olimpiadas-cientificas-ciencias-de-la-salud-ucam-2026\">Ciencias de la Salud<\/a><\/li><li><a href=\"https:\/\/olimpiadasrm.fseneca.es\/?olimpiadas=first-data-cuanto-concurso-de-estadistica-de-la-region-de-murcia\">Estad\u00edstica<\/a><\/li><li><a href=\"https:\/\/olimpiadasrm.fseneca.es\/?olimpiadas=olimpiada-internacional-de-logica\">L\u00f3gica<\/a><\/li><\/ul><\/div>\n\t\t\t\t<\/div>\n\t\t\t\t<\/div>\n\t\t\t\t\t<\/div>\n\t\t<\/div>\n\t\t\t\t<div class=\"elementor-column elementor-col-25 elementor-top-column elementor-element elementor-element-cc3c974\" data-id=\"cc3c974\" data-element_type=\"column\">\n\t\t\t<div class=\"elementor-widget-wrap elementor-element-populated\">\n\t\t\t\t\t\t<div class=\"elementor-element elementor-element-ac6af4a wrapper-icon-area elementor-widget elementor-widget-image\" data-id=\"ac6af4a\" data-element_type=\"widget\" data-widget_type=\"image.default\">\n\t\t\t\t<div class=\"elementor-widget-container\">\n\t\t\t\t\t\t\t\t\t\t\t\t\t<img decoding=\"async\" width=\"182\" height=\"143\" src=\"https:\/\/olimpiadasrm.fseneca.es\/wp-content\/uploads\/sociales-icon.svg\" class=\"attachment-large size-large wp-image-37\" alt=\"\" \/>\t\t\t\t\t\t\t\t\t\t\t\t\t<\/div>\n\t\t\t\t<\/div>\n\t\t\t\t<div class=\"elementor-element elementor-element-8a6dea2 titulo-area-home elementor-widget elementor-widget-heading\" data-id=\"8a6dea2\" data-element_type=\"widget\" data-widget_type=\"heading.default\">\n\t\t\t\t<div class=\"elementor-widget-container\">\n\t\t\t<h2 class=\"elementor-heading-title elementor-size-default\">Ciencias sociales, jur\u00eddicas y humanidades<\/h2>\t\t<\/div>\n\t\t\t\t<\/div>\n\t\t\t\t<div class=\"elementor-element elementor-element-e0e186e elementor-widget elementor-widget-shortcode\" data-id=\"e0e186e\" data-element_type=\"widget\" data-widget_type=\"shortcode.default\">\n\t\t\t\t<div class=\"elementor-widget-container\">\n\t\t\t\t\t<div class=\"elementor-shortcode\"><ul><li><a href=\"https:\/\/olimpiadasrm.fseneca.es\/?olimpiadas=xii-olimpiada-filosofica-de-la-region-de-murcia\">Filosof\u00eda<\/a><\/li><li><a href=\"https:\/\/olimpiadasrm.fseneca.es\/?olimpiadas=xvi-olimpiada-geografica-de-la-region-de-murcia-y-vi-olimpiada-junior-de-geografia-de-la-region-de-murcia\">Geograf\u00eda<\/a><\/li><li><a href=\"https:\/\/olimpiadasrm.fseneca.es\/?olimpiadas=fase-regional-xvii-olimpiada-de-economia-2026\">Econom\u00eda<\/a><\/li><li><a href=\"https:\/\/olimpiadasrm.fseneca.es\/?olimpiadas=xxii-olimpiadas-de-ciencias-de-la-empresa\">Empresa<\/a><\/li><li><a href=\"https:\/\/olimpiadasrm.fseneca.es\/?olimpiadas=xix-olimpiadas-de-lenguas-clasicas\">Lenguas cl\u00e1sicas<\/a><\/li><li><a href=\"https:\/\/olimpiadasrm.fseneca.es\/?olimpiadas=iv-olympiade-francophone\">Franc\u00e9s<\/a><\/li><li><a href=\"https:\/\/olimpiadasrm.fseneca.es\/?olimpiadas=viii-olimpiada-constitucional-de-la-region-de-murcia\">Constitucional<\/a><\/li><\/ul><\/div>\n\t\t\t\t<\/div>\n\t\t\t\t<\/div>\n\t\t\t\t\t<\/div>\n\t\t<\/div>\n\t\t\t\t<div class=\"elementor-column elementor-col-25 elementor-top-column elementor-element elementor-element-df61b93\" data-id=\"df61b93\" data-element_type=\"column\">\n\t\t\t<div class=\"elementor-widget-wrap elementor-element-populated\">\n\t\t\t\t\t\t<div class=\"elementor-element elementor-element-d43be7d wrapper-icon-area elementor-widget elementor-widget-image\" data-id=\"d43be7d\" data-element_type=\"widget\" data-widget_type=\"image.default\">\n\t\t\t\t<div class=\"elementor-widget-container\">\n\t\t\t\t\t\t\t\t\t\t\t\t\t<img decoding=\"async\" width=\"187\" height=\"134\" src=\"https:\/\/olimpiadasrm.fseneca.es\/wp-content\/uploads\/ingenieria-icon.svg\" class=\"attachment-large size-large wp-image-36\" alt=\"\" \/>\t\t\t\t\t\t\t\t\t\t\t\t\t<\/div>\n\t\t\t\t<\/div>\n\t\t\t\t<div class=\"elementor-element elementor-element-4fe53d7 titulo-area-home elementor-widget elementor-widget-heading\" data-id=\"4fe53d7\" data-element_type=\"widget\" data-widget_type=\"heading.default\">\n\t\t\t\t<div class=\"elementor-widget-container\">\n\t\t\t<h2 class=\"elementor-heading-title elementor-size-default\">INGENIER\u00cdAS Y ARQUITECTURA<\/h2>\t\t<\/div>\n\t\t\t\t<\/div>\n\t\t\t\t<div class=\"elementor-element elementor-element-61290ec elementor-widget elementor-widget-shortcode\" data-id=\"61290ec\" data-element_type=\"widget\" data-widget_type=\"shortcode.default\">\n\t\t\t\t<div class=\"elementor-widget-container\">\n\t\t\t\t\t<div class=\"elementor-shortcode\"><ul><li><a href=\"https:\/\/olimpiadasrm.fseneca.es\/?olimpiadas=xix-olimpiada-informatica-de-la-region-de-murcia-oirm26\">Inform\u00e1tica<\/a><\/li><li><a href=\"https:\/\/olimpiadasrm.fseneca.es\/?olimpiadas=fase-regional-de-la-olimpiada-nacional-de-ingenieria-de-caminos-canales-y-puertos-edicion-2026\">Ingenier\u00eda de Caminos, Canales y Puertos<\/a><\/li><li><a href=\"https:\/\/olimpiadasrm.fseneca.es\/?olimpiadas=iv-telecogames\">Telecomunicaciones<\/a><\/li><li><a href=\"https:\/\/olimpiadasrm.fseneca.es\/?olimpiadas=ix-olimpiada-de-la-arquitectura-de-la-region-de-murcia-make-cool-your-school\">Arquitectura<\/a><\/li><li><a href=\"https:\/\/olimpiadasrm.fseneca.es\/?olimpiadas=olimpiadas-cientificas-tecnologicas-ucam-2026\">Ciencias Polit\u00e9cnicas<\/a><\/li><li><a href=\"https:\/\/olimpiadasrm.fseneca.es\/?olimpiadas=v-olimpiada-de-dibujo-tecnico-memoria-agustin-dieguez\">Dibujo T\u00e9cnico<\/a><\/li><li><a href=\"https:\/\/olimpiadasrm.fseneca.es\/?olimpiadas=i-olimpiada-de-gestion-de-proyectos-industriales-upct-2026\">Proyectos Industriales<\/a><\/li><\/ul><\/div>\n\t\t\t\t<\/div>\n\t\t\t\t<\/div>\n\t\t\t\t\t<\/div>\n\t\t<\/div>\n\t\t\t\t<div class=\"elementor-column elementor-col-25 elementor-top-column elementor-element elementor-element-9c906f2\" data-id=\"9c906f2\" data-element_type=\"column\">\n\t\t\t<div class=\"elementor-widget-wrap elementor-element-populated\">\n\t\t\t\t\t\t<div class=\"elementor-element elementor-element-e590e0e wrapper-icon-area elementor-widget elementor-widget-image\" data-id=\"e590e0e\" data-element_type=\"widget\" data-widget_type=\"image.default\">\n\t\t\t\t<div class=\"elementor-widget-container\">\n\t\t\t\t\t\t\t\t\t\t\t\t\t<img loading=\"lazy\" decoding=\"async\" width=\"173\" height=\"144\" src=\"https:\/\/olimpiadasrm.fseneca.es\/wp-content\/uploads\/talento-icon.svg\" class=\"attachment-large size-large wp-image-38\" alt=\"\" \/>\t\t\t\t\t\t\t\t\t\t\t\t\t<\/div>\n\t\t\t\t<\/div>\n\t\t\t\t<div class=\"elementor-element elementor-element-628e49d titulo-area-home elementor-widget elementor-widget-heading\" data-id=\"628e49d\" data-element_type=\"widget\" data-widget_type=\"heading.default\">\n\t\t\t\t<div class=\"elementor-widget-container\">\n\t\t\t<h2 class=\"elementor-heading-title elementor-size-default\">Talento <br>innovador<\/h2>\t\t<\/div>\n\t\t\t\t<\/div>\n\t\t\t\t<div class=\"elementor-element elementor-element-7b5b5f7 elementor-widget elementor-widget-shortcode\" data-id=\"7b5b5f7\" data-element_type=\"widget\" data-widget_type=\"shortcode.default\">\n\t\t\t\t<div class=\"elementor-widget-container\">\n\t\t\t\t\t<div class=\"elementor-shortcode\"><ul><li><a href=\"https:\/\/olimpiadasrm.fseneca.es\/?olimpiadas=xvi-olimpiada-de-creatividad-de-la-region-de-murcia\">Creatividad<\/a><\/li><\/ul><\/div>\n\t\t\t\t<\/div>\n\t\t\t\t<\/div>\n\t\t\t\t\t<\/div>\n\t\t<\/div>\n\t\t\t\t\t<\/div>\n\t\t<\/section>\n\t\t\t\t<section class=\"elementor-section elementor-top-section elementor-element elementor-element-412efaf elementor-section-boxed elementor-section-height-default elementor-section-height-default\" data-id=\"412efaf\" data-element_type=\"section\" data-settings=\"{&quot;background_background&quot;:&quot;classic&quot;}\">\n\t\t\t\t\t\t<div class=\"elementor-container elementor-column-gap-default\">\n\t\t\t\t\t<div class=\"elementor-column elementor-col-100 elementor-top-column elementor-element elementor-element-e94b1cf\" data-id=\"e94b1cf\" data-element_type=\"column\" data-settings=\"{&quot;background_background&quot;:&quot;classic&quot;}\">\n\t\t\t<div class=\"elementor-widget-wrap elementor-element-populated\">\n\t\t\t\t\t\t<section class=\"elementor-section elementor-inner-section elementor-element elementor-element-9324c32 elementor-section-boxed elementor-section-height-default elementor-section-height-default\" data-id=\"9324c32\" data-element_type=\"section\">\n\t\t\t\t\t\t<div class=\"elementor-container elementor-column-gap-default\">\n\t\t\t\t\t<div class=\"elementor-column elementor-col-50 elementor-inner-column elementor-element elementor-element-2308662\" data-id=\"2308662\" data-element_type=\"column\">\n\t\t\t<div class=\"elementor-widget-wrap elementor-element-populated\">\n\t\t\t\t\t\t<div class=\"elementor-element elementor-element-313bcdc elementor-hidden-mobile elementor-widget elementor-widget-image\" data-id=\"313bcdc\" data-element_type=\"widget\" data-widget_type=\"image.default\">\n\t\t\t\t<div class=\"elementor-widget-container\">\n\t\t\t\t\t\t\t\t\t\t\t\t\t<img loading=\"lazy\" decoding=\"async\" width=\"712\" height=\"822\" src=\"https:\/\/olimpiadasrm.fseneca.es\/wp-content\/uploads\/hexagono-icono.png\" class=\"attachment-large size-large wp-image-151\" alt=\"\" srcset=\"https:\/\/olimpiadasrm.fseneca.es\/wp-content\/uploads\/hexagono-icono.png 712w, https:\/\/olimpiadasrm.fseneca.es\/wp-content\/uploads\/hexagono-icono-520x600.png 520w\" sizes=\"(max-width: 712px) 100vw, 712px\" \/>\t\t\t\t\t\t\t\t\t\t\t\t\t<\/div>\n\t\t\t\t<\/div>\n\t\t\t\t\t<\/div>\n\t\t<\/div>\n\t\t\t\t<div class=\"elementor-column elementor-col-50 elementor-inner-column elementor-element elementor-element-113089d\" data-id=\"113089d\" data-element_type=\"column\">\n\t\t\t<div class=\"elementor-widget-wrap elementor-element-populated\">\n\t\t\t\t\t\t<div class=\"elementor-element elementor-element-9ba7a0e elementor-widget elementor-widget-heading\" data-id=\"9ba7a0e\" data-element_type=\"widget\" data-widget_type=\"heading.default\">\n\t\t\t\t<div class=\"elementor-widget-container\">\n\t\t\t<h2 class=\"elementor-heading-title elementor-size-default\">Encuentra tu convocatoria<\/h2>\t\t<\/div>\n\t\t\t\t<\/div>\n\t\t\t\t<div class=\"elementor-element elementor-element-f460776 elementor-widget elementor-widget-shortcode\" data-id=\"f460776\" data-element_type=\"widget\" data-widget_type=\"shortcode.default\">\n\t\t\t\t<div class=\"elementor-widget-container\">\n\t\t\t\t\t<div class=\"elementor-shortcode\"><div class=\"asl_w_container asl_w_container_1\" data-id=\"1\" data-instance=\"1\">\n\t<div id='ajaxsearchlite1'\n\t\tdata-id=\"1\"\n\t\tdata-instance=\"1\"\n\t\tclass=\"asl_w asl_m asl_m_1 asl_m_1_1\">\n\t\t<div class=\"probox\">\n\n\t\n\t<div class='prosettings' style='display:none;' data-opened=0>\n\t\t\t\t<div class='innericon'>\n\t\t\t<svg version=\"1.1\" xmlns=\"http:\/\/www.w3.org\/2000\/svg\" xmlns:xlink=\"http:\/\/www.w3.org\/1999\/xlink\" x=\"0px\" y=\"0px\" width=\"22\" height=\"22\" viewBox=\"0 0 512 512\" enable-background=\"new 0 0 512 512\" xml:space=\"preserve\">\n\t\t\t\t\t<polygon transform = \"rotate(90 256 256)\" points=\"142.332,104.886 197.48,50 402.5,256 197.48,462 142.332,407.113 292.727,256 \"\/>\n\t\t\t\t<\/svg>\n\t\t<\/div>\n\t<\/div>\n\n\t\n\t\n\t<div class='proinput'>\n\t\t<form role=\"search\" action='#' autocomplete=\"off\"\n\t\t\t\taria-label=\"Formulario de b\u00fasqueda\">\n\t\t\t<input aria-label=\"Campo de b\u00fasqueda\"\n\t\t\t\t\ttype='search' class='orig'\n\t\t\t\t\ttabindex=\"0\"\n\t\t\t\t\tname='phrase'\n\t\t\t\t\tplaceholder='Buscar olimpiada..'\n\t\t\t\t\tvalue=''\n\t\t\t\t\tautocomplete=\"off\"\/>\n\t\t\t<input aria-label=\"Autocompletado de b\u00fasqueda\"\n\t\t\t\t\ttype='text'\n\t\t\t\t\tclass='autocomplete'\n\t\t\t\t\ttabindex=\"-1\"\n\t\t\t\t\tname='phrase'\n\t\t\t\t\tvalue=''\n\t\t\t\t\tautocomplete=\"off\" disabled\/>\n\t\t\t<input type='submit' value=\"Start search\" style='width:0; height: 0; visibility: hidden;'>\n\t\t<\/form>\n\t<\/div>\n\n\t\n\t\n\t<button class='promagnifier' tabindex=\"0\" aria-label=\"Lupa de b\u00fasqueda\">\n\t\t\t\t<span class='innericon' style=\"display:block;\">\n\t\t\t<svg version=\"1.1\" xmlns=\"http:\/\/www.w3.org\/2000\/svg\" xmlns:xlink=\"http:\/\/www.w3.org\/1999\/xlink\" x=\"0px\" y=\"0px\" width=\"22\" height=\"22\" viewBox=\"0 0 512 512\" enable-background=\"new 0 0 512 512\" xml:space=\"preserve\">\n\t\t\t\t\t<path d=\"M460.355,421.59L353.844,315.078c20.041-27.553,31.885-61.437,31.885-98.037\n\t\t\t\t\t\tC385.729,124.934,310.793,50,218.686,50C126.58,50,51.645,124.934,51.645,217.041c0,92.106,74.936,167.041,167.041,167.041\n\t\t\t\t\t\tc34.912,0,67.352-10.773,94.184-29.158L419.945,462L460.355,421.59z M100.631,217.041c0-65.096,52.959-118.056,118.055-118.056\n\t\t\t\t\t\tc65.098,0,118.057,52.959,118.057,118.056c0,65.096-52.959,118.056-118.057,118.056C153.59,335.097,100.631,282.137,100.631,217.041\n\t\t\t\t\t\tz\"\/>\n\t\t\t\t<\/svg>\n\t\t<\/span>\n\t<\/button>\n\n\t\n\t\n\t<div class='proloading'>\n\n\t\t<div class=\"asl_loader\"><div class=\"asl_loader-inner asl_simple-circle\"><\/div><\/div>\n\n\t\t\t<\/div>\n\n\t\t\t<div class='proclose'>\n\t\t\t<svg version=\"1.1\" xmlns=\"http:\/\/www.w3.org\/2000\/svg\" xmlns:xlink=\"http:\/\/www.w3.org\/1999\/xlink\" x=\"0px\"\n\t\t\t\ty=\"0px\"\n\t\t\t\twidth=\"12\" height=\"12\" viewBox=\"0 0 512 512\" enable-background=\"new 0 0 512 512\"\n\t\t\t\txml:space=\"preserve\">\n\t\t\t\t<polygon points=\"438.393,374.595 319.757,255.977 438.378,137.348 374.595,73.607 255.995,192.225 137.375,73.622 73.607,137.352 192.246,255.983 73.622,374.625 137.352,438.393 256.002,319.734 374.652,438.378 \"\/>\n\t\t\t<\/svg>\n\t\t<\/div>\n\t\n\t\n<\/div>\t<\/div>\n\t<div class='asl_data_container' style=\"display:none !important;\">\n\t\t<div class=\"asl_init_data wpdreams_asl_data_ct\"\n\tstyle=\"display:none !important;\"\n\tid=\"asl_init_id_1\"\n\tdata-asl-id=\"1\"\n\tdata-asl-instance=\"1\"\n\tdata-settings=\"{&quot;homeurl&quot;:&quot;https:\\\/\\\/olimpiadasrm.fseneca.es\\\/&quot;,&quot;resultstype&quot;:&quot;vertical&quot;,&quot;resultsposition&quot;:&quot;hover&quot;,&quot;itemscount&quot;:4,&quot;charcount&quot;:0,&quot;highlight&quot;:true,&quot;highlightWholewords&quot;:true,&quot;singleHighlight&quot;:false,&quot;scrollToResults&quot;:{&quot;enabled&quot;:false,&quot;offset&quot;:0},&quot;resultareaclickable&quot;:1,&quot;autocomplete&quot;:{&quot;enabled&quot;:false,&quot;lang&quot;:&quot;es&quot;,&quot;trigger_charcount&quot;:0},&quot;mobile&quot;:{&quot;menu_selector&quot;:&quot;#menu-toggle&quot;},&quot;trigger&quot;:{&quot;click&quot;:&quot;results_page&quot;,&quot;click_location&quot;:&quot;same&quot;,&quot;update_href&quot;:false,&quot;return&quot;:&quot;results_page&quot;,&quot;return_location&quot;:&quot;same&quot;,&quot;facet&quot;:true,&quot;type&quot;:true,&quot;redirect_url&quot;:&quot;?s={phrase}&quot;,&quot;delay&quot;:300},&quot;animations&quot;:{&quot;pc&quot;:{&quot;settings&quot;:{&quot;anim&quot;:&quot;fadedrop&quot;,&quot;dur&quot;:300},&quot;results&quot;:{&quot;anim&quot;:&quot;fadedrop&quot;,&quot;dur&quot;:300},&quot;items&quot;:&quot;voidanim&quot;},&quot;mob&quot;:{&quot;settings&quot;:{&quot;anim&quot;:&quot;fadedrop&quot;,&quot;dur&quot;:300},&quot;results&quot;:{&quot;anim&quot;:&quot;fadedrop&quot;,&quot;dur&quot;:300},&quot;items&quot;:&quot;voidanim&quot;}},&quot;autop&quot;:{&quot;state&quot;:true,&quot;phrase&quot;:&quot;&quot;,&quot;count&quot;:&quot;1&quot;},&quot;resPage&quot;:{&quot;useAjax&quot;:false,&quot;selector&quot;:&quot;#main&quot;,&quot;trigger_type&quot;:true,&quot;trigger_facet&quot;:true,&quot;trigger_magnifier&quot;:false,&quot;trigger_return&quot;:false},&quot;resultsSnapTo&quot;:&quot;left&quot;,&quot;results&quot;:{&quot;width&quot;:&quot;auto&quot;,&quot;width_tablet&quot;:&quot;auto&quot;,&quot;width_phone&quot;:&quot;auto&quot;},&quot;settingsimagepos&quot;:&quot;right&quot;,&quot;closeOnDocClick&quot;:true,&quot;overridewpdefault&quot;:true,&quot;override_method&quot;:&quot;get&quot;}\"><\/div>\n\t<div id=\"asl_hidden_data\">\n\t\t<svg style=\"position:absolute\" height=\"0\" width=\"0\">\n\t\t\t<filter id=\"aslblur\">\n\t\t\t\t<feGaussianBlur in=\"SourceGraphic\" stdDeviation=\"4\"\/>\n\t\t\t<\/filter>\n\t\t<\/svg>\n\t\t<svg style=\"position:absolute\" height=\"0\" width=\"0\">\n\t\t\t<filter id=\"no_aslblur\"><\/filter>\n\t\t<\/svg>\n\t<\/div>\n\t<\/div>\n\n\t<div id='ajaxsearchliteres1'\n\tclass='vertical wpdreams_asl_results asl_w asl_r asl_r_1 asl_r_1_1'>\n\n\t\n\t<div class=\"results\">\n\n\t\t\n\t\t<div class=\"resdrg\">\n\t\t<\/div>\n\n\t\t\n\t<\/div>\n\n\t\n\t\n<\/div>\n\n\t<div id='__original__ajaxsearchlitesettings1'\n\t\tdata-id=\"1\"\n\t\tclass=\"searchsettings wpdreams_asl_settings asl_w asl_s asl_s_1\">\n\t\t<form name='options'\n\t\taria-label=\"Opciones de formulario de b\u00fasqueda\"\n\t\tautocomplete = 'off'>\n\n\t\n\t\n\t<input type=\"hidden\" name=\"filters_changed\" style=\"display:none;\" value=\"0\">\n\t<input type=\"hidden\" name=\"filters_initial\" style=\"display:none;\" value=\"1\">\n\n\t<div class=\"asl_option_inner hiddend\">\n\t\t<input type='hidden' name='qtranslate_lang' id='qtranslate_lang'\n\t\t\t\tvalue='0'\/>\n\t<\/div>\n\n\t\n\t\n\t<fieldset class=\"asl_sett_scroll\">\n\t\t<legend style=\"display: none;\">Generic selectors<\/legend>\n\t\t<div class=\"asl_option\" tabindex=\"0\">\n\t\t\t<div class=\"asl_option_inner\">\n\t\t\t\t<input type=\"checkbox\" value=\"exact\"\n\t\t\t\t\t\taria-label=\"Exact matches only\"\n\t\t\t\t\t\tname=\"asl_gen[]\" \/>\n\t\t\t\t<div class=\"asl_option_checkbox\"><\/div>\n\t\t\t<\/div>\n\t\t\t<div class=\"asl_option_label\">\n\t\t\t\tExact matches only\t\t\t<\/div>\n\t\t<\/div>\n\t\t<div class=\"asl_option\" tabindex=\"0\">\n\t\t\t<div class=\"asl_option_inner\">\n\t\t\t\t<input type=\"checkbox\" value=\"title\"\n\t\t\t\t\t\taria-label=\"Search in title\"\n\t\t\t\t\t\tname=\"asl_gen[]\"  checked=\"checked\"\/>\n\t\t\t\t<div class=\"asl_option_checkbox\"><\/div>\n\t\t\t<\/div>\n\t\t\t<div class=\"asl_option_label\">\n\t\t\t\tSearch in title\t\t\t<\/div>\n\t\t<\/div>\n\t\t<div class=\"asl_option\" tabindex=\"0\">\n\t\t\t<div class=\"asl_option_inner\">\n\t\t\t\t<input type=\"checkbox\" value=\"content\"\n\t\t\t\t\t\taria-label=\"Search in content\"\n\t\t\t\t\t\tname=\"asl_gen[]\"  checked=\"checked\"\/>\n\t\t\t\t<div class=\"asl_option_checkbox\"><\/div>\n\t\t\t<\/div>\n\t\t\t<div class=\"asl_option_label\">\n\t\t\t\tSearch in content\t\t\t<\/div>\n\t\t<\/div>\n\t\t<div class=\"asl_option_inner hiddend\">\n\t\t\t<input type=\"checkbox\" value=\"excerpt\"\n\t\t\t\t\taria-label=\"Search in excerpt\"\n\t\t\t\t\tname=\"asl_gen[]\" \/>\n\t\t\t<div class=\"asl_option_checkbox\"><\/div>\n\t\t<\/div>\n\t<\/fieldset>\n\t<fieldset class=\"asl_sett_scroll\">\n\t\t<legend style=\"display: none;\">Post Type Selectors<\/legend>\n\t\t\t\t\t<div class=\"asl_option_inner hiddend\">\n\t\t\t\t<input type=\"checkbox\" value=\"olimpiadas\"\n\t\t\t\t\t\taria-label=\"Hidden option, ignore please\"\n\t\t\t\t\t\tname=\"customset[]\" checked=\"checked\"\/>\n\t\t\t<\/div>\n\t\t\t\t<\/fieldset>\n\t<\/form>\n\t<\/div>\n<\/div>\n<\/div>\n\t\t\t\t<\/div>\n\t\t\t\t<\/div>\n\t\t\t\t\t<\/div>\n\t\t<\/div>\n\t\t\t\t\t<\/div>\n\t\t<\/section>\n\t\t\t\t\t<\/div>\n\t\t<\/div>\n\t\t\t\t\t<\/div>\n\t\t<\/section>\n\t\t\t\t<section class=\"elementor-section elementor-top-section elementor-element elementor-element-c45ba09 elementor-section-boxed elementor-section-height-default elementor-section-height-default\" data-id=\"c45ba09\" data-element_type=\"section\" data-settings=\"{&quot;background_background&quot;:&quot;classic&quot;}\">\n\t\t\t\t\t\t<div class=\"elementor-container elementor-column-gap-default\">\n\t\t\t\t\t<div class=\"elementor-column elementor-col-100 elementor-top-column elementor-element elementor-element-d6ec264 frame-gray\" data-id=\"d6ec264\" data-element_type=\"column\" data-settings=\"{&quot;background_background&quot;:&quot;classic&quot;}\">\n\t\t\t<div class=\"elementor-widget-wrap elementor-element-populated\">\n\t\t\t\t\t\t<div class=\"elementor-element elementor-element-413d9de elementor-widget elementor-widget-heading\" data-id=\"413d9de\" data-element_type=\"widget\" data-widget_type=\"heading.default\">\n\t\t\t\t<div class=\"elementor-widget-container\">\n\t\t\t<h2 class=\"elementor-heading-title elementor-size-default\">Objetivos de las Olimpiadas<\/h2>\t\t<\/div>\n\t\t\t\t<\/div>\n\t\t\t\t\t<\/div>\n\t\t<\/div>\n\t\t\t\t\t<\/div>\n\t\t<\/section>\n\t\t\t\t<section class=\"elementor-section elementor-top-section elementor-element elementor-element-0cc6082 elementor-section-boxed elementor-section-height-default elementor-section-height-default\" data-id=\"0cc6082\" data-element_type=\"section\">\n\t\t\t\t\t\t<div class=\"elementor-container elementor-column-gap-default\">\n\t\t\t\t\t<div class=\"elementor-column elementor-col-33 elementor-top-column elementor-element elementor-element-32f57ac\" data-id=\"32f57ac\" data-element_type=\"column\">\n\t\t\t<div class=\"elementor-widget-wrap elementor-element-populated\">\n\t\t\t\t\t\t<div class=\"elementor-element elementor-element-4dce898 elementor-widget elementor-widget-image\" data-id=\"4dce898\" data-element_type=\"widget\" data-widget_type=\"image.default\">\n\t\t\t\t<div class=\"elementor-widget-container\">\n\t\t\t\t\t\t\t\t\t\t\t\t\t<img loading=\"lazy\" decoding=\"async\" width=\"551\" height=\"586\" src=\"https:\/\/olimpiadasrm.fseneca.es\/wp-content\/uploads\/promocionar-icono.png\" class=\"attachment-large size-large wp-image-129\" alt=\"\" \/>\t\t\t\t\t\t\t\t\t\t\t\t\t<\/div>\n\t\t\t\t<\/div>\n\t\t\t\t<div class=\"elementor-element elementor-element-40b14a3 elementor-widget elementor-widget-heading\" data-id=\"40b14a3\" data-element_type=\"widget\" data-widget_type=\"heading.default\">\n\t\t\t\t<div class=\"elementor-widget-container\">\n\t\t\t<h2 class=\"elementor-heading-title elementor-size-default\">Promocionar<\/h2>\t\t<\/div>\n\t\t\t\t<\/div>\n\t\t\t\t<div class=\"elementor-element elementor-element-b127e85 elementor-widget elementor-widget-text-editor\" data-id=\"b127e85\" data-element_type=\"widget\" data-widget_type=\"text-editor.default\">\n\t\t\t\t<div class=\"elementor-widget-container\">\n\t\t\t\t\t\t\t<p>El inter\u00e9s por el conocimiento cient\u00edfico con competiciones regionales y nacionales.<\/p>\t\t\t\t\t\t<\/div>\n\t\t\t\t<\/div>\n\t\t\t\t\t<\/div>\n\t\t<\/div>\n\t\t\t\t<div class=\"elementor-column elementor-col-33 elementor-top-column elementor-element elementor-element-da58d16\" data-id=\"da58d16\" data-element_type=\"column\">\n\t\t\t<div class=\"elementor-widget-wrap elementor-element-populated\">\n\t\t\t\t\t\t<div class=\"elementor-element elementor-element-5e427ea elementor-widget elementor-widget-image\" data-id=\"5e427ea\" data-element_type=\"widget\" data-widget_type=\"image.default\">\n\t\t\t\t<div class=\"elementor-widget-container\">\n\t\t\t\t\t\t\t\t\t\t\t\t\t<img loading=\"lazy\" decoding=\"async\" width=\"595\" height=\"561\" src=\"https:\/\/olimpiadasrm.fseneca.es\/wp-content\/uploads\/destacar-ico.png\" class=\"attachment-large size-large wp-image-128\" alt=\"\" \/>\t\t\t\t\t\t\t\t\t\t\t\t\t<\/div>\n\t\t\t\t<\/div>\n\t\t\t\t<div class=\"elementor-element elementor-element-39f99bf elementor-widget elementor-widget-heading\" data-id=\"39f99bf\" data-element_type=\"widget\" data-widget_type=\"heading.default\">\n\t\t\t\t<div class=\"elementor-widget-container\">\n\t\t\t<h2 class=\"elementor-heading-title elementor-size-default\">DESTACAR<\/h2>\t\t<\/div>\n\t\t\t\t<\/div>\n\t\t\t\t<div class=\"elementor-element elementor-element-6e6a196 elementor-widget elementor-widget-text-editor\" data-id=\"6e6a196\" data-element_type=\"widget\" data-widget_type=\"text-editor.default\">\n\t\t\t\t<div class=\"elementor-widget-container\">\n\t\t\t\t\t\t\t<p>La importancia de las diversas ciencias y su contribuci\u00f3n al progreso y la divulgaci\u00f3n.<\/p>\t\t\t\t\t\t<\/div>\n\t\t\t\t<\/div>\n\t\t\t\t\t<\/div>\n\t\t<\/div>\n\t\t\t\t<div class=\"elementor-column elementor-col-33 elementor-top-column elementor-element elementor-element-3c0d28c\" data-id=\"3c0d28c\" data-element_type=\"column\">\n\t\t\t<div class=\"elementor-widget-wrap elementor-element-populated\">\n\t\t\t\t\t\t<div class=\"elementor-element elementor-element-987d891 elementor-widget elementor-widget-image\" data-id=\"987d891\" data-element_type=\"widget\" data-widget_type=\"image.default\">\n\t\t\t\t<div class=\"elementor-widget-container\">\n\t\t\t\t\t\t\t\t\t\t\t\t\t<img loading=\"lazy\" decoding=\"async\" width=\"581\" height=\"713\" src=\"https:\/\/olimpiadasrm.fseneca.es\/wp-content\/uploads\/detectar-icono.png\" class=\"attachment-large size-large wp-image-127\" alt=\"\" srcset=\"https:\/\/olimpiadasrm.fseneca.es\/wp-content\/uploads\/detectar-icono.png 581w, https:\/\/olimpiadasrm.fseneca.es\/wp-content\/uploads\/detectar-icono-489x600.png 489w\" sizes=\"(max-width: 581px) 100vw, 581px\" \/>\t\t\t\t\t\t\t\t\t\t\t\t\t<\/div>\n\t\t\t\t<\/div>\n\t\t\t\t<div class=\"elementor-element elementor-element-f8990bd elementor-widget elementor-widget-heading\" data-id=\"f8990bd\" data-element_type=\"widget\" data-widget_type=\"heading.default\">\n\t\t\t\t<div class=\"elementor-widget-container\">\n\t\t\t<h2 class=\"elementor-heading-title elementor-size-default\">DETECTAR<\/h2>\t\t<\/div>\n\t\t\t\t<\/div>\n\t\t\t\t<div class=\"elementor-element elementor-element-e30053b elementor-widget elementor-widget-text-editor\" data-id=\"e30053b\" data-element_type=\"widget\" data-widget_type=\"text-editor.default\">\n\t\t\t\t<div class=\"elementor-widget-container\">\n\t\t\t\t\t\t\t<p>Talentos precoces poniendo en juego sus habilidades, destrezas y aptitudes.<\/p>\t\t\t\t\t\t<\/div>\n\t\t\t\t<\/div>\n\t\t\t\t\t<\/div>\n\t\t<\/div>\n\t\t\t\t\t<\/div>\n\t\t<\/section>\n\t\t\t\t<section class=\"elementor-section elementor-top-section elementor-element elementor-element-34a04a4 elementor-section-boxed elementor-section-height-default elementor-section-height-default\" data-id=\"34a04a4\" data-element_type=\"section\">\n\t\t\t\t\t\t<div class=\"elementor-container elementor-column-gap-default\">\n\t\t\t\t\t<div class=\"elementor-column elementor-col-33 elementor-top-column elementor-element elementor-element-b95a2fc\" data-id=\"b95a2fc\" data-element_type=\"column\">\n\t\t\t<div class=\"elementor-widget-wrap elementor-element-populated\">\n\t\t\t\t\t\t<div class=\"elementor-element elementor-element-60bf2c0 elementor-widget elementor-widget-image\" data-id=\"60bf2c0\" data-element_type=\"widget\" data-widget_type=\"image.default\">\n\t\t\t\t<div class=\"elementor-widget-container\">\n\t\t\t\t\t\t\t\t\t\t\t\t\t<img loading=\"lazy\" decoding=\"async\" width=\"511\" height=\"666\" src=\"https:\/\/olimpiadasrm.fseneca.es\/wp-content\/uploads\/animar-icono.png\" class=\"attachment-large size-large wp-image-126\" alt=\"\" srcset=\"https:\/\/olimpiadasrm.fseneca.es\/wp-content\/uploads\/animar-icono.png 511w, https:\/\/olimpiadasrm.fseneca.es\/wp-content\/uploads\/animar-icono-460x600.png 460w\" sizes=\"(max-width: 511px) 100vw, 511px\" \/>\t\t\t\t\t\t\t\t\t\t\t\t\t<\/div>\n\t\t\t\t<\/div>\n\t\t\t\t<div class=\"elementor-element elementor-element-07f01c6 elementor-widget elementor-widget-heading\" data-id=\"07f01c6\" data-element_type=\"widget\" data-widget_type=\"heading.default\">\n\t\t\t\t<div class=\"elementor-widget-container\">\n\t\t\t<h2 class=\"elementor-heading-title elementor-size-default\">ANIMAR<\/h2>\t\t<\/div>\n\t\t\t\t<\/div>\n\t\t\t\t<div class=\"elementor-element elementor-element-a940c40 elementor-widget elementor-widget-text-editor\" data-id=\"a940c40\" data-element_type=\"widget\" data-widget_type=\"text-editor.default\">\n\t\t\t\t<div class=\"elementor-widget-container\">\n\t\t\t\t\t\t\t<p>Las vocaciones cient\u00edficas entre los alumnos y el estudio de carreras de este tipo.<\/p>\t\t\t\t\t\t<\/div>\n\t\t\t\t<\/div>\n\t\t\t\t\t<\/div>\n\t\t<\/div>\n\t\t\t\t<div class=\"elementor-column elementor-col-33 elementor-top-column elementor-element elementor-element-2f13dec\" data-id=\"2f13dec\" data-element_type=\"column\">\n\t\t\t<div class=\"elementor-widget-wrap elementor-element-populated\">\n\t\t\t\t\t\t<div class=\"elementor-element elementor-element-87a196b elementor-widget elementor-widget-image\" data-id=\"87a196b\" data-element_type=\"widget\" data-widget_type=\"image.default\">\n\t\t\t\t<div class=\"elementor-widget-container\">\n\t\t\t\t\t\t\t\t\t\t\t\t\t<img loading=\"lazy\" decoding=\"async\" width=\"624\" height=\"706\" src=\"https:\/\/olimpiadasrm.fseneca.es\/wp-content\/uploads\/premiar-icono.png\" class=\"attachment-large size-large wp-image-125\" alt=\"\" srcset=\"https:\/\/olimpiadasrm.fseneca.es\/wp-content\/uploads\/premiar-icono.png 624w, https:\/\/olimpiadasrm.fseneca.es\/wp-content\/uploads\/premiar-icono-530x600.png 530w\" sizes=\"(max-width: 624px) 100vw, 624px\" \/>\t\t\t\t\t\t\t\t\t\t\t\t\t<\/div>\n\t\t\t\t<\/div>\n\t\t\t\t<div class=\"elementor-element elementor-element-b5663f0 elementor-widget elementor-widget-heading\" data-id=\"b5663f0\" data-element_type=\"widget\" data-widget_type=\"heading.default\">\n\t\t\t\t<div class=\"elementor-widget-container\">\n\t\t\t<h2 class=\"elementor-heading-title elementor-size-default\">PREMIAR<\/h2>\t\t<\/div>\n\t\t\t\t<\/div>\n\t\t\t\t<div class=\"elementor-element elementor-element-4779ff9 elementor-widget elementor-widget-text-editor\" data-id=\"4779ff9\" data-element_type=\"widget\" data-widget_type=\"text-editor.default\">\n\t\t\t\t<div class=\"elementor-widget-container\">\n\t\t\t\t\t\t\t<p>La excelencia acad\u00e9mica y su esfuerzo, as\u00ed como el de profesores y centros educativos.<\/p>\t\t\t\t\t\t<\/div>\n\t\t\t\t<\/div>\n\t\t\t\t\t<\/div>\n\t\t<\/div>\n\t\t\t\t<div class=\"elementor-column elementor-col-33 elementor-top-column elementor-element elementor-element-0dc9bd4\" data-id=\"0dc9bd4\" data-element_type=\"column\">\n\t\t\t<div class=\"elementor-widget-wrap elementor-element-populated\">\n\t\t\t\t\t\t<div class=\"elementor-element elementor-element-154510a elementor-widget elementor-widget-image\" data-id=\"154510a\" data-element_type=\"widget\" data-widget_type=\"image.default\">\n\t\t\t\t<div class=\"elementor-widget-container\">\n\t\t\t\t\t\t\t\t\t\t\t\t\t<img loading=\"lazy\" decoding=\"async\" width=\"638\" height=\"588\" src=\"https:\/\/olimpiadasrm.fseneca.es\/wp-content\/uploads\/propiciar-icono.png\" class=\"attachment-large size-large wp-image-124\" alt=\"\" srcset=\"https:\/\/olimpiadasrm.fseneca.es\/wp-content\/uploads\/propiciar-icono.png 638w, https:\/\/olimpiadasrm.fseneca.es\/wp-content\/uploads\/propiciar-icono-600x553.png 600w\" sizes=\"(max-width: 638px) 100vw, 638px\" \/>\t\t\t\t\t\t\t\t\t\t\t\t\t<\/div>\n\t\t\t\t<\/div>\n\t\t\t\t<div class=\"elementor-element elementor-element-7044700 elementor-widget elementor-widget-heading\" data-id=\"7044700\" data-element_type=\"widget\" data-widget_type=\"heading.default\">\n\t\t\t\t<div class=\"elementor-widget-container\">\n\t\t\t<h2 class=\"elementor-heading-title elementor-size-default\">PROPICIAR<\/h2>\t\t<\/div>\n\t\t\t\t<\/div>\n\t\t\t\t<div class=\"elementor-element elementor-element-26f5286 elementor-widget elementor-widget-text-editor\" data-id=\"26f5286\" data-element_type=\"widget\" data-widget_type=\"text-editor.default\">\n\t\t\t\t<div class=\"elementor-widget-container\">\n\t\t\t\t\t\t\t<p>Mejora de la ense\u00f1anza de la ciencia en secundaria y contacto docente-investigador.<\/p>\t\t\t\t\t\t<\/div>\n\t\t\t\t<\/div>\n\t\t\t\t\t<\/div>\n\t\t<\/div>\n\t\t\t\t\t<\/div>\n\t\t<\/section>\n\t\t\t\t<section class=\"elementor-section elementor-top-section elementor-element elementor-element-c50c70f elementor-section-boxed elementor-section-height-default elementor-section-height-default\" data-id=\"c50c70f\" data-element_type=\"section\" data-settings=\"{&quot;background_background&quot;:&quot;classic&quot;}\">\n\t\t\t\t\t\t<div class=\"elementor-container elementor-column-gap-default\">\n\t\t\t\t\t<div class=\"elementor-column elementor-col-100 elementor-top-column elementor-element elementor-element-dfc32b8 frame-gray\" data-id=\"dfc32b8\" data-element_type=\"column\" data-settings=\"{&quot;background_background&quot;:&quot;classic&quot;}\">\n\t\t\t<div class=\"elementor-widget-wrap elementor-element-populated\">\n\t\t\t\t\t\t<div class=\"elementor-element elementor-element-5e518df elementor-widget elementor-widget-heading\" data-id=\"5e518df\" data-element_type=\"widget\" data-widget_type=\"heading.default\">\n\t\t\t\t<div class=\"elementor-widget-container\">\n\t\t\t<h2 class=\"elementor-heading-title elementor-size-default\">\u00daltimas noticias<\/h2>\t\t<\/div>\n\t\t\t\t<\/div>\n\t\t\t\t\t<\/div>\n\t\t<\/div>\n\t\t\t\t\t<\/div>\n\t\t<\/section>\n\t\t\t\t<section class=\"elementor-section elementor-top-section elementor-element elementor-element-137772b elementor-section-boxed elementor-section-height-default elementor-section-height-default\" data-id=\"137772b\" data-element_type=\"section\">\n\t\t\t\t\t\t<div class=\"elementor-container elementor-column-gap-default\">\n\t\t\t\t\t<div class=\"elementor-column elementor-col-100 elementor-top-column elementor-element elementor-element-1efadad\" data-id=\"1efadad\" data-element_type=\"column\">\n\t\t\t<div class=\"elementor-widget-wrap elementor-element-populated\">\n\t\t\t\t\t\t<div class=\"elementor-element elementor-element-fb91568 elementor-widget elementor-widget-shortcode\" data-id=\"fb91568\" data-element_type=\"widget\" data-widget_type=\"shortcode.default\">\n\t\t\t\t<div class=\"elementor-widget-container\">\n\t\t\t\t\t<div class=\"elementor-shortcode\"><div class=\"wrapper-loop-container\"><div class=\"loop-wrapper-list\"><div class=\"custom-filter-list custom-filter\"><span class=\"c-aramis custom-filter-title\">Filtrar por <br>materia:<\/span><div class=\"wrap-get-filter\"><div class=\"get-filter filter-link\" data-postid=\"6\"><span style=\"background-color:#ffd02c; border-color:#ffd02c;\">Ciencias sociales, jur\u00eddicas y humanidades<\/span><\/div><div class=\"get-filter filter-link\" data-postid=\"5\"><span style=\"background-color:#d84459; border-color:#d84459;\">Ingenier\u00edas y Arquitectura<\/span><\/div><div class=\"get-filter filter-link\" data-postid=\"4\"><span style=\"background-color:#00b55f; border-color:#00b55f;\">Ciencias experimentales<\/span><\/div><div class=\"get-filter filter-link\" data-postid=\"1\"><span style=\"background-color:#d6d6d6; border-color:#d6d6d6;\">General<\/span><\/div><\/div><\/div><\/div><div class=\"wrapper-loop\"><div class=\"item-custom-loop\"><div class=\"thumb-item-custom-loop\" style=\"background-image: url(https:\/\/olimpiadasrm.fseneca.es\/wp-content\/uploads\/articulos-1538995-1.jpg);\"><div class=\"category-post\">Ciencias experimentales<\/div><div style=\"background:#00b55f;\" class=\"cover-post\"><\/div><\/div><div class=\"content-item-custom-loop\" style=\"background:#00b55f;\"><a href=\"https:\/\/olimpiadasrm.fseneca.es\/?p=5910\" title=\"Talento joven y r\u00e9cord de participaci\u00f3n en la Olimpiada de Qu\u00edmica de Murcia\"><h3 class=\"title-item-custom-loop\">Talento joven y r\u00e9cord de participaci\u00f3n en la Olimpiada de Qu\u00edmica de Murcia<\/h3><div class=\"date-item-custom-notice\">25\/02\/2025<\/div><p class=\"excerpt-item-custom-loop\"><\/p><button style=\"border-color:#00b55f; background:#00b55f;\">M\u00e1s<\/button><\/a><\/div><\/div><div class=\"item-custom-loop\"><div class=\"thumb-item-custom-loop\" style=\"background-image: url(https:\/\/olimpiadasrm.fseneca.es\/wp-content\/uploads\/articulos-1536563-1.jpg);\"><div class=\"category-post\">Ciencias experimentales<\/div><div style=\"background:#00b55f;\" class=\"cover-post\"><\/div><\/div><div class=\"content-item-custom-loop\" style=\"background:#00b55f;\"><a href=\"https:\/\/olimpiadasrm.fseneca.es\/?p=5912\" title=\"La excelencia en qu\u00edmica, a prueba este viernes en la XXX Olimpiada de la Regi\u00f3n de Murcia\"><h3 class=\"title-item-custom-loop\">La excelencia en qu\u00edmica, a prueba este viernes en la XXX Olimpiada de la Regi\u00f3n de Murcia<\/h3><div class=\"date-item-custom-notice\">20\/02\/2025<\/div><p class=\"excerpt-item-custom-loop\">La iniciativa busca despertar el inter\u00e9s por la qu\u00edmica y mostrar su relevancia en la sociedad actual, en \u00e1mbitos como la sostenibilidad,<\/p><button style=\"border-color:#00b55f; background:#00b55f;\">M\u00e1s<\/button><\/a><\/div><\/div><div class=\"item-custom-loop\"><div class=\"thumb-item-custom-loop\" style=\"background-image: url();\"><div class=\"category-post\">Ciencias experimentales<\/div><div style=\"background:#00b55f;\" class=\"cover-post\"><\/div><\/div><div class=\"content-item-custom-loop\" style=\"background:#00b55f;\"><a href=\"https:\/\/olimpiadasrm.fseneca.es\/?p=5914\" title=\"LXI Olimpiada Matem\u00e1tica Espa\u00f1ola 2025\"><h3 class=\"title-item-custom-loop\">LXI Olimpiada Matem\u00e1tica Espa\u00f1ola 2025<\/h3><div class=\"date-item-custom-notice\">19\/02\/2025<\/div><p class=\"excerpt-item-custom-loop\">El 19 de febrero, se celebr\u00f3 la entrega de premios de la LXI Olimpiada de Matem\u00e1ticas 2025 en el Sal\u00f3n de Actos \u00abIsaac Peral\u00bb de (UPCT)<\/p><button style=\"border-color:#00b55f; background:#00b55f;\">M\u00e1s<\/button><\/a><\/div><\/div><div class=\"item-custom-loop\"><div class=\"thumb-item-custom-loop\" style=\"background-image: url();\"><div class=\"category-post\">General<\/div><div style=\"background:#d6d6d6;\" class=\"cover-post\"><\/div><\/div><div class=\"content-item-custom-loop\" style=\"background:#d6d6d6;\"><a href=\"https:\/\/olimpiadasrm.fseneca.es\/?p=6009\" title=\"Abierta la inscripci\u00f3n para las Olimpiadas Cient\u00edficas\"><h3 class=\"title-item-custom-loop\">Abierta la inscripci\u00f3n para las Olimpiadas Cient\u00edficas<\/h3><div class=\"date-item-custom-notice\">08\/02\/2025<\/div><p class=\"excerpt-item-custom-loop\">En la convocatoria de la Cat\u00f3lica, con importantes premios, podr\u00e1n participar estudiantes de 1\u00ba y 2\u00ba de Bachillerato y FP Superior<\/p><button style=\"border-color:#d6d6d6; background:#d6d6d6;\">M\u00e1s<\/button><\/a><\/div><\/div><div class=\"item-custom-loop\"><div class=\"thumb-item-custom-loop\" style=\"background-image: url(https:\/\/olimpiadasrm.fseneca.es\/wp-content\/uploads\/2024120312512914037-13.webp);\"><div class=\"category-post\">General<\/div><div style=\"background:#d6d6d6;\" class=\"cover-post\"><\/div><\/div><div class=\"content-item-custom-loop\" style=\"background:#d6d6d6;\"><a href=\"https:\/\/olimpiadasrm.fseneca.es\/?p=5917\" title=\"La Fundaci\u00f3n S\u00e9neca fomentar\u00e1 las carreras STEM con 22 Olimpiadas Cient\u00edficas en 2025\"><h3 class=\"title-item-custom-loop\">La Fundaci\u00f3n S\u00e9neca fomentar\u00e1 las carreras STEM con 22 Olimpiadas Cient\u00edficas en 2025<\/h3><div class=\"date-item-custom-notice\">05\/12\/2024<\/div><p class=\"excerpt-item-custom-loop\"><\/p><button style=\"border-color:#d6d6d6; background:#d6d6d6;\">M\u00e1s<\/button><\/a><\/div><\/div><div class=\"item-custom-loop\"><div class=\"thumb-item-custom-loop\" style=\"background-image: url();\"><div class=\"category-post\">General<\/div><div style=\"background:#d6d6d6;\" class=\"cover-post\"><\/div><\/div><div class=\"content-item-custom-loop\" style=\"background:#d6d6d6;\"><a href=\"https:\/\/olimpiadasrm.fseneca.es\/?p=5925\" title=\"La Comunidad apoya la organizaci\u00f3n de 22 Olimpiadas Cient\u00edficas para fomentar el inter\u00e9s de los j\u00f3venes en las ciencias y carreras STEM\"><h3 class=\"title-item-custom-loop\">La Comunidad apoya la organizaci\u00f3n de 22 Olimpiadas Cient\u00edficas para fomentar el inter\u00e9s de los j\u00f3venes en las ciencias y carreras STEM<\/h3><div class=\"date-item-custom-notice\">04\/12\/2024<\/div><p class=\"excerpt-item-custom-loop\">El Gobierno regional, a trav\u00e9s de la Fundaci\u00f3n S\u00e9neca, dependiente de la Consejer\u00eda de Medio Ambiente, Universidades, Investigaci\u00f3n y M<\/p><button style=\"border-color:#d6d6d6; background:#d6d6d6;\">M\u00e1s<\/button><\/a><\/div><\/div><div class=\"item-custom-loop\"><div class=\"thumb-item-custom-loop\" style=\"background-image: url();\"><div class=\"category-post\">General<\/div><div style=\"background:#d6d6d6;\" class=\"cover-post\"><\/div><\/div><div class=\"content-item-custom-loop\" style=\"background:#d6d6d6;\"><a href=\"https:\/\/olimpiadasrm.fseneca.es\/?p=5922\" title=\"La Regi\u00f3n de Murcia albergar\u00e1 hasta 22 olimpiadas cient\u00edficas el pr\u00f3ximo a\u00f1o\"><h3 class=\"title-item-custom-loop\">La Regi\u00f3n de Murcia albergar\u00e1 hasta 22 olimpiadas cient\u00edficas el pr\u00f3ximo a\u00f1o<\/h3><div class=\"date-item-custom-notice\">04\/12\/2024<\/div><p class=\"excerpt-item-custom-loop\">La Comunidad facilitar\u00e1 la organizaci\u00f3n de hasta 22 olimpiadas cient\u00edficas en 2025, con las ayudad del \u00abPrograma Regional de Cultura Cie<\/p><button style=\"border-color:#d6d6d6; background:#d6d6d6;\">M\u00e1s<\/button><\/a><\/div><\/div><div class=\"item-custom-loop\"><div class=\"thumb-item-custom-loop\" style=\"background-image: url();\"><div class=\"category-post\">General<\/div><div style=\"background:#d6d6d6;\" class=\"cover-post\"><\/div><\/div><div class=\"content-item-custom-loop\" style=\"background:#d6d6d6;\"><a href=\"https:\/\/olimpiadasrm.fseneca.es\/?p=5921\" title=\"La Comunidad apoyar\u00e1 la organizaci\u00f3n de ventid\u00f3s olimpiadas cient\u00edficas dn 2025\"><h3 class=\"title-item-custom-loop\">La Comunidad apoyar\u00e1 la organizaci\u00f3n de ventid\u00f3s olimpiadas cient\u00edficas dn 2025<\/h3><div class=\"date-item-custom-notice\">04\/12\/2024<\/div><p class=\"excerpt-item-custom-loop\">El Gobierno regional facilitara la organizaci\u00f3n de 22 olimpiadas cient\u00edficas el pr\u00f3ximo a\u00f1o gracias a las ayudas procedentes del \u00abProgr<\/p><button style=\"border-color:#d6d6d6; background:#d6d6d6;\">M\u00e1s<\/button><\/a><\/div><\/div><div class=\"item-custom-loop\"><div class=\"thumb-item-custom-loop\" style=\"background-image: url(https:\/\/olimpiadasrm.fseneca.es\/wp-content\/uploads\/la-comunidad-apoya-la-organizacion-de-22-olimpiadas-cientificas-para-fomentar-el-interes-de-los-jovenes-en-las-ciencias-y-carreras-stem-1.webp);\"><div class=\"category-post\">General<\/div><div style=\"background:#d6d6d6;\" class=\"cover-post\"><\/div><\/div><div class=\"content-item-custom-loop\" style=\"background:#d6d6d6;\"><a href=\"https:\/\/olimpiadasrm.fseneca.es\/?p=5919\" title=\"La Comunidad apoya la organizaci\u00f3n de 22 Olimpiadas Cient\u00edficas para fomentar el inter\u00e9s de los j\u00f3venes en las ciencias y carreras STEM\"><h3 class=\"title-item-custom-loop\">La Comunidad apoya la organizaci\u00f3n de 22 Olimpiadas Cient\u00edficas para fomentar el inter\u00e9s de los j\u00f3venes en las ciencias y carreras STEM<\/h3><div class=\"date-item-custom-notice\">04\/12\/2024<\/div><p class=\"excerpt-item-custom-loop\"><\/p><button style=\"border-color:#d6d6d6; background:#d6d6d6;\">M\u00e1s<\/button><\/a><\/div><\/div><div class=\"item-custom-loop\"><div class=\"thumb-item-custom-loop\" style=\"background-image: url(https:\/\/olimpiadasrm.fseneca.es\/wp-content\/uploads\/olimpiadas-k60B-U2301940298047QH-1200x840@La20Verdad-13.jpg);\"><div class=\"category-post\">General<\/div><div style=\"background:#d6d6d6;\" class=\"cover-post\"><\/div><\/div><div class=\"content-item-custom-loop\" style=\"background:#d6d6d6;\"><a href=\"https:\/\/olimpiadasrm.fseneca.es\/?p=5923\" title=\"Impulsan la organizaci\u00f3n de 22 Olimpiadas Cient\u00edficas en la Regi\u00f3n de Murcia para el pr\u00f3ximo a\u00f1o\"><h3 class=\"title-item-custom-loop\">Impulsan la organizaci\u00f3n de 22 Olimpiadas Cient\u00edficas en la Regi\u00f3n de Murcia para el pr\u00f3ximo a\u00f1o<\/h3><div class=\"date-item-custom-notice\">03\/12\/2024<\/div><p class=\"excerpt-item-custom-loop\">La finalidad de esta iniciativa es fomentar el inter\u00e9s de los j\u00f3venes por aprender y se espera que en ella participen m\u00e1s de 4.000 alumno<\/p><button style=\"border-color:#d6d6d6; background:#d6d6d6;\">M\u00e1s<\/button><\/a><\/div><\/div><div class=\"item-custom-loop\"><div class=\"thumb-item-custom-loop\" style=\"background-image: url(https:\/\/olimpiadasrm.fseneca.es\/wp-content\/uploads\/foto_grupo_olimpiadas_NoticiaAmpliada-13.jpg);\"><div class=\"category-post\">General<\/div><div style=\"background:#d6d6d6;\" class=\"cover-post\"><\/div><\/div><div class=\"content-item-custom-loop\" style=\"background:#d6d6d6;\"><a href=\"https:\/\/olimpiadasrm.fseneca.es\/?p=5926\" title=\"El alumno m\u00e1s creativo de la Regi\u00f3n es Fernando Campillo de Mulder, del Colegio San Buenaventura de Murcia\"><h3 class=\"title-item-custom-loop\">El alumno m\u00e1s creativo de la Regi\u00f3n es Fernando Campillo de Mulder, del Colegio San Buenaventura de Murcia<\/h3><div class=\"date-item-custom-notice\">13\/11\/2024<\/div><p class=\"excerpt-item-custom-loop\">participaci\u00f3n r\u00e9cord en las &#8216;Olimpiadas de la Creatividad 2024&#8217; de CEEIM<\/p><button style=\"border-color:#d6d6d6; background:#d6d6d6;\">M\u00e1s<\/button><\/a><\/div><\/div><div class=\"item-custom-loop\"><div class=\"thumb-item-custom-loop\" style=\"background-image: url(https:\/\/olimpiadasrm.fseneca.es\/wp-content\/uploads\/IMG_8344-2048x1717-2.png);\"><div class=\"category-post\">Ciencias experimentales<\/div><div style=\"background:#00b55f;\" class=\"cover-post\"><\/div><\/div><div class=\"content-item-custom-loop\" style=\"background:#00b55f;\"><a href=\"https:\/\/olimpiadasrm.fseneca.es\/?p=5928\" title=\"Dos lorquinas representan a Murcia en las finales de las olimpiadas de Matem\u00e1ticas y Econom\u00eda\"><h3 class=\"title-item-custom-loop\">Dos lorquinas representan a Murcia en las finales de las olimpiadas de Matem\u00e1ticas y Econom\u00eda<\/h3><div class=\"date-item-custom-notice\">16\/06\/2024<\/div><p class=\"excerpt-item-custom-loop\">El futuro est\u00e1 escrito con nombre de mujer y con el brillo blanquiazul de ser de Lorca<\/p><button style=\"border-color:#00b55f; background:#00b55f;\">M\u00e1s<\/button><\/a><\/div><\/div><div class=\"item-custom-loop\"><div class=\"thumb-item-custom-loop\" style=\"background-image: url();\"><div class=\"category-post\">Ingenier\u00edas y Arquitectura<\/div><div style=\"background:#d84459;\" class=\"cover-post\"><\/div><\/div><div class=\"content-item-custom-loop\" style=\"background:#d84459;\"><a href=\"https:\/\/olimpiadasrm.fseneca.es\/?p=5930\" title=\"Este es el proyecto murciano que est\u00e1 entre los finalista de los Premios de Arquitectura 2024\"><h3 class=\"title-item-custom-loop\">Este es el proyecto murciano que est\u00e1 entre los finalista de los Premios de Arquitectura 2024<\/h3><div class=\"date-item-custom-notice\">04\/06\/2024<\/div><p class=\"excerpt-item-custom-loop\"><\/p><button style=\"border-color:#d84459; background:#d84459;\">M\u00e1s<\/button><\/a><\/div><\/div><div class=\"item-custom-loop\"><div class=\"thumb-item-custom-loop\" style=\"background-image: url(https:\/\/olimpiadasrm.fseneca.es\/wp-content\/uploads\/030620241146471-1.jpg);\"><div class=\"category-post\">Ingenier\u00edas y Arquitectura<\/div><div style=\"background:#d84459;\" class=\"cover-post\"><\/div><\/div><div class=\"content-item-custom-loop\" style=\"background:#d84459;\"><a href=\"https:\/\/olimpiadasrm.fseneca.es\/?p=5931\" title=\"La UCAM entrega los premios de sus Olimpiadas Cient\u00edficas con r\u00e9cord de participantes\"><h3 class=\"title-item-custom-loop\">La UCAM entrega los premios de sus Olimpiadas Cient\u00edficas con r\u00e9cord de participantes<\/h3><div class=\"date-item-custom-notice\">03\/06\/2024<\/div><p class=\"excerpt-item-custom-loop\"><\/p><button style=\"border-color:#d84459; background:#d84459;\">M\u00e1s<\/button><\/a><\/div><\/div><div class=\"item-custom-loop\"><div class=\"thumb-item-custom-loop\" style=\"background-image: url();\"><div class=\"category-post\">Ingenier\u00edas y Arquitectura<\/div><div style=\"background:#d84459;\" class=\"cover-post\"><\/div><\/div><div class=\"content-item-custom-loop\" style=\"background:#d84459;\"><a href=\"https:\/\/olimpiadasrm.fseneca.es\/?p=5933\" title=\"Las Olimpiadas de la ETSAE, \u00fanico proyecto de la Regi\u00f3n finalista en los Premios de Arquitectura\"><h3 class=\"title-item-custom-loop\">Las Olimpiadas de la ETSAE, \u00fanico proyecto de la Regi\u00f3n finalista en los Premios de Arquitectura<\/h3><div class=\"date-item-custom-notice\">31\/05\/2024<\/div><p class=\"excerpt-item-custom-loop\"><\/p><button style=\"border-color:#d84459; background:#d84459;\">M\u00e1s<\/button><\/a><\/div><\/div><div class=\"item-custom-loop\"><div class=\"thumb-item-custom-loop\" style=\"background-image: url(https:\/\/olimpiadasrm.fseneca.es\/wp-content\/uploads\/img_163501G9A9260-1.jpg);\"><div class=\"category-post\">Ingenier\u00edas y Arquitectura<\/div><div style=\"background:#d84459;\" class=\"cover-post\"><\/div><\/div><div class=\"content-item-custom-loop\" style=\"background:#d84459;\"><a href=\"https:\/\/olimpiadasrm.fseneca.es\/?p=5934\" title=\"Los ganadores regionales de las Olimpiadas de Teleco recogen sus diplomas en la UPCT\"><h3 class=\"title-item-custom-loop\">Los ganadores regionales de las Olimpiadas de Teleco recogen sus diplomas en la UPCT<\/h3><div class=\"date-item-custom-notice\">30\/05\/2024<\/div><p class=\"excerpt-item-custom-loop\">La entrega de premios de la final regional de las Olimpiadas de Teleco se celebr\u00f3 ayer tarde en la Escuela de Telecomunicaci\u00f3n de la UPCT.<\/p><button style=\"border-color:#d84459; background:#d84459;\">M\u00e1s<\/button><\/a><\/div><\/div><div class=\"item-custom-loop\"><div class=\"thumb-item-custom-loop\" style=\"background-image: url(https:\/\/olimpiadasrm.fseneca.es\/wp-content\/uploads\/RS753991__ALF4736-lpr-1.jpg);\"><div class=\"category-post\">Ciencias experimentales<\/div><div style=\"background:#00b55f;\" class=\"cover-post\"><\/div><\/div><div class=\"content-item-custom-loop\" style=\"background:#00b55f;\"><a href=\"https:\/\/olimpiadasrm.fseneca.es\/?p=5936\" title=\"120 alumnos compiten en la Olimpiada Nacional de Qu\u00edmica, celebrada en la UMU\"><h3 class=\"title-item-custom-loop\">120 alumnos compiten en la Olimpiada Nacional de Qu\u00edmica, celebrada en la UMU<\/h3><div class=\"date-item-custom-notice\">23\/05\/2024<\/div><p class=\"excerpt-item-custom-loop\">Proceden de 30 centros de ense\u00f1anza y los ganadores representar\u00e1n a Espa\u00f1a en la Olimpiada Internacional de Qu\u00edmica que se celebrar\u00e1 en<\/p><button style=\"border-color:#00b55f; background:#00b55f;\">M\u00e1s<\/button><\/a><\/div><\/div><div class=\"item-custom-loop\"><div class=\"thumb-item-custom-loop\" style=\"background-image: url(https:\/\/olimpiadasrm.fseneca.es\/wp-content\/uploads\/be090c6d-81be-4643-be55-e584191f3484_16-9-discover-aspect-ratio_default_0-1.jpg);\"><div class=\"category-post\">Ingenier\u00edas y Arquitectura<\/div><div style=\"background:#d84459;\" class=\"cover-post\"><\/div><\/div><div class=\"content-item-custom-loop\" style=\"background:#d84459;\"><a href=\"https:\/\/olimpiadasrm.fseneca.es\/?p=5939\" title=\"Alumnas del IES Dos Mares logran la victoria en la VII Olimpiada de Arquitectura\"><h3 class=\"title-item-custom-loop\">Alumnas del IES Dos Mares logran la victoria en la VII Olimpiada de Arquitectura<\/h3><div class=\"date-item-custom-notice\">21\/05\/2024<\/div><p class=\"excerpt-item-custom-loop\">Presentaron un sistema de vol\u00famenes vers\u00e1tiles y multifuncionales para trasladar actividades los meses de calor al aparcamiento sombreado <\/p><button style=\"border-color:#d84459; background:#d84459;\">M\u00e1s<\/button><\/a><\/div><\/div><div class=\"item-custom-loop\"><div class=\"thumb-item-custom-loop\" style=\"background-image: url();\"><div class=\"category-post\">Ingenier\u00edas y Arquitectura<\/div><div style=\"background:#d84459;\" class=\"cover-post\"><\/div><\/div><div class=\"content-item-custom-loop\" style=\"background:#d84459;\"><a href=\"https:\/\/olimpiadasrm.fseneca.es\/?p=5938\" title=\"Alumnas del IES Dos Mares logran la victoria en la VII Olimpiada de Arquitectura\"><h3 class=\"title-item-custom-loop\">Alumnas del IES Dos Mares logran la victoria en la VII Olimpiada de Arquitectura<\/h3><div class=\"date-item-custom-notice\">21\/05\/2024<\/div><p class=\"excerpt-item-custom-loop\">Presentaron un sistema de vol\u00famenes vers\u00e1tiles y multifuncionales para trasladar actividades los meses de calor al aparcamiento sombreado <\/p><button style=\"border-color:#d84459; background:#d84459;\">M\u00e1s<\/button><\/a><\/div><\/div><div class=\"item-custom-loop\"><div class=\"thumb-item-custom-loop\" style=\"background-image: url(https:\/\/olimpiadasrm.fseneca.es\/wp-content\/uploads\/2024051515172397867.webp);\"><div class=\"category-post\">Ingenier\u00edas y Arquitectura<\/div><div style=\"background:#d84459;\" class=\"cover-post\"><\/div><\/div><div class=\"content-item-custom-loop\" style=\"background:#d84459;\"><a href=\"https:\/\/olimpiadasrm.fseneca.es\/?p=5943\" title=\"El IES Dos Mares gana la VII Olimpiada de Arquitectura con un sistema de vol\u00famenes vers\u00e1tiles\"><h3 class=\"title-item-custom-loop\">El IES Dos Mares gana la VII Olimpiada de Arquitectura con un sistema de vol\u00famenes vers\u00e1tiles<\/h3><div class=\"date-item-custom-notice\">15\/05\/2024<\/div><p class=\"excerpt-item-custom-loop\">El concurso consist\u00eda en crear espacios que fueran a la vez refugios clim\u00e1ticos y espacios de aprendizaje.<\/p><button style=\"border-color:#d84459; background:#d84459;\">M\u00e1s<\/button><\/a><\/div><\/div><div class=\"item-custom-loop\"><div class=\"thumb-item-custom-loop\" style=\"background-image: url(https:\/\/olimpiadasrm.fseneca.es\/wp-content\/uploads\/150520241449371-1.jpg);\"><div class=\"category-post\">Ingenier\u00edas y Arquitectura<\/div><div style=\"background:#d84459;\" class=\"cover-post\"><\/div><\/div><div class=\"content-item-custom-loop\" style=\"background:#d84459;\"><a href=\"https:\/\/olimpiadasrm.fseneca.es\/?p=5941\" title=\"Los estudiantes ten\u00edan que crear espacios que fueran a la vez refugios clim\u00e1ticos y espacios de aprendizaje\"><h3 class=\"title-item-custom-loop\">Los estudiantes ten\u00edan que crear espacios que fueran a la vez refugios clim\u00e1ticos y espacios de aprendizaje<\/h3><div class=\"date-item-custom-notice\">15\/05\/2024<\/div><p class=\"excerpt-item-custom-loop\">Un sistema de vol\u00famenes vers\u00e1tiles para el IES Dos Mares gana la VII Olimpiada de Arquitectura<\/p><button style=\"border-color:#d84459; background:#d84459;\">M\u00e1s<\/button><\/a><\/div><\/div><div class=\"item-custom-loop\"><div class=\"thumb-item-custom-loop\" style=\"background-image: url(https:\/\/olimpiadasrm.fseneca.es\/wp-content\/uploads\/img_16225Olimpiadas20Empresa_UPCT_2024-1.jpg);\"><div class=\"category-post\">Ciencias sociales, jur\u00eddicas y humanidades<\/div><div style=\"background:#ffd02c;\" class=\"cover-post\"><\/div><\/div><div class=\"content-item-custom-loop\" style=\"background:#ffd02c;\"><a href=\"https:\/\/olimpiadasrm.fseneca.es\/?p=5945\" title=\"El IES Ben Arab\u00ed gana el premio al mejor centro y uno de sus alumnos vence en la XX Olimpiada de Empresa\"><h3 class=\"title-item-custom-loop\">El IES Ben Arab\u00ed gana el premio al mejor centro y uno de sus alumnos vence en la XX Olimpiada de Empresa<\/h3><div class=\"date-item-custom-notice\">02\/05\/2024<\/div><p class=\"excerpt-item-custom-loop\"><\/p><button style=\"border-color:#ffd02c; background:#ffd02c;\">M\u00e1s<\/button><\/a><\/div><\/div><div class=\"item-custom-loop\"><div class=\"thumb-item-custom-loop\" style=\"background-image: url();\"><div class=\"category-post\">Ciencias experimentales<\/div><div style=\"background:#00b55f;\" class=\"cover-post\"><\/div><\/div><div class=\"content-item-custom-loop\" style=\"background:#00b55f;\"><a href=\"https:\/\/olimpiadasrm.fseneca.es\/?p=5952\" title=\"120 alumnos de 2\u00ba de Bachiller compiten en la Olimpiada Nacional de Qu\u00edmica\"><h3 class=\"title-item-custom-loop\">120 alumnos de 2\u00ba de Bachiller compiten en la Olimpiada Nacional de Qu\u00edmica<\/h3><div class=\"date-item-custom-notice\">26\/04\/2024<\/div><p class=\"excerpt-item-custom-loop\">Proceden de 30 centros de ense\u00f1anza y los ganadores representar\u00e1n a Espa\u00f1a en la Olimpiada Internacional que se celebrar\u00e1 en Riad (Arabi<\/p><button style=\"border-color:#00b55f; background:#00b55f;\">M\u00e1s<\/button><\/a><\/div><\/div><div class=\"item-custom-loop\"><div class=\"thumb-item-custom-loop\" style=\"background-image: url();\"><div class=\"category-post\">Ciencias experimentales<\/div><div style=\"background:#00b55f;\" class=\"cover-post\"><\/div><\/div><div class=\"content-item-custom-loop\" style=\"background:#00b55f;\"><a href=\"https:\/\/olimpiadasrm.fseneca.es\/?p=5951\" title=\"Unos 120 alumnos de 2\u00ba de Bachiller compiten en la Olimpiada Nacional de Qu\u00edmica que acoge la Regi\u00f3n\"><h3 class=\"title-item-custom-loop\">Unos 120 alumnos de 2\u00ba de Bachiller compiten en la Olimpiada Nacional de Qu\u00edmica que acoge la Regi\u00f3n<\/h3><div class=\"date-item-custom-notice\">26\/04\/2024<\/div><p class=\"excerpt-item-custom-loop\">PROCEDEN DE 30 CENTROS DE ENSE\u00d1ANZA Y LOS GANADORES REPRESENTAR\u00c1N A ESPA\u00d1A EN LA OLIMPIADA INTERNACIONAL DE QU\u00cdMICA QUE SE CELEBRAR\u00c1 EN<\/p><button style=\"border-color:#00b55f; background:#00b55f;\">M\u00e1s<\/button><\/a><\/div><\/div><div class=\"item-custom-loop\"><div class=\"thumb-item-custom-loop\" style=\"background-image: url();\"><div class=\"category-post\">Ciencias experimentales<\/div><div style=\"background:#00b55f;\" class=\"cover-post\"><\/div><\/div><div class=\"content-item-custom-loop\" style=\"background:#00b55f;\"><a href=\"https:\/\/olimpiadasrm.fseneca.es\/?p=5950\" title=\"Unos 120 alumnos de 2\u00ba de Bachiller compiten en la Olimpiada Nacional de Qu\u00edmica que acoge la Regi\u00f3n\"><h3 class=\"title-item-custom-loop\">Unos 120 alumnos de 2\u00ba de Bachiller compiten en la Olimpiada Nacional de Qu\u00edmica que acoge la Regi\u00f3n<\/h3><div class=\"date-item-custom-notice\">26\/04\/2024<\/div><p class=\"excerpt-item-custom-loop\">La Regi\u00f3n de Murcia acoge desde hoy y hasta el pr\u00f3ximo domingo, 28 de abril, la XXXVII Olimpiada Nacional de Qu\u00edmica, 25 a\u00f1os despu\u00e9s d<\/p><button style=\"border-color:#00b55f; background:#00b55f;\">M\u00e1s<\/button><\/a><\/div><\/div><div class=\"item-custom-loop\"><div class=\"thumb-item-custom-loop\" style=\"background-image: url();\"><div class=\"category-post\">Ciencias experimentales<\/div><div style=\"background:#00b55f;\" class=\"cover-post\"><\/div><\/div><div class=\"content-item-custom-loop\" style=\"background:#00b55f;\"><a href=\"https:\/\/olimpiadasrm.fseneca.es\/?p=5949\" title=\"Un total de 120 estudiantes de segundo de Bachillerato participan en la Olimpiada Nacional de Qu\u00edmica que se celebra en la Regi\u00f3n\"><h3 class=\"title-item-custom-loop\">Un total de 120 estudiantes de segundo de Bachillerato participan en la Olimpiada Nacional de Qu\u00edmica que se celebra en la Regi\u00f3n<\/h3><div class=\"date-item-custom-notice\">26\/04\/2024<\/div><p class=\"excerpt-item-custom-loop\">La Regi\u00f3n de Murcia acoge desde hoy y hasta el pr\u00f3ximo domingo, 28 de abril, la XXXVII Olimpiada Nacional de Qu\u00edmica, 25 a\u00f1os despu\u00e9s d<\/p><button style=\"border-color:#00b55f; background:#00b55f;\">M\u00e1s<\/button><\/a><\/div><\/div><div class=\"item-custom-loop\"><div class=\"thumb-item-custom-loop\" style=\"background-image: url(https:\/\/olimpiadasrm.fseneca.es\/wp-content\/uploads\/260420241844271-1.jpg);\"><div class=\"category-post\">Ciencias experimentales<\/div><div style=\"background:#00b55f;\" class=\"cover-post\"><\/div><\/div><div class=\"content-item-custom-loop\" style=\"background:#00b55f;\"><a href=\"https:\/\/olimpiadasrm.fseneca.es\/?p=5947\" title=\"120 alumnos de 2\u00b0 de Bachiller compiten en la XXXVII Olimpiada Nacional de Qu\u00edmica\"><h3 class=\"title-item-custom-loop\">120 alumnos de 2\u00b0 de Bachiller compiten en la XXXVII Olimpiada Nacional de Qu\u00edmica<\/h3><div class=\"date-item-custom-notice\">26\/04\/2024<\/div><p class=\"excerpt-item-custom-loop\">Proceden de 30 centros de ense\u00f1anza y los ganadores representar\u00e1n a Espa\u00f1a en la Olimpiada Internacional de Qu\u00edmica que se celebrar\u00e1 en<\/p><button style=\"border-color:#00b55f; background:#00b55f;\">M\u00e1s<\/button><\/a><\/div><\/div><div class=\"item-custom-loop\"><div class=\"thumb-item-custom-loop\" style=\"background-image: url(https:\/\/olimpiadasrm.fseneca.es\/wp-content\/uploads\/img_16190GANADORES-1.jpg);\"><div class=\"category-post\">Ingenier\u00edas y Arquitectura<\/div><div style=\"background:#d84459;\" class=\"cover-post\"><\/div><\/div><div class=\"content-item-custom-loop\" style=\"background:#d84459;\"><a href=\"https:\/\/olimpiadasrm.fseneca.es\/?p=5953\" title=\"Un pastillero autom\u00e1tico de los estudiantes de Maristas La Merced y un sensor de temperatura y pH de bajo coste ganan las Olimpiadas de Teleco\"><h3 class=\"title-item-custom-loop\">Un pastillero autom\u00e1tico de los estudiantes de Maristas La Merced y un sensor de temperatura y pH de bajo coste ganan las Olimpiadas de Teleco<\/h3><div class=\"date-item-custom-notice\">25\/04\/2024<\/div><p class=\"excerpt-item-custom-loop\">Un total de 42 alumnos han resultado finalistas en esta iniciativa para poner en valor la ayuda de la tecnolog\u00eda al servicio del cumplimien<\/p><button style=\"border-color:#d84459; background:#d84459;\">M\u00e1s<\/button><\/a><\/div><\/div><div class=\"item-custom-loop\"><div class=\"thumb-item-custom-loop\" style=\"background-image: url(https:\/\/olimpiadasrm.fseneca.es\/wp-content\/uploads\/img_16132DSC_0248-1.jpg);\"><div class=\"category-post\">Ingenier\u00edas y Arquitectura<\/div><div style=\"background:#d84459;\" class=\"cover-post\"><\/div><\/div><div class=\"content-item-custom-loop\" style=\"background:#d84459;\"><a href=\"https:\/\/olimpiadasrm.fseneca.es\/?p=5955\" title=\"Alumnos de Franciscanos ganan las Olimpiadas de Ingenier\u00eda de Caminos en la UPCT y representar\u00e1n a la Regi\u00f3n en Burgos\"><h3 class=\"title-item-custom-loop\">Alumnos de Franciscanos ganan las Olimpiadas de Ingenier\u00eda de Caminos en la UPCT y representar\u00e1n a la Regi\u00f3n en Burgos<\/h3><div class=\"date-item-custom-notice\">12\/04\/2024<\/div><p class=\"excerpt-item-custom-loop\">El equipo &#8216;Los Tauol\u00edmpicos&#8217; del Colegio Franciscanos de Cartagena ha ganado la fase regional de las Olimpiadas de Ingenier\u00eda <\/p><button style=\"border-color:#d84459; background:#d84459;\">M\u00e1s<\/button><\/a><\/div><\/div><div class=\"item-custom-loop\"><div class=\"thumb-item-custom-loop\" style=\"background-image: url(https:\/\/olimpiadasrm.fseneca.es\/wp-content\/uploads\/FABIO-3.jpg);\"><div class=\"category-post\">Ciencias sociales, jur\u00eddicas y humanidades<\/div><div style=\"background:#ffd02c;\" class=\"cover-post\"><\/div><\/div><div class=\"content-item-custom-loop\" style=\"background:#ffd02c;\"><a href=\"https:\/\/olimpiadasrm.fseneca.es\/?p=5959\" title=\"Un alumno del Colegio Monteagudo-Nelva representar\u00e1 a la Regi\u00f3n de Murcia en la Olimpiada espa\u00f1ola de Econom\u00eda 2024\"><h3 class=\"title-item-custom-loop\">Un alumno del Colegio Monteagudo-Nelva representar\u00e1 a la Regi\u00f3n de Murcia en la Olimpiada espa\u00f1ola de Econom\u00eda 2024<\/h3><div class=\"date-item-custom-notice\">20\/03\/2024<\/div><p class=\"excerpt-item-custom-loop\">Fabio Garc\u00eda Pomares, alumno de Bachillerato del colegio Monteagudo-Nelva, ha quedado en segunda posici\u00f3n en la Olimpiada de Econom\u00eda de <\/p><button style=\"border-color:#ffd02c; background:#ffd02c;\">M\u00e1s<\/button><\/a><\/div><\/div><div class=\"item-custom-loop\"><div class=\"thumb-item-custom-loop\" style=\"background-image: url(https:\/\/olimpiadasrm.fseneca.es\/wp-content\/uploads\/FABIO-2.jpg);\"><div class=\"category-post\">Ciencias sociales, jur\u00eddicas y humanidades<\/div><div style=\"background:#ffd02c;\" class=\"cover-post\"><\/div><\/div><div class=\"content-item-custom-loop\" style=\"background:#ffd02c;\"><a href=\"https:\/\/olimpiadasrm.fseneca.es\/?p=5957\" title=\"Un alumno del Colegio Monteagudo-Nelva representar\u00e1 a la Regi\u00f3n de Murcia en la Olimpiada espa\u00f1ola de Econom\u00eda 2024\"><h3 class=\"title-item-custom-loop\">Un alumno del Colegio Monteagudo-Nelva representar\u00e1 a la Regi\u00f3n de Murcia en la Olimpiada espa\u00f1ola de Econom\u00eda 2024<\/h3><div class=\"date-item-custom-notice\">20\/03\/2024<\/div><p class=\"excerpt-item-custom-loop\">Fabio Garc\u00eda Pomares, alumno de Bachillerato del colegio Monteagudo-Nelva, ha quedado en segunda posici\u00f3n en la Olimpiada de Econom\u00eda de <\/p><button style=\"border-color:#ffd02c; background:#ffd02c;\">M\u00e1s<\/button><\/a><\/div><\/div><div class=\"item-custom-loop\"><div class=\"thumb-item-custom-loop\" style=\"background-image: url(https:\/\/olimpiadasrm.fseneca.es\/wp-content\/uploads\/ac35bf58-1714-4883-b2dc-c9afa8cb8be6_16-9-aspect-ratio_default_0-1.webp);\"><div class=\"category-post\">Ingenier\u00edas y Arquitectura<\/div><div style=\"background:#d84459;\" class=\"cover-post\"><\/div><\/div><div class=\"content-item-custom-loop\" style=\"background:#d84459;\"><a href=\"https:\/\/olimpiadasrm.fseneca.es\/?p=5962\" title=\"R\u00e9cord de participaci\u00f3n en las Olimpiadas Cient\u00edficas de la UCAM\"><h3 class=\"title-item-custom-loop\">R\u00e9cord de participaci\u00f3n en las Olimpiadas Cient\u00edficas de la UCAM<\/h3><div class=\"date-item-custom-notice\">17\/03\/2024<\/div><p class=\"excerpt-item-custom-loop\">Las pruebas se celebraron en los campus de Murcia y de Cartagena<\/p><button style=\"border-color:#d84459; background:#d84459;\">M\u00e1s<\/button><\/a><\/div><\/div><div class=\"item-custom-loop\"><div class=\"thumb-item-custom-loop\" style=\"background-image: url();\"><div class=\"category-post\">Ingenier\u00edas y Arquitectura<\/div><div style=\"background:#d84459;\" class=\"cover-post\"><\/div><\/div><div class=\"content-item-custom-loop\" style=\"background:#d84459;\"><a href=\"https:\/\/olimpiadasrm.fseneca.es\/?p=5961\" title=\"R\u00e9cord de participaci\u00f3n en las Olimpiadas Cient\u00edficas de la Cat\u00f3lica\"><h3 class=\"title-item-custom-loop\">R\u00e9cord de participaci\u00f3n en las Olimpiadas Cient\u00edficas de la Cat\u00f3lica<\/h3><div class=\"date-item-custom-notice\">17\/03\/2024<\/div><p class=\"excerpt-item-custom-loop\"><\/p><button style=\"border-color:#d84459; background:#d84459;\">M\u00e1s<\/button><\/a><\/div><\/div><div class=\"item-custom-loop\"><div class=\"thumb-item-custom-loop\" style=\"background-image: url(https:\/\/olimpiadasrm.fseneca.es\/wp-content\/uploads\/olimpiadas-cientificas-ucam-1.jpg);\"><div class=\"category-post\">Ingenier\u00edas y Arquitectura<\/div><div style=\"background:#d84459;\" class=\"cover-post\"><\/div><\/div><div class=\"content-item-custom-loop\" style=\"background:#d84459;\"><a href=\"https:\/\/olimpiadasrm.fseneca.es\/?p=5964\" title=\"R\u00e9cord de participaci\u00f3n en las Olimpiadas Cient\u00edficas UCAM\"><h3 class=\"title-item-custom-loop\">R\u00e9cord de participaci\u00f3n en las Olimpiadas Cient\u00edficas UCAM<\/h3><div class=\"date-item-custom-notice\">14\/03\/2024<\/div><p class=\"excerpt-item-custom-loop\">Cerca de 400 alumnos de Bachillerato y Formaci\u00f3n Profesional superior de 21 centros educativos de la Regi\u00f3n de Murcia participan entre hoy<\/p><button style=\"border-color:#d84459; background:#d84459;\">M\u00e1s<\/button><\/a><\/div><\/div><div class=\"item-custom-loop\"><div class=\"thumb-item-custom-loop\" style=\"background-image: url(https:\/\/olimpiadasrm.fseneca.es\/wp-content\/uploads\/img_15960DSC03531.jpg);\"><div class=\"category-post\">Ingenier\u00edas y Arquitectura<\/div><div style=\"background:#d84459;\" class=\"cover-post\"><\/div><\/div><div class=\"content-item-custom-loop\" style=\"background:#d84459;\"><a href=\"https:\/\/olimpiadasrm.fseneca.es\/?p=5966\" title=\"Talleres de Agricultura Inteligente para los estudiantes que participan en la XII Olimpiadas Agroalimentaria y Agroambiental\"><h3 class=\"title-item-custom-loop\">Talleres de Agricultura Inteligente para los estudiantes que participan en la XII Olimpiadas Agroalimentaria y Agroambiental<\/h3><div class=\"date-item-custom-notice\">16\/02\/2024<\/div><p class=\"excerpt-item-custom-loop\">Los m\u00e1s de 100 alumnos que participan esta ma\u00f1ana en la XII Olimpiadas Agroalimentaria y Agroambiental, que organiza la Escuela T\u00e9cnica S<\/p><button style=\"border-color:#d84459; background:#d84459;\">M\u00e1s<\/button><\/a><\/div><\/div><div class=\"item-custom-loop\"><div class=\"thumb-item-custom-loop\" style=\"background-image: url(https:\/\/olimpiadasrm.fseneca.es\/wp-content\/uploads\/img_15921DSC03533.jpg);\"><div class=\"category-post\">Ingenier\u00edas y Arquitectura<\/div><div style=\"background:#d84459;\" class=\"cover-post\"><\/div><\/div><div class=\"content-item-custom-loop\" style=\"background:#d84459;\"><a href=\"https:\/\/olimpiadasrm.fseneca.es\/?p=5970\" title=\"\u00daltimos d\u00edas para la inscripci\u00f3n en las XII Olimpiada Agroalimentaria y Agroambiental para estudiantes de ESO y Bachillerato\"><h3 class=\"title-item-custom-loop\">\u00daltimos d\u00edas para la inscripci\u00f3n en las XII Olimpiada Agroalimentaria y Agroambiental para estudiantes de ESO y Bachillerato<\/h3><div class=\"date-item-custom-notice\">05\/02\/2024<\/div><p class=\"excerpt-item-custom-loop\"><\/p><button style=\"border-color:#d84459; background:#d84459;\">M\u00e1s<\/button><\/a><\/div><\/div><div class=\"item-custom-loop\"><div class=\"thumb-item-custom-loop\" style=\"background-image: url(https:\/\/olimpiadasrm.fseneca.es\/wp-content\/uploads\/img_15931Olimpiada20Arquiectura_UPCT_2023.jpg);\"><div class=\"category-post\">Ingenier\u00edas y Arquitectura<\/div><div style=\"background:#d84459;\" class=\"cover-post\"><\/div><\/div><div class=\"content-item-custom-loop\" style=\"background:#d84459;\"><a href=\"https:\/\/olimpiadasrm.fseneca.es\/?p=5968\" title=\"M\u00e1s de 200 estudiantes compiten en \u2018Make Cool Your School!\u2019, la Olimpiada de Arquitectura de la Regi\u00f3n de Murcia\"><h3 class=\"title-item-custom-loop\">M\u00e1s de 200 estudiantes compiten en \u2018Make Cool Your School!\u2019, la Olimpiada de Arquitectura de la Regi\u00f3n de Murcia<\/h3><div class=\"date-item-custom-notice\">05\/02\/2024<\/div><p class=\"excerpt-item-custom-loop\">Pertenecen a 22 centros educativos de 12 municipios, nueve de los cu\u00e1les participan por primera vez en esta iniciativa<\/p><button style=\"border-color:#d84459; background:#d84459;\">M\u00e1s<\/button><\/a><\/div><\/div><div class=\"item-custom-loop\"><div class=\"thumb-item-custom-loop\" style=\"background-image: url(https:\/\/olimpiadasrm.fseneca.es\/wp-content\/uploads\/img_15898DSC03532-1.jpg);\"><div class=\"category-post\">Ingenier\u00edas y Arquitectura<\/div><div style=\"background:#d84459;\" class=\"cover-post\"><\/div><\/div><div class=\"content-item-custom-loop\" style=\"background:#d84459;\"><a href=\"https:\/\/olimpiadasrm.fseneca.es\/?p=5972\" title=\"La ETSIA organiza las XII Olimpiadas Agroalimentaria y Agroambiental para estudiantes de ESO y Bachillerato\"><h3 class=\"title-item-custom-loop\">La ETSIA organiza las XII Olimpiadas Agroalimentaria y Agroambiental para estudiantes de ESO y Bachillerato<\/h3><div class=\"date-item-custom-notice\">26\/01\/2024<\/div><p class=\"excerpt-item-custom-loop\">Los alumnos pueden optar por competir en las asignaturas de Biolog\u00eda, Tecnolog\u00eda e ingenier\u00eda y Geolog\u00eda y Ciencias Ambientales<\/p><button style=\"border-color:#d84459; background:#d84459;\">M\u00e1s<\/button><\/a><\/div><\/div><div class=\"item-custom-loop\"><div class=\"thumb-item-custom-loop\" style=\"background-image: url(https:\/\/olimpiadasrm.fseneca.es\/wp-content\/uploads\/img_15894DSC_0646-1.jpg);\"><div class=\"category-post\">Ingenier\u00edas y Arquitectura<\/div><div style=\"background:#d84459;\" class=\"cover-post\"><\/div><\/div><div class=\"content-item-custom-loop\" style=\"background:#d84459;\"><a href=\"https:\/\/olimpiadasrm.fseneca.es\/?p=5974\" title=\"Abejas con microchip\"><h3 class=\"title-item-custom-loop\">Abejas con microchip<\/h3><div class=\"date-item-custom-notice\">25\/01\/2024<\/div><p class=\"excerpt-item-custom-loop\"><\/p><button style=\"border-color:#d84459; background:#d84459;\">M\u00e1s<\/button><\/a><\/div><\/div><div class=\"item-custom-loop\"><div class=\"thumb-item-custom-loop\" style=\"background-image: url();\"><div class=\"category-post\">Ingenier\u00edas y Arquitectura<\/div><div style=\"background:#d84459;\" class=\"cover-post\"><\/div><\/div><div class=\"content-item-custom-loop\" style=\"background:#d84459;\"><a href=\"https:\/\/olimpiadasrm.fseneca.es\/?p=5976\" title=\"Las II Olimpiadas Teleco arrancan en la ETSIT con un reto del ODS: Salud y Bienestar\"><h3 class=\"title-item-custom-loop\">Las II Olimpiadas Teleco arrancan en la ETSIT con un reto del ODS: Salud y Bienestar<\/h3><div class=\"date-item-custom-notice\">24\/01\/2024<\/div><p class=\"excerpt-item-custom-loop\"><\/p><button style=\"border-color:#d84459; background:#d84459;\">M\u00e1s<\/button><\/a><\/div><\/div><div class=\"item-custom-loop\"><div class=\"thumb-item-custom-loop\" style=\"background-image: url();\"><div class=\"category-post\">Ingenier\u00edas y Arquitectura<\/div><div style=\"background:#d84459;\" class=\"cover-post\"><\/div><\/div><div class=\"content-item-custom-loop\" style=\"background:#d84459;\"><a href=\"https:\/\/olimpiadasrm.fseneca.es\/?p=5978\" title=\"Estudiantes de FP Superior y Bachillerato ya pueden inscribirse en las Olimpiadas Cient\u00edficas\"><h3 class=\"title-item-custom-loop\">Estudiantes de FP Superior y Bachillerato ya pueden inscribirse en las Olimpiadas Cient\u00edficas<\/h3><div class=\"date-item-custom-notice\">21\/01\/2024<\/div><p class=\"excerpt-item-custom-loop\"><\/p><button style=\"border-color:#d84459; background:#d84459;\">M\u00e1s<\/button><\/a><\/div><\/div><div class=\"item-custom-loop\"><div class=\"thumb-item-custom-loop\" style=\"background-image: url();\"><div class=\"category-post\">Ingenier\u00edas y Arquitectura<\/div><div style=\"background:#d84459;\" class=\"cover-post\"><\/div><\/div><div class=\"content-item-custom-loop\" style=\"background:#d84459;\"><a href=\"https:\/\/olimpiadasrm.fseneca.es\/?p=5977\" title=\"Estudiantes de FP Superior y Bachillerato ya pueden inscribirse en las Olimpiadas Cient\u00edficas\"><h3 class=\"title-item-custom-loop\">Estudiantes de FP Superior y Bachillerato ya pueden inscribirse en las Olimpiadas Cient\u00edficas<\/h3><div class=\"date-item-custom-notice\">21\/01\/2024<\/div><p class=\"excerpt-item-custom-loop\"><\/p><button style=\"border-color:#d84459; background:#d84459;\">M\u00e1s<\/button><\/a><\/div><\/div><div class=\"item-custom-loop\"><div class=\"thumb-item-custom-loop\" style=\"background-image: url(https:\/\/olimpiadasrm.fseneca.es\/wp-content\/uploads\/olimpiadas-cientificas-rcp.jpg);\"><div class=\"category-post\">General<\/div><div style=\"background:#d6d6d6;\" class=\"cover-post\"><\/div><\/div><div class=\"content-item-custom-loop\" style=\"background:#d6d6d6;\"><a href=\"https:\/\/olimpiadasrm.fseneca.es\/?p=5979\" title=\"La UCAM abre la inscripci\u00f3n de sus Olimpiadas Cient\u00edficas para alumnos de FP Superior y Bachillerato\"><h3 class=\"title-item-custom-loop\">La UCAM abre la inscripci\u00f3n de sus Olimpiadas Cient\u00edficas para alumnos de FP Superior y Bachillerato<\/h3><div class=\"date-item-custom-notice\">17\/01\/2024<\/div><p class=\"excerpt-item-custom-loop\">Quienes se clasifiquen en primer lugar conseguir\u00e1n una beca del 100% de la matr\u00edcula del primer curso acad\u00e9mico m\u00e1s una tablet<\/p><button style=\"border-color:#d6d6d6; background:#d6d6d6;\">M\u00e1s<\/button><\/a><\/div><\/div><div class=\"item-custom-loop\"><div class=\"thumb-item-custom-loop\" style=\"background-image: url();\"><div class=\"category-post\">General<\/div><div style=\"background:#d6d6d6;\" class=\"cover-post\"><\/div><\/div><div class=\"content-item-custom-loop\" style=\"background:#d6d6d6;\"><a href=\"https:\/\/olimpiadasrm.fseneca.es\/?p=5987\" title=\"El Gobierno regional aumenta a 23 el n\u00famero de Olimpiadas Cient\u00edficas en su 25 aniversario\"><h3 class=\"title-item-custom-loop\">El Gobierno regional aumenta a 23 el n\u00famero de Olimpiadas Cient\u00edficas en su 25 aniversario<\/h3><div class=\"date-item-custom-notice\">16\/01\/2024<\/div><p class=\"excerpt-item-custom-loop\">A partir de este a\u00f1o, la Fundaci\u00f3n S\u00e9neca, pone una web a disposici\u00f3n de los interesados en concurrir con toda la informaci\u00f3n<\/p><button style=\"border-color:#d6d6d6; background:#d6d6d6;\">M\u00e1s<\/button><\/a><\/div><\/div><div class=\"item-custom-loop\"><div class=\"thumb-item-custom-loop\" style=\"background-image: url(https:\/\/olimpiadasrm.fseneca.es\/wp-content\/uploads\/el-gobierno-regional-aumenta-a-23-el-numero-de-olimpiadas-cientificas-en-su-25-aniversario-1.webp);\"><div class=\"category-post\">General<\/div><div style=\"background:#d6d6d6;\" class=\"cover-post\"><\/div><\/div><div class=\"content-item-custom-loop\" style=\"background:#d6d6d6;\"><a href=\"https:\/\/olimpiadasrm.fseneca.es\/?p=5985\" title=\"El Gobierno regional aumenta a 23 el n\u00famero de Olimpiadas Cient\u00edficas en su 25 aniversario\"><h3 class=\"title-item-custom-loop\">El Gobierno regional aumenta a 23 el n\u00famero de Olimpiadas Cient\u00edficas en su 25 aniversario<\/h3><div class=\"date-item-custom-notice\">16\/01\/2024<\/div><p class=\"excerpt-item-custom-loop\">A partir de este a\u00f1o, la Fundaci\u00f3n S\u00e9neca, pone una web a disposici\u00f3n de los interesados en concurrir con toda la informaci\u00f3n<\/p><button style=\"border-color:#d6d6d6; background:#d6d6d6;\">M\u00e1s<\/button><\/a><\/div><\/div><div class=\"item-custom-loop\"><div class=\"thumb-item-custom-loop\" style=\"background-image: url(https:\/\/olimpiadasrm.fseneca.es\/wp-content\/uploads\/el-gobierno-regional-aumenta-a-23-el-numero-de-olimpiadas-cientificas-en-su-25-aniversario.webp);\"><div class=\"category-post\">General<\/div><div style=\"background:#d6d6d6;\" class=\"cover-post\"><\/div><\/div><div class=\"content-item-custom-loop\" style=\"background:#d6d6d6;\"><a href=\"https:\/\/olimpiadasrm.fseneca.es\/?p=5983\" title=\"El Gobierno regional aumenta a 23 el n\u00famero de Olimpiadas Cient\u00edficas en su 25 aniversario\"><h3 class=\"title-item-custom-loop\">El Gobierno regional aumenta a 23 el n\u00famero de Olimpiadas Cient\u00edficas en su 25 aniversario<\/h3><div class=\"date-item-custom-notice\">16\/01\/2024<\/div><p class=\"excerpt-item-custom-loop\">A partir de este a\u00f1o, la Fundaci\u00f3n S\u00e9neca, pone una web a disposici\u00f3n de los interesados en concurrir con toda la informaci\u00f3n<\/p><button style=\"border-color:#d6d6d6; background:#d6d6d6;\">M\u00e1s<\/button><\/a><\/div><\/div><div class=\"item-custom-loop\"><div class=\"thumb-item-custom-loop\" style=\"background-image: url(https:\/\/olimpiadasrm.fseneca.es\/wp-content\/uploads\/DSC_715428129-scaled.jpg);\"><div class=\"category-post\">Ciencias experimentales<\/div><div style=\"background:#00b55f;\" class=\"cover-post\"><\/div><\/div><div class=\"content-item-custom-loop\" style=\"background:#00b55f;\"><a href=\"https:\/\/olimpiadasrm.fseneca.es\/?p=5981\" title=\"La Facultad de Biolog\u00eda celebra la Olimpiada Regional de Biolog\u00eda\"><h3 class=\"title-item-custom-loop\">La Facultad de Biolog\u00eda celebra la Olimpiada Regional de Biolog\u00eda<\/h3><div class=\"date-item-custom-notice\">16\/01\/2024<\/div><p class=\"excerpt-item-custom-loop\"><\/p><button style=\"border-color:#00b55f; background:#00b55f;\">M\u00e1s<\/button><\/a><\/div><\/div><div class=\"item-custom-loop\"><div class=\"thumb-item-custom-loop\" style=\"background-image: url();\"><div class=\"category-post\">Ciencias experimentales<\/div><div style=\"background:#00b55f;\" class=\"cover-post\"><\/div><\/div><div class=\"content-item-custom-loop\" style=\"background:#00b55f;\"><a href=\"https:\/\/olimpiadasrm.fseneca.es\/?p=5988\" title=\"Las Olimpiadas Cient\u00edficas congregar\u00e1n a m\u00e1s de 4.000 alumnos\"><h3 class=\"title-item-custom-loop\">Las Olimpiadas Cient\u00edficas congregar\u00e1n a m\u00e1s de 4.000 alumnos<\/h3><div class=\"date-item-custom-notice\">31\/10\/2023<\/div><p class=\"excerpt-item-custom-loop\">Los estudiantes participantes competir\u00e1n en m\u00e1s de una veintena de disciplinas diferentes y representar\u00e1n a trescientos institutos murcia<\/p><button style=\"border-color:#00b55f; background:#00b55f;\">M\u00e1s<\/button><\/a><\/div><\/div><div class=\"item-custom-loop\"><div class=\"thumb-item-custom-loop\" style=\"background-image: url(https:\/\/olimpiadasrm.fseneca.es\/wp-content\/uploads\/img_15354WhatsApp20Image202023-06-1920at2018.35.44.jpeg);\"><div class=\"category-post\">Ingenier\u00edas y Arquitectura<\/div><div style=\"background:#d84459;\" class=\"cover-post\"><\/div><\/div><div class=\"content-item-custom-loop\" style=\"background:#d84459;\"><a href=\"https:\/\/olimpiadasrm.fseneca.es\/?p=5989\" title=\"Los estudiantes de Bachillerato del IES Miguel de Cervantes, Maristas y Monteagudo, ganadores de la I Olimpiada de Teleco\"><h3 class=\"title-item-custom-loop\">Los estudiantes de Bachillerato del IES Miguel de Cervantes, Maristas y Monteagudo, ganadores de la I Olimpiada de Teleco<\/h3><div class=\"date-item-custom-notice\">20\/06\/2023<\/div><p class=\"excerpt-item-custom-loop\"><\/p><button style=\"border-color:#d84459; background:#d84459;\">M\u00e1s<\/button><\/a><\/div><\/div><div class=\"item-custom-loop\"><div class=\"thumb-item-custom-loop\" style=\"background-image: url();\"><div class=\"category-post\">Ingenier\u00edas y Arquitectura<\/div><div style=\"background:#d84459;\" class=\"cover-post\"><\/div><\/div><div class=\"content-item-custom-loop\" style=\"background:#d84459;\"><a href=\"https:\/\/olimpiadasrm.fseneca.es\/?p=5991\" title=\"Premian a los mejores de las Olimpiadas Cient\u00edficas de la UCAM en Cartagena\"><h3 class=\"title-item-custom-loop\">Premian a los mejores de las Olimpiadas Cient\u00edficas de la UCAM en Cartagena<\/h3><div class=\"date-item-custom-notice\">30\/05\/2023<\/div><p class=\"excerpt-item-custom-loop\"><\/p><button style=\"border-color:#d84459; background:#d84459;\">M\u00e1s<\/button><\/a><\/div><\/div><div class=\"item-custom-loop\"><div class=\"thumb-item-custom-loop\" style=\"background-image: url();\"><div class=\"category-post\">Ingenier\u00edas y Arquitectura<\/div><div style=\"background:#d84459;\" class=\"cover-post\"><\/div><\/div><div class=\"content-item-custom-loop\" style=\"background:#d84459;\"><a href=\"https:\/\/olimpiadasrm.fseneca.es\/?p=5992\" title=\"La Cat\u00f3lica premia a los ganadores de sus Olimpiadas Cient\u00edficas\"><h3 class=\"title-item-custom-loop\">La Cat\u00f3lica premia a los ganadores de sus Olimpiadas Cient\u00edficas<\/h3><div class=\"date-item-custom-notice\">27\/05\/2023<\/div><p class=\"excerpt-item-custom-loop\"><\/p><button style=\"border-color:#d84459; background:#d84459;\">M\u00e1s<\/button><\/a><\/div><\/div><div class=\"item-custom-loop\"><div class=\"thumb-item-custom-loop\" style=\"background-image: url(https:\/\/olimpiadasrm.fseneca.es\/wp-content\/uploads\/img_15224DSC05919-1.jpg);\"><div class=\"category-post\">Ingenier\u00edas y Arquitectura<\/div><div style=\"background:#d84459;\" class=\"cover-post\"><\/div><\/div><div class=\"content-item-custom-loop\" style=\"background:#d84459;\"><a href=\"https:\/\/olimpiadasrm.fseneca.es\/?p=5993\" title=\"Final de la VI Olimpiada de Arquitectura \u2018Make Cool Your School!\"><h3 class=\"title-item-custom-loop\">Final de la VI Olimpiada de Arquitectura \u2018Make Cool Your School!<\/h3><div class=\"date-item-custom-notice\">09\/05\/2023<\/div><p class=\"excerpt-item-custom-loop\">Los ocho equipos finalistas participantes en la VI Olimpiada de Arquitectura de la Regi\u00f3n de Murcia , \u2018Make Cool Your School!\u2019, expondr<\/p><button style=\"border-color:#d84459; background:#d84459;\">M\u00e1s<\/button><\/a><\/div><\/div><div class=\"item-custom-loop\"><div class=\"thumb-item-custom-loop\" style=\"background-image: url(https:\/\/olimpiadasrm.fseneca.es\/wp-content\/uploads\/040520231230461-1.jpg);\"><div class=\"category-post\">Ciencias experimentales<\/div><div style=\"background:#00b55f;\" class=\"cover-post\"><\/div><\/div><div class=\"content-item-custom-loop\" style=\"background:#00b55f;\"><a href=\"https:\/\/olimpiadasrm.fseneca.es\/?p=5995\" title=\"El Campus Universitario de Lorca acoger\u00e1 el pr\u00f3ximo s\u00e1bado la final de la XXXIII Olimpiada Matem\u00e1tica de la Regi\u00f3n de Murcia\"><h3 class=\"title-item-custom-loop\">El Campus Universitario de Lorca acoger\u00e1 el pr\u00f3ximo s\u00e1bado la final de la XXXIII Olimpiada Matem\u00e1tica de la Regi\u00f3n de Murcia<\/h3><div class=\"date-item-custom-notice\">04\/05\/2023<\/div><p class=\"excerpt-item-custom-loop\">El pr\u00f3ximo s\u00e1bado, 6 de mayo, tendr\u00e1 lugar la fase Regional de la XXXIII Olimpiada matem\u00e1tica de la Regi\u00f3n de Murcia, en la que partici<\/p><button style=\"border-color:#00b55f; background:#00b55f;\">M\u00e1s<\/button><\/a><\/div><\/div><div class=\"item-custom-loop\"><div class=\"thumb-item-custom-loop\" style=\"background-image: url(https:\/\/olimpiadasrm.fseneca.es\/wp-content\/uploads\/img_15169DSC_0023-28.jpg);\"><div class=\"category-post\">Ciencias sociales, jur\u00eddicas y humanidades<\/div><div style=\"background:#ffd02c;\" class=\"cover-post\"><\/div><\/div><div class=\"content-item-custom-loop\" style=\"background:#ffd02c;\"><a href=\"https:\/\/olimpiadasrm.fseneca.es\/?p=5997\" title=\"Casi 80 preuniversitarios de la Regi\u00f3n miden sus conocimientos en la Olimpiada de Ciencias de la Empresa\"><h3 class=\"title-item-custom-loop\">Casi 80 preuniversitarios de la Regi\u00f3n miden sus conocimientos en la Olimpiada de Ciencias de la Empresa<\/h3><div class=\"date-item-custom-notice\">21\/04\/2023<\/div><p class=\"excerpt-item-custom-loop\">La edici\u00f3n n\u00famero 19 de la Olimpiada de Ciencias de la Empresa ha congregado este viernes en la Universidad Polit\u00e9cnica de Cartagena (UPC<\/p><button style=\"border-color:#ffd02c; background:#ffd02c;\">M\u00e1s<\/button><\/a><\/div><\/div><div class=\"item-custom-loop\"><div class=\"thumb-item-custom-loop\" style=\"background-image: url();\"><div class=\"category-post\">Ciencias experimentales<\/div><div style=\"background:#00b55f;\" class=\"cover-post\"><\/div><\/div><div class=\"content-item-custom-loop\" style=\"background:#00b55f;\"><a href=\"https:\/\/olimpiadasrm.fseneca.es\/?p=5999\" title=\"La Universidad de Murcia entrega los premios a la Olimpiada de Geolog\u00eda de la Regi\u00f3n\"><h3 class=\"title-item-custom-loop\">La Universidad de Murcia entrega los premios a la Olimpiada de Geolog\u00eda de la Regi\u00f3n<\/h3><div class=\"date-item-custom-notice\">10\/03\/2023<\/div><p class=\"excerpt-item-custom-loop\">La jornada incluy\u00f3 una charla sobre la sierra de Quibas hace un mill\u00f3n de a\u00f1os, una sesi\u00f3n de pr\u00e1cticas y una visita al Museo de Suelos<\/p><button style=\"border-color:#00b55f; background:#00b55f;\">M\u00e1s<\/button><\/a><\/div><\/div><div class=\"item-custom-loop\"><div class=\"thumb-item-custom-loop\" style=\"background-image: url(https:\/\/olimpiadasrm.fseneca.es\/wp-content\/uploads\/202322414428_Participantes20XIV20Olimpiada20Geologia.jpg);\"><div class=\"category-post\">Ciencias experimentales<\/div><div style=\"background:#00b55f;\" class=\"cover-post\"><\/div><\/div><div class=\"content-item-custom-loop\" style=\"background:#00b55f;\"><a href=\"https:\/\/olimpiadasrm.fseneca.es\/?p=6000\" title=\"XVI Olimpiada de Geolog\u00eda de la Regi\u00f3n de Murcia\"><h3 class=\"title-item-custom-loop\">XVI Olimpiada de Geolog\u00eda de la Regi\u00f3n de Murcia<\/h3><div class=\"date-item-custom-notice\">23\/02\/2023<\/div><p class=\"excerpt-item-custom-loop\">Estudiantes de ESO y Bachillerato participan el viernes en Olimpiada de Geolog\u00eda de la Regi\u00f3n de Murcia<\/p><button style=\"border-color:#00b55f; background:#00b55f;\">M\u00e1s<\/button><\/a><\/div><\/div><div class=\"item-custom-loop\"><div class=\"thumb-item-custom-loop\" style=\"background-image: url(https:\/\/olimpiadasrm.fseneca.es\/wp-content\/uploads\/img_15014img_14936img_8773Olimpiadas_ETSIA_UPCT_2017.jpg);\"><div class=\"category-post\">Ingenier\u00edas y Arquitectura<\/div><div style=\"background:#d84459;\" class=\"cover-post\"><\/div><\/div><div class=\"content-item-custom-loop\" style=\"background:#d84459;\"><a href=\"https:\/\/olimpiadasrm.fseneca.es\/?p=6002\" title=\"150 estudiantes compiten este viernes en la XI Olimpiada Agroalimentaria\"><h3 class=\"title-item-custom-loop\">150 estudiantes compiten este viernes en la XI Olimpiada Agroalimentaria<\/h3><div class=\"date-item-custom-notice\">21\/02\/2023<\/div><p class=\"excerpt-item-custom-loop\"><\/p><button style=\"border-color:#d84459; background:#d84459;\">M\u00e1s<\/button><\/a><\/div><\/div><div class=\"item-custom-loop\"><div class=\"thumb-item-custom-loop\" style=\"background-image: url(https:\/\/olimpiadasrm.fseneca.es\/wp-content\/uploads\/23012023911031-1.jpg);\"><div class=\"category-post\">Ingenier\u00edas y Arquitectura<\/div><div style=\"background:#d84459;\" class=\"cover-post\"><\/div><\/div><div class=\"content-item-custom-loop\" style=\"background:#d84459;\"><a href=\"https:\/\/olimpiadasrm.fseneca.es\/?p=6004\" title=\"Inscripciones hasta el 2 de febrero para las olimpiadas regionales de Arquitectura y Agr\u00f3nomos\"><h3 class=\"title-item-custom-loop\">Inscripciones hasta el 2 de febrero para las olimpiadas regionales de Arquitectura y Agr\u00f3nomos<\/h3><div class=\"date-item-custom-notice\">23\/01\/2023<\/div><p class=\"excerpt-item-custom-loop\">La Escuela de Arquitectura y Edificaci\u00f3n y la Escuela de Agr\u00f3nomos de la Universidad Polit\u00e9cnica de Cartagena han abierto inscripciones p<\/p><button style=\"border-color:#d84459; background:#d84459;\">M\u00e1s<\/button><\/a><\/div><\/div><\/div><\/div>\n\t\t\t\t<\/div>\n\t\t\t\t<\/div>\n\t\t\t\t\t<\/div>\n\t\t<\/div>\n\t\t\t\t\t<\/div>\n\t\t<\/section>\n\t\t\t\t<\/div>\n\t\t","protected":false},"excerpt":{"rendered":"<p>Olimpiadas Ciencias experimentales Ciencias sociales, jur\u00eddicas y humanidades INGENIER\u00cdAS Y ARQUITECTURA Talento innovador Encuentra tu convocatoria Objetivos de las Olimpiadas Promocionar El inter\u00e9s por el conocimiento cient\u00edfico con competiciones regionales y nacionales. DESTACAR La importancia de las diversas ciencias y su contribuci\u00f3n al progreso y la divulgaci\u00f3n. DETECTAR Talentos precoces poniendo en juego sus habilidades, [&hellip;]<\/p>\n","protected":false},"author":1,"featured_media":0,"parent":0,"menu_order":0,"comment_status":"closed","ping_status":"closed","template":"","meta":{"_acf_changed":false,"footnotes":""},"acf":[],"aioseo_notices":[],"_links":{"self":[{"href":"https:\/\/olimpiadasrm.fseneca.es\/index.php?rest_route=\/wp\/v2\/pages\/7"}],"collection":[{"href":"https:\/\/olimpiadasrm.fseneca.es\/index.php?rest_route=\/wp\/v2\/pages"}],"about":[{"href":"https:\/\/olimpiadasrm.fseneca.es\/index.php?rest_route=\/wp\/v2\/types\/page"}],"author":[{"embeddable":true,"href":"https:\/\/olimpiadasrm.fseneca.es\/index.php?rest_route=\/wp\/v2\/users\/1"}],"replies":[{"embeddable":true,"href":"https:\/\/olimpiadasrm.fseneca.es\/index.php?rest_route=%2Fwp%2Fv2%2Fcomments&post=7"}],"version-history":[{"count":262,"href":"https:\/\/olimpiadasrm.fseneca.es\/index.php?rest_route=\/wp\/v2\/pages\/7\/revisions"}],"predecessor-version":[{"id":4456,"href":"https:\/\/olimpiadasrm.fseneca.es\/index.php?rest_route=\/wp\/v2\/pages\/7\/revisions\/4456"}],"wp:attachment":[{"href":"https:\/\/olimpiadasrm.fseneca.es\/index.php?rest_route=%2Fwp%2Fv2%2Fmedia&parent=7"}],"curies":[{"name":"wp","href":"https:\/\/api.w.org\/{rel}","templated":true}]}}